{"id":909,"date":"2021-04-13T13:23:09","date_gmt":"2021-04-13T13:23:09","guid":{"rendered":"https:\/\/www.rmff.org\/?page_id=909"},"modified":"2025-12-03T14:31:35","modified_gmt":"2025-12-03T19:31:35","slug":"staff","status":"publish","type":"page","link":"https:\/\/old.rmff.wrhosting.net\/pl\/who-we-are\/staff\/","title":{"rendered":"Personel"},"content":{"rendered":"<div style=\"height:45px\" aria-hidden=\"true\" class=\"wp-block-spacer\"><\/div>\n\n\n<section id=\"header-with-colored-subtitle-block_5ff49e151e3243f69ffcca77fc3aedc2\" class=\"block header-with-colored-subtitle-wrapper\">\n  <div class=\"container\">\n    <div class=\"row\">\n      <div class=\"col-12\">\n        <div class=\"heading-wrapper\">\n          <h1>PERSONEL FUNDACJI<\/h1>\n        <\/div>\n                <div class=\"subtitle-wrapper\">\n          <p>Wi\u0119cej informacji na temat pracownik\u00f3w Fundacji mo\u017cna znale\u017a\u0107 poni\u017cej.<\/p>\n        <\/div>\n              <\/div>\n    <\/div>\n  <\/div>\n<\/section>\n\n<section id=\"rmff-accordion-block_c9282ace7b1f248818c3e2eb51abd090\" class=\"block rmff-accordion-wrapper\">\n  <div class=\"container\">\n    <div class=\"row\">\n      <div class=\"col-12\">\n        <div class=\"accordion\" id=\"accordion-rmff-accordion-block_c9282ace7b1f248818c3e2eb51abd090\">\n                                        <div class=\"single-accordion\">\n            <div class=\"accordion-heading\" id=\"heading-1\">\n              <button class=\"accordion-track collapsed\" type=\"button\" data-toggle=\"collapse\"\n                data-target=\"#collapse-1\" aria-expanded=\"false\"\n                aria-controls=\"collapse-1\">\n                <div class=\"heading-wrapper\">\n                                    <h3 class=\"accordion-track\">ALEXIS BROWN<\/h3>\n                                                      <h4>Finance &#038; Human Resources Manager<\/h4>\n                                  <\/div>\n                <div class=\"accordion-icon-wrapper\">\n                  <div class=\"accordion-icon\"><\/div>\n                  <div class=\"accordion-icon\"><\/div>\n                <\/div>\n              <\/button>\n            <\/div>\n            <div class=\"accordion-content-wrapper collapse\" id=\"collapse-1\" aria-labelledby=\"heading-1\"\n              data-parent=\"#accordion-rmff-accordion-block_c9282ace7b1f248818c3e2eb51abd090\">\n              <div class=\"accordion-content\">\n                <p class=\"x_x_elementToProof\" data-ogsc=\"rgb(0, 0, 0)\">Alexis Brown joined the Richard M. Fairbanks Foundation in 2025 as <span data-olk-copy-source=\"MessageBody\">Finance &amp; Human Resources Manager<\/span>. In her role, she supports the Chief Financial Officer in financial management and human resource administration. Prior to joining the Foundation, Brown was a project manager for the Ren\u00e9e Crown Wellness Institute at the University of Colorado in Boulder, where she supported their research in local school districts. An Indianapolis native, Brown holds a Bachelor of Science in accounting from the University of Evansville and a Master of Arts in social psychology from Ball State University.<\/p>\n              <\/div>\n            <\/div>\n          <\/div>\n                              <div class=\"single-accordion\">\n            <div class=\"accordion-heading\" id=\"heading-2\">\n              <button class=\"accordion-track collapsed\" type=\"button\" data-toggle=\"collapse\"\n                data-target=\"#collapse-2\" aria-expanded=\"false\"\n                aria-controls=\"collapse-2\">\n                <div class=\"heading-wrapper\">\n                                    <h3 class=\"accordion-track\">HALE CRUMLEY<\/h3>\n                                                      <h4>Oficer programowy<\/h4>\n                                  <\/div>\n                <div class=\"accordion-icon-wrapper\">\n                  <div class=\"accordion-icon\"><\/div>\n                  <div class=\"accordion-icon\"><\/div>\n                <\/div>\n              <\/button>\n            <\/div>\n            <div class=\"accordion-content-wrapper collapse\" id=\"collapse-2\" aria-labelledby=\"heading-2\"\n              data-parent=\"#accordion-rmff-accordion-block_c9282ace7b1f248818c3e2eb51abd090\">\n              <div class=\"accordion-content\">\n                <p class=\"x_x_elementToProof\" data-ogsc=\"rgb(0, 0, 0)\" data-olk-copy-source=\"MessageBody\">Hale Crumley joined the Richard M. Fairbanks Foundation in 2025 as a Program Officer. In this role, she manages grantee relationships and guides nonprofit organizations through the entire application process, from concept development through presentation of proposals and evaluation of results. Prior to joining the Foundation, Crumley worked as the Policy Manager for Prosperity Indiana.<\/p>\n<p class=\"x_x_elementToProof\" data-ogsc=\"rgb(0, 0, 0)\">Crumley is a proud first-generation college graduate. She holds a Master of Public Affairs in community &amp; economic development and a Bachelor of Public Affairs in nonprofit management &amp; leadership from Indiana University. She also holds a certificate in public policy &amp; budget models from the University of Pennsylvania and a certificate in storytelling for social change from the University of Michigan.<\/p>\n              <\/div>\n            <\/div>\n          <\/div>\n                              <div class=\"single-accordion\">\n            <div class=\"accordion-heading\" id=\"heading-3\">\n              <button class=\"accordion-track collapsed\" type=\"button\" data-toggle=\"collapse\"\n                data-target=\"#collapse-3\" aria-expanded=\"false\"\n                aria-controls=\"collapse-3\">\n                <div class=\"heading-wrapper\">\n                                    <h3 class=\"accordion-track\">Shannon Elward<\/h3>\n                                                      <h4>zarz\u0105dca komunikacji<\/h4>\n                                  <\/div>\n                <div class=\"accordion-icon-wrapper\">\n                  <div class=\"accordion-icon\"><\/div>\n                  <div class=\"accordion-icon\"><\/div>\n                <\/div>\n              <\/button>\n            <\/div>\n            <div class=\"accordion-content-wrapper collapse\" id=\"collapse-3\" aria-labelledby=\"heading-3\"\n              data-parent=\"#accordion-rmff-accordion-block_c9282ace7b1f248818c3e2eb51abd090\">\n              <div class=\"accordion-content\">\n                <p>Shannon Elward do\u0142\u0105czy\u0142a do Fundacji Fairbanks w 2023 roku jako mened\u017cer ds. komunikacji. Na tym stanowisku \u015bci\u015ble wsp\u00f3\u0142pracuje z dyrektorem ds. komunikacji przy opracowywaniu, udoskonalaniu i wdra\u017caniu strategii i taktyk wspieraj\u0105cych cele komunikacyjne Fundacji. Przed do\u0142\u0105czeniem do Fundacji Elward by\u0142a starszym autorem tre\u015bci w DemandJump, start-upie w Indianapolis, gdzie opracowywa\u0142a tre\u015bci marketingowe dla klient\u00f3w z bran\u017cy technologii, edukacji i opieki zdrowotnej. Wcze\u015bniej zajmowa\u0142a kilka stanowisk w Komisji ds. Szkolnictwa Wy\u017cszego stanu Indiana, w tym dyrektora Dowiedz si\u0119 wi\u0119cej w stanie Indiana, zast\u0119pcy dyrektora ds. komunikacji i cz\u0142onka VISTA AmeriCorps. Elward, by\u0142y adiunkt instruktora, posiada tytu\u0142 licencjata z j\u0119zyka angielskiego i socjologii oraz tytu\u0142 magistra z retoryki i kompozycji uzyskany na Uniwersytecie Indiana w Fort Wayne.<\/p>\n              <\/div>\n            <\/div>\n          <\/div>\n                              <div class=\"single-accordion\">\n            <div class=\"accordion-heading\" id=\"heading-4\">\n              <button class=\"accordion-track collapsed\" type=\"button\" data-toggle=\"collapse\"\n                data-target=\"#collapse-4\" aria-expanded=\"false\"\n                aria-controls=\"collapse-4\">\n                <div class=\"heading-wrapper\">\n                                    <h3 class=\"accordion-track\">ANDRZEJ FARMER<\/h3>\n                                                      <h4>Dyrektor ds. komunikacji<\/h4>\n                                  <\/div>\n                <div class=\"accordion-icon-wrapper\">\n                  <div class=\"accordion-icon\"><\/div>\n                  <div class=\"accordion-icon\"><\/div>\n                <\/div>\n              <\/button>\n            <\/div>\n            <div class=\"accordion-content-wrapper collapse\" id=\"collapse-4\" aria-labelledby=\"heading-4\"\n              data-parent=\"#accordion-rmff-accordion-block_c9282ace7b1f248818c3e2eb51abd090\">\n              <div class=\"accordion-content\">\n                <p>Andrea Farmer do\u0142\u0105czy\u0142a do Fundacji Richarda M. Fairbanksa jako dyrektor ds. komunikacji w 2022 r. Na tym stanowisku \u015bci\u015ble wsp\u00f3\u0142pracuje z prezesem i dyrektorem generalnym Fundacji oraz zespo\u0142em programowym w celu opracowania i wdro\u017cenia strategii komunikacyjnych, kt\u00f3re wyra\u017caj\u0105 misj\u0119 i prac\u0119 Fundacji wobec interesariuszy i innych os\u00f3b. odbiorc\u00f3w zewn\u0119trznych.<\/p>\n<p>Przed do\u0142\u0105czeniem do Fundacji pe\u0142ni\u0142a wcze\u015bniej funkcj\u0119 dyrektora ds. zaanga\u017cowania zewn\u0119trznego i spraw rz\u0105dowych w Indiana Donor Network, gdzie nadzorowa\u0142a wiele funkcji, w tym komunikacj\u0119 marketingow\u0105, dzia\u0142ania spo\u0142eczne, sprawy rz\u0105dowe i prawne. Inne poprzednie stanowiska obejmowa\u0142y starszego wiceprezesa ds. komunikacji strategicznej i obs\u0142ugi klient\u00f3w w agencji komunikacji marketingowej Hirons w Indianapolis oraz zast\u0119pc\u0119 dyrektora ds. inicjatyw strategicznych w NCAA. Przez ca\u0142\u0105 swoj\u0105 karier\u0119 Farmer by\u0142a zwi\u0105zana z kilkoma organizacjami non-profit i stowarzyszeniami bran\u017cowymi, w tym jako prezes oddzia\u0142u Hoosier w Ameryka\u0144skim Towarzystwie Public Relations. Farmer posiada akredytacj\u0119 w dziedzinie public relations od Powszechnej Rady Akredytacyjnej Ameryka\u0144skiego Towarzystwa Public Relations oraz tytu\u0142 licencjata w dziedzinie public relations na Ball State University z wyr\u00f3\u017cnieniem Magna Cum Laude.<\/p>\n              <\/div>\n            <\/div>\n          <\/div>\n                              <div class=\"single-accordion\">\n            <div class=\"accordion-heading\" id=\"heading-5\">\n              <button class=\"accordion-track collapsed\" type=\"button\" data-toggle=\"collapse\"\n                data-target=\"#collapse-5\" aria-expanded=\"false\"\n                aria-controls=\"collapse-5\">\n                <div class=\"heading-wrapper\">\n                                    <h3 class=\"accordion-track\">CLAIRE FIDDIAN-GREEN<\/h3>\n                                                      <h4>Prezydent i CEO<\/h4>\n                                  <\/div>\n                <div class=\"accordion-icon-wrapper\">\n                  <div class=\"accordion-icon\"><\/div>\n                  <div class=\"accordion-icon\"><\/div>\n                <\/div>\n              <\/button>\n            <\/div>\n            <div class=\"accordion-content-wrapper collapse\" id=\"collapse-5\" aria-labelledby=\"heading-5\"\n              data-parent=\"#accordion-rmff-accordion-block_c9282ace7b1f248818c3e2eb51abd090\">\n              <div class=\"accordion-content\">\n                <p><span data-contrast=\"auto\">Claire J. Fiddian-Green do\u0142\u0105czy\u0142a do Fundacji Richarda M. Fairbanksa jako prezes i dyrektor generalny w 2015 roku. Na tym stanowisku wsp\u00f3\u0142pracuje z Rad\u0105 Dyrektor\u00f3w przy definiowaniu cel\u00f3w Fundacji i strategii finansowania oraz nadzoruje realizacj\u0119 misji i dzia\u0142a\u0144 Fundacji .\u00a0<\/span><span data-ccp-props=\"{&quot;134233279&quot;:true}\">\u00a0<\/span><\/p>\n<p><span data-contrast=\"auto\">Wcze\u015bniej Fiddian-Green by\u0142a specjalnym asystentem ds. innowacji w edukacji gubernatora stanu Indiana Mike\u2019a Pence\u2019a i wsp\u00f3\u0142za\u0142o\u017cycielem Centrum innowacji w edukacji i karierze. Fiddian-Green by\u0142 tak\u017ce za\u0142o\u017cycielem i dyrektorem wykonawczym Indiana Charter School Board, agencji zatwierdzaj\u0105cej szko\u0142y spo\u0142eczne w ca\u0142ym stanie. Wcze\u015bniejsze stanowiska obejmowa\u0142y prezesa The Mind Trust, specjalist\u0119 ds. dotacji w Fundacji Richarda M. Fairbanksa oraz starszego analityka w grupie Corporate Finance Investment Banking firmy Eli Lilly &amp; Company.\u00a0<\/span><span data-ccp-props=\"{&quot;134233279&quot;:true}\">\u00a0<\/span><\/p>\n<p><span data-contrast=\"auto\">Fiddian-Green posiada tytu\u0142 licencjata na Uniwersytecie Brown i tytu\u0142 MBA na Uniwersytecie Columbia. W 2024 roku uzyska\u0142a tytu\u0142 doktora honoris causa pedagogiki Uniwersytetu Mariana. Jest cz\u0142onkiem klasy XXXIV serii Stanley K. Lacy Executive Leadership Series i dwukrotnie zosta\u0142a wyr\u00f3\u017cniona <\/span><span data-contrast=\"auto\">Coroczne wydanie IBJ Media <\/span><i><span data-contrast=\"auto\">Indiana 250<\/span><\/i><span data-contrast=\"auto\">, list\u0119 \u201enajbardziej wp\u0142ywowych i wp\u0142ywowych przyw\u00f3dc\u00f3w stanu\u201d.<\/span><span data-contrast=\"auto\"> W 2022 r. <\/span><span data-contrast=\"auto\">ona <\/span><span data-contrast=\"auto\">zosta\u0142 doceniony w\u015br\u00f3d IBJ <\/span><i><span data-contrast=\"auto\">2022 Kobiety wp\u0142ywowe<\/span><\/i><span data-contrast=\"auto\">, i ona tak\u017ce <\/span><span data-contrast=\"auto\">otrzyma\u0142 nagrod\u0119 Circle of Hope od Community Fairbanks Recovery Centre za wybitny wk\u0142ad w dziedzin\u0119 uzale\u017cnie\u0144.<\/span><span data-ccp-props=\"{&quot;134233279&quot;:true}\">\u00a0<\/span><\/p>\n<p><span data-contrast=\"auto\">Fiddian-Gree zasiada w zarz\u0105dzie i komitecie wykonawczym Izby Indy, gdzie przewodniczy tak\u017ce Radzie ds. Polityki Zdrowotnej. Zasiada w zarz\u0105dach Central Indiana Corporate Partnership, Regenstrief Institute i CareerWise USA. W sezonie 2017\u20132018 pe\u0142ni\u0142a funkcj\u0119 prezesa Klubu Ekonomicznego stanu Indiana, a obecnie jest cz\u0142onkiem Zarz\u0105du i Komitetu Wykonawczego. Pe\u0142ni\u0142a tak\u017ce funkcj\u0119 wsp\u00f3\u0142przewodnicz\u0105cej komisji ds. wp\u0142ywu Legacy na mecz Indy College Football Playoff, Inc. w 2022 r. oraz by\u0142a cz\u0142onkiem zarz\u0105du i komitetu wykonawczego w latach 2018\u20132022. W latach 2017\u20132024 Fiddian-Green zasiada\u0142a w zarz\u0105dzie Fundacji Przyw\u00f3dztwa Mitcha Danielsa, w tym jako przewodnicz\u0105ca od 2021 do 2023 r. W listopadzie 2020 r. zosta\u0142a wsp\u00f3\u0142przewodnicz\u0105c\u0105 grupy zadaniowej ds. mo\u017cliwo\u015bci uczenia si\u0119 i talent\u00f3w w komisji Business Equity for Indy Committee, b\u0119d\u0105cej wsp\u00f3ln\u0105 inicjatyw\u0105 Central Indiana Corporate Partnership i Indy Chamber we wsp\u00f3\u0142pracy z Indianapolis Urban League skupi\u0142a si\u0119 na rozwi\u0105zaniu problemu nier\u00f3wno\u015bci rasowych w \u015brodkowej Indianie. Zasiada tak\u017ce w komitecie zarz\u0105dzaj\u0105cym Business Equity for Indy. W 2023 r. <\/span><span data-contrast=\"auto\">ona sta\u0142a si\u0119<\/span><span data-contrast=\"auto\"> wsp\u00f3\u0142przewodnicz\u0105cy CEMETS iLab Indiana, koalicji lider\u00f3w pragn\u0105cych zwi\u0119kszy\u0107 skal\u0119 nowoczesnych praktyk zawodowych dla m\u0142odych ludzi i zapewni\u0107 wszystkim Hoosierom dost\u0119p do wysokiej jako\u015bci mo\u017cliwo\u015bci kszta\u0142cenia i szkolenia.<\/span><span data-ccp-props=\"{&quot;134233279&quot;:true,&quot;335559739&quot;:0}\">\u00a0<\/span><\/p>\n              <\/div>\n            <\/div>\n          <\/div>\n                              <div class=\"single-accordion\">\n            <div class=\"accordion-heading\" id=\"heading-6\">\n              <button class=\"accordion-track collapsed\" type=\"button\" data-toggle=\"collapse\"\n                data-target=\"#collapse-6\" aria-expanded=\"false\"\n                aria-controls=\"collapse-6\">\n                <div class=\"heading-wrapper\">\n                                    <h3 class=\"accordion-track\">RICO FRANCIS<\/h3>\n                                                      <h4>Oficer programowy<\/h4>\n                                  <\/div>\n                <div class=\"accordion-icon-wrapper\">\n                  <div class=\"accordion-icon\"><\/div>\n                  <div class=\"accordion-icon\"><\/div>\n                <\/div>\n              <\/button>\n            <\/div>\n            <div class=\"accordion-content-wrapper collapse\" id=\"collapse-6\" aria-labelledby=\"heading-6\"\n              data-parent=\"#accordion-rmff-accordion-block_c9282ace7b1f248818c3e2eb51abd090\">\n              <div class=\"accordion-content\">\n                <p data-ogsc=\"rgb(0, 0, 0)\" data-olk-copy-source=\"MessageBody\">Rico Francis joined the Richard M. Fairbanks Foundation in 2025 as a Program Officer. In his role, he manages grantee relationships and guides nonprofit organizations through the entire application process, from concept development through presentation of proposals and evaluation of results. Prior to joining the Foundation, Francis worked at Pacers Sports &amp; Entertainment as the first Pacers Foundation Social Impact Director. Previously, he held consulting roles with TNTP.<\/p>\n<p data-ogsc=\"rgb(0, 0, 0)\">Francis is the recipient of several notable honors and awards, including the Indiana Latino Institute\u2019s 2024 Rising Latino Stars in Their 20s award, 2024 Indianapolis Public Schools Community Partner in Action award, and the Community Alliance of the Far Eastside\u2019s Way Maker award. Francis holds a Bachelor of Arts in communication studies from Christopher Newport University. <span data-olk-copy-source=\"MessageBody\">He completed the Mutz Philanthropic Leadership Institute in 2025.\u00a0<\/span><\/p>\n              <\/div>\n            <\/div>\n          <\/div>\n                              <div class=\"single-accordion\">\n            <div class=\"accordion-heading\" id=\"heading-7\">\n              <button class=\"accordion-track collapsed\" type=\"button\" data-toggle=\"collapse\"\n                data-target=\"#collapse-7\" aria-expanded=\"false\"\n                aria-controls=\"collapse-7\">\n                <div class=\"heading-wrapper\">\n                                    <h3 class=\"accordion-track\">TRACI JOHNSON<\/h3>\n                                                      <h4>Administrator programu<\/h4>\n                                  <\/div>\n                <div class=\"accordion-icon-wrapper\">\n                  <div class=\"accordion-icon\"><\/div>\n                  <div class=\"accordion-icon\"><\/div>\n                <\/div>\n              <\/button>\n            <\/div>\n            <div class=\"accordion-content-wrapper collapse\" id=\"collapse-7\" aria-labelledby=\"heading-7\"\n              data-parent=\"#accordion-rmff-accordion-block_c9282ace7b1f248818c3e2eb51abd090\">\n              <div class=\"accordion-content\">\n                <p>Traci Johnson do\u0142\u0105czy\u0142a do Fundacji Richarda M. Fairbanksa jako Administrator Programu w 2022 roku. Na tym stanowisku nadzoruje procesy i procedury przyznawania grant\u00f3w dla Fundacji. Przed do\u0142\u0105czeniem do Fundacji Johnson pracowa\u0142 w Departamencie Zdrowia stanu Indiana w oddziale ds. HIV, chor\u00f3b przenoszonych drog\u0105 p\u0142ciow\u0105 i wirusowego zapalenia w\u0105troby. Johnson posiada tytu\u0142 magistra s\u0142u\u017cby publicznej w Clinton School of Public Service oraz tytu\u0142 licencjata w dziedzinie nauk francuskich, studi\u00f3w mi\u0119dzynarodowych i nauk politycznych uzyskany na Uniwersytecie Po\u0142udniowej Indiany.<\/p>\n              <\/div>\n            <\/div>\n          <\/div>\n                              <div class=\"single-accordion\">\n            <div class=\"accordion-heading\" id=\"heading-8\">\n              <button class=\"accordion-track collapsed\" type=\"button\" data-toggle=\"collapse\"\n                data-target=\"#collapse-8\" aria-expanded=\"false\"\n                aria-controls=\"collapse-8\">\n                <div class=\"heading-wrapper\">\n                                    <h3 class=\"accordion-track\">KEVINA KESSINGERA<\/h3>\n                                                      <h4>Dyrektor finansowy<\/h4>\n                                  <\/div>\n                <div class=\"accordion-icon-wrapper\">\n                  <div class=\"accordion-icon\"><\/div>\n                  <div class=\"accordion-icon\"><\/div>\n                <\/div>\n              <\/button>\n            <\/div>\n            <div class=\"accordion-content-wrapper collapse\" id=\"collapse-8\" aria-labelledby=\"heading-8\"\n              data-parent=\"#accordion-rmff-accordion-block_c9282ace7b1f248818c3e2eb51abd090\">\n              <div class=\"accordion-content\">\n                <p>Kevin Kessinger do\u0142\u0105czy\u0142 do Fundacji Richarda M. Fairbanksa w 2016 roku jako skarbnik i dyrektor finansowy. Na tym stanowisku ponosi g\u0142\u00f3wn\u0105 odpowiedzialno\u015b\u0107 za ca\u0142\u0105 dzia\u0142alno\u015b\u0107 finansow\u0105, inwestycyjn\u0105 i operacyjn\u0105 Fundacji, w tym za zasoby ludzkie i technologie informacyjne. Ostatnio Kessinger pe\u0142ni\u0142 funkcj\u0119 zast\u0119pcy wiceprezesa ds. finans\u00f3w i administracji na Uniwersytecie DePauw, gdzie nadzorowa\u0142 funkcje finansowe i ksi\u0119gowe, w tym zobowi\u0105zania, rachunki studenckie, ksi\u0119gowo\u015b\u0107, bud\u017cet, ksi\u0119gowo\u015b\u0107 dotacji oraz zarz\u0105dzanie ubezpieczeniami i ryzykiem. Kessinger uzyska\u0142 tytu\u0142 licencjata w dziedzinie rachunkowo\u015bci na Uniwersytecie Indiana w Bloomington oraz tytu\u0142 Master of Business Administration z wyr\u00f3\u017cnieniem, ze specjalizacj\u0105 w finansach przedsi\u0119biorstw, na Uniwersytecie Notre Dame. Wcze\u015bniej Kessinger pe\u0142ni\u0142 funkcj\u0119 kontrolera w Rose-Hulman Institute of Technology.<\/p>\n              <\/div>\n            <\/div>\n          <\/div>\n                              <div class=\"single-accordion\">\n            <div class=\"accordion-heading\" id=\"heading-9\">\n              <button class=\"accordion-track collapsed\" type=\"button\" data-toggle=\"collapse\"\n                data-target=\"#collapse-9\" aria-expanded=\"false\"\n                aria-controls=\"collapse-9\">\n                <div class=\"heading-wrapper\">\n                                    <h3 class=\"accordion-track\">KAMI NIELSEN<\/h3>\n                                                      <h4>Senior Director of Programs<\/h4>\n                                  <\/div>\n                <div class=\"accordion-icon-wrapper\">\n                  <div class=\"accordion-icon\"><\/div>\n                  <div class=\"accordion-icon\"><\/div>\n                <\/div>\n              <\/button>\n            <\/div>\n            <div class=\"accordion-content-wrapper collapse\" id=\"collapse-9\" aria-labelledby=\"heading-9\"\n              data-parent=\"#accordion-rmff-accordion-block_c9282ace7b1f248818c3e2eb51abd090\">\n              <div class=\"accordion-content\">\n                <p>Kami Nielsen joined the Richard M. Fairbanks Foundation in 2019. In her role, she develops and leads strategic grantmaking activities and initiatives, manages grantee and stakeholder relationships, and supports organizations through the proposal process. Prior to joining the Foundation, Nielsen worked in Washington, DC at The Education Trust and the Center for American Progress. Nielsen holds a Bachelor of Science and a Master of Public Affairs from Indiana University\u2019s O&#8217;Neill School of Public and Environmental Affairs &#8211; Bloomington. Nielsen completed the Mutz Philanthropic Leadership Institute in 2022 and is a member of Class XLVIII of the Stanley K. Lacy Executive Leadership Series.<\/p>\n              <\/div>\n            <\/div>\n          <\/div>\n                              <div class=\"single-accordion\">\n            <div class=\"accordion-heading\" id=\"heading-10\">\n              <button class=\"accordion-track collapsed\" type=\"button\" data-toggle=\"collapse\"\n                data-target=\"#collapse-10\" aria-expanded=\"false\"\n                aria-controls=\"collapse-10\">\n                <div class=\"heading-wrapper\">\n                                    <h3 class=\"accordion-track\">ELLEN QUIGLEY<\/h3>\n                                                      <h4>Wiceprezes i dyrektor ds. grant\u00f3w<\/h4>\n                                  <\/div>\n                <div class=\"accordion-icon-wrapper\">\n                  <div class=\"accordion-icon\"><\/div>\n                  <div class=\"accordion-icon\"><\/div>\n                <\/div>\n              <\/button>\n            <\/div>\n            <div class=\"accordion-content-wrapper collapse\" id=\"collapse-10\" aria-labelledby=\"heading-10\"\n              data-parent=\"#accordion-rmff-accordion-block_c9282ace7b1f248818c3e2eb51abd090\">\n              <div class=\"accordion-content\">\n                <p>Jako wiceprezes i dyrektor ds. przyznawania grant\u00f3w Ellen Quigley \u015bci\u015ble wsp\u00f3\u0142pracuje z prezesem i dyrektorem generalnym Fundacji w celu opracowania i udoskonalenia strategii Fundacji w jej obszarach zainteresowa\u0144. Nadzoruje tak\u017ce wdra\u017canie tych strategii poprzez dzia\u0142ania Fundacji w zakresie przyznawania grant\u00f3w, uczenia si\u0119 i ewaluacji.<\/p>\n<p>Prior to joining the Foundation in 2010, Quigley was Chief of Staff for the Office of Congressman Andre Carson and Deputy Mayor for Community Affairs with the City of Indianapolis under Mayor Bart Peterson. In these roles, Quigley was heavily involved in policy development and community engagement in the areas of health and education. Other experience includes leadership of the Greater Indianapolis Progress Committee, a non-profit organization dedicated to convening business and community leaders to conduct best practice research and make recommendations to the Mayor to help solve Indianapolis\u2019 most pressing issues. Before entering public service, Quigley practiced law for several years at two law firms and was law clerk for a federal district judge in Indiana.\u00a0 Throughout her career, Quigley has also been an active member of the Indianapolis non-profit community, serving as board member for a variety of non-profit organizations and on the Health and Hospital Corporation Board of Trustees. She currently serves on the Indiana Nonprofits Project Advisory Board and several philanthropy-related initiatives. Ellen holds a Juris Doctor degree, Summa Cum Laude, from the Indiana University Robert H. McKinney School of Law.<\/p>\n              <\/div>\n            <\/div>\n          <\/div>\n                              <div class=\"single-accordion\">\n            <div class=\"accordion-heading\" id=\"heading-11\">\n              <button class=\"accordion-track collapsed\" type=\"button\" data-toggle=\"collapse\"\n                data-target=\"#collapse-11\" aria-expanded=\"false\"\n                aria-controls=\"collapse-11\">\n                <div class=\"heading-wrapper\">\n                                    <h3 class=\"accordion-track\">SARA SULLIVAN<\/h3>\n                                                      <h4>Oficer programowy<\/h4>\n                                  <\/div>\n                <div class=\"accordion-icon-wrapper\">\n                  <div class=\"accordion-icon\"><\/div>\n                  <div class=\"accordion-icon\"><\/div>\n                <\/div>\n              <\/button>\n            <\/div>\n            <div class=\"accordion-content-wrapper collapse\" id=\"collapse-11\" aria-labelledby=\"heading-11\"\n              data-parent=\"#accordion-rmff-accordion-block_c9282ace7b1f248818c3e2eb51abd090\">\n              <div class=\"accordion-content\">\n                <p>Sarah Sullivan do\u0142\u0105czy\u0142a do Fundacji Richarda M. Fairbanksa jako specjalistka programowa w 2015 r., po pe\u0142nieniu funkcji zast\u0119pcy dyrektora ds. aplikacji w Indiana Charter School Board, agencji zatwierdzaj\u0105cej szko\u0142y spo\u0142eczne w ca\u0142ym stanie. W Fundacji zarz\u0105dza relacjami z beneficjentami i prowadzi organizacje non-profit przez ca\u0142y proces sk\u0142adania wniosk\u00f3w, od opracowania koncepcji, poprzez prezentacj\u0119 wniosk\u00f3w i ocen\u0119 wynik\u00f3w. Sullivan jest cz\u0142onkiem klasy XLII serii Stanley K. Lacy Executive Leadership Series i posiada tytu\u0142 licencjata na Uniwersytecie DePauw.<\/p>\n              <\/div>\n            <\/div>\n          <\/div>\n                              <div class=\"single-accordion\">\n            <div class=\"accordion-heading\" id=\"heading-12\">\n              <button class=\"accordion-track collapsed\" type=\"button\" data-toggle=\"collapse\"\n                data-target=\"#collapse-12\" aria-expanded=\"false\"\n                aria-controls=\"collapse-12\">\n                <div class=\"heading-wrapper\">\n                                    <h3 class=\"accordion-track\">EMILYN WHITESELL<\/h3>\n                                                      <h4>Starszy dyrektor ds. uczenia si\u0119 i oceny<\/h4>\n                                  <\/div>\n                <div class=\"accordion-icon-wrapper\">\n                  <div class=\"accordion-icon\"><\/div>\n                  <div class=\"accordion-icon\"><\/div>\n                <\/div>\n              <\/button>\n            <\/div>\n            <div class=\"accordion-content-wrapper collapse\" id=\"collapse-12\" aria-labelledby=\"heading-12\"\n              data-parent=\"#accordion-rmff-accordion-block_c9282ace7b1f248818c3e2eb51abd090\">\n              <div class=\"accordion-content\">\n                <div class=\"x_elementToProof\" data-ogsc=\"rgb(33, 37, 41)\"><span data-ogsc=\"\" data-ogsb=\"rgb(255, 255, 255)\" data-olk-copy-source=\"MessageBody\">Emilyn Whitesell joined the Richard M. Fairbanks Foundation in 2019. In her role, she collaborates with Foundation staff, grantees, and other stakeholders to ground the Foundation\u2019s work in high-quality research and data. Whitesell came to the Foundation from Mathematica, where she conducted research projects for federal, nonprofit, and foundation clients, focusing primarily on education policy and program evaluation. A former Indianapolis Public Schools teacher and Teach For America corps member, Whitesell holds a Bachelor of Science in business from Indiana University, a Master of Arts in teaching from Marian University,\u00a0and a Doctor of Philosophy in public administration from New York University.\u00a0She completed the Tobias Fellowship through Indiana University in 2024 and was recognized in\u00a0the Indianapolis Business Journal\u2019s Forty Under 40 class of 2024.<\/span><\/div>\n              <\/div>\n            <\/div>\n          <\/div>\n                              <div class=\"single-accordion\">\n            <div class=\"accordion-heading\" id=\"heading-13\">\n              <button class=\"accordion-track collapsed\" type=\"button\" data-toggle=\"collapse\"\n                data-target=\"#collapse-13\" aria-expanded=\"false\"\n                aria-controls=\"collapse-13\">\n                <div class=\"heading-wrapper\">\n                                    <h3 class=\"accordion-track\">MADELINE DZIKA<\/h3>\n                                                      <h4>Mened\u017cer analityki<\/h4>\n                                  <\/div>\n                <div class=\"accordion-icon-wrapper\">\n                  <div class=\"accordion-icon\"><\/div>\n                  <div class=\"accordion-icon\"><\/div>\n                <\/div>\n              <\/button>\n            <\/div>\n            <div class=\"accordion-content-wrapper collapse\" id=\"collapse-13\" aria-labelledby=\"heading-13\"\n              data-parent=\"#accordion-rmff-accordion-block_c9282ace7b1f248818c3e2eb51abd090\">\n              <div class=\"accordion-content\">\n                <p>Madeline Wild do\u0142\u0105czy\u0142a do Fundacji Fairbanks w 2023 roku jako mened\u017cer ds. analityki. Na tym stanowisku wsp\u00f3\u0142pracuje ze Starszym Dyrektorem ds. Nauczania i Ewaluacji oraz pozosta\u0142ymi pracownikami Programu w obszarach zarz\u0105dzania danymi, analizy, wizualizacji i bada\u0144. Przed do\u0142\u0105czeniem do Fundacji Wild by\u0142a mened\u017cerem danych w RISE INDY, gdzie budowa\u0142a narz\u0119dzia, systemy i dashboardy dotycz\u0105ce danych. Wcze\u015bniej pracowa\u0142a jako nauczycielka w szko\u0142ach podstawowych, gimnazjalnych i \u015brednich, ucz\u0105c r\u00f3\u017cnych przedmiot\u00f3w, w tym chemii, nauk spo\u0142ecznych i sztuki j\u0119zyka angielskiego. Wild pracuje obecnie w zespole administrator\u00f3w grupy u\u017cytkownik\u00f3w Tableau Newbies, gdzie pomaga przy wydarzeniach i szkoleniach dla os\u00f3b, kt\u00f3re dopiero zaczynaj\u0105 korzysta\u0107 z oprogramowania Tableau i spo\u0142eczno\u015bci danych. Uko\u0144czy\u0142a studia z wyr\u00f3\u017cnieniem na Uniwersytecie Indiana, gdzie uzyska\u0142a z wyr\u00f3\u017cnieniem tytu\u0142 licencjata w dziedzinie historii sztuki oraz tytu\u0142 licencjata w dziedzinie chemii. Wild posiada r\u00f3wnie\u017c certyfikat uko\u0144czenia studi\u00f3w nauczycielskich na Uniwersytecie Taylor oraz tytu\u0142 magistra edukacji w zakresie program\u00f3w nauczania i nauczania na Uniwersytecie Purdue.<\/p>\n              <\/div>\n            <\/div>\n          <\/div>\n                            <\/div>\n      <\/div>\n    <\/div>\n<\/section>\n\n\n<div style=\"height:45px\" aria-hidden=\"true\" class=\"wp-block-spacer\"><\/div>\n\n\n<style>\nlabel {\n  color: white;\n}\n<\/style>\n\n<section id=\"newsletter-signup-block_3adb2df1df6be11b0e16590f9d895fe8\" class=\"newsletter-signup-wrapper-new\">\n  <div class=\"container\">\n    <div class=\"row\">\n      <div class=\"col-12 col-lg-5\">\n        <div class=\"signup-content-wrapper\">\n          <div class=\"headline-content\">\n            <h2>Zapisz si\u0119 do naszego newslettera<\/h2>\n          <\/div>\n          <div class=\"signup-content\">\n            <p>Otrzymuj aktualizacje Fundacji bezpo\u015brednio na swoj\u0105 skrzynk\u0119 odbiorcz\u0105.<\/p>\n          <\/div>\n        <\/div>\n      <\/div>\n      <div class=\"col-12 col-lg-7\">\n        <div class=\"signup-form-wrapper\">\n          <div class=\"signup-form\">\n            <link rel='stylesheet' id='formidable-css' defer href='https:\/\/old.rmff.wrhosting.net\/wp-content\/plugins\/formidable\/css\/formidableforms.css' type='text\/css' media='all' \/>\n<div class=\"frm_forms  with_frm_style frm_style_formidable-style\" id=\"frm_form_8_container\" >\n<form enctype=\"multipart\/form-data\" method=\"post\" class=\"frm-show-form  frm_pro_form\" id=\"form_newslettersignupnew\" action=\"\" >\n<div class=\"frm_form_fields\">\n<fieldset>\n<legend class=\"frm_screen_reader\">Zapisz si\u0119 do newslettera NOWO\u015a\u0106<\/legend>\r\n\r\n<div class=\"frm_fields_container\">\n<input type=\"hidden\" name=\"frm_action\" value=\"create\" \/>\n<input type=\"hidden\" name=\"form_id\" value=\"8\" \/>\n<input type=\"hidden\" name=\"frm_hide_fields_8\" id=\"frm_hide_fields_8\" value=\"\" \/>\n<input type=\"hidden\" name=\"form_key\" value=\"newslettersignupnew\" \/>\n<input type=\"hidden\" name=\"item_meta[0]\" value=\"\" \/>\n<input type=\"hidden\" id=\"frm_submit_entry_8\" name=\"frm_submit_entry_8\" value=\"5d8e6aa20b\" \/><input type=\"hidden\" name=\"_wp_http_referer\" value=\"\/pl\/wp-json\/wp\/v2\/pages\/909\" \/><div id=\"frm_field_39_container\" class=\"frm_form_field form-field  frm_required_field frm_none_container frm6 frm_first\">\r\n    <label for=\"field_bn3oh22\" id=\"field_bn3oh22_label\" class=\"frm_primary_label\">Imi\u0119\r\n        <span class=\"frm_required\" aria-hidden=\"true\">*<\/span>\r\n    <\/label>\r\n    <input  type=\"text\" id=\"field_bn3oh22\" name=\"item_meta[39]\" value=\"\"  placeholder=\"Imi\u0119 *\" data-reqmsg=\"First Name cannot be blank.\" aria-required=\"true\" data-invmsg=\"Text is invalid\" aria-invalid=\"false\"   \/>\r\n    \r\n    \r\n<\/div>\n<div id=\"frm_field_40_container\" class=\"frm_form_field form-field  frm_required_field frm_none_container frm6\">\r\n    <label for=\"field_qe1zv\" id=\"field_qe1zv_label\" class=\"frm_primary_label\">Nazwisko\r\n        <span class=\"frm_required\" aria-hidden=\"true\">*<\/span>\r\n    <\/label>\r\n    <input  type=\"text\" id=\"field_qe1zv\" name=\"item_meta[40]\" value=\"\"  placeholder=\"Nazwisko *\" data-reqmsg=\"Last Name cannot be blank.\" aria-required=\"true\" data-invmsg=\"Text is invalid\" aria-invalid=\"false\"   \/>\r\n    \r\n    \r\n<\/div>\n<div id=\"frm_field_41_container\" class=\"frm_form_field form-field  frm_required_field frm_hidden_container frm12 frm_first\">\r\n    <label for=\"field_scto522\" id=\"field_scto522_label\" class=\"frm_primary_label\">E-mail\r\n        <span class=\"frm_required\" aria-hidden=\"true\">*<\/span>\r\n    <\/label>\r\n    <input type=\"email\" id=\"field_scto522\" name=\"item_meta[41]\" value=\"\"  placeholder=\"E-mail *\" data-reqmsg=\"Email cannot be blank.\" aria-required=\"true\" data-invmsg=\"Email is invalid\" aria-invalid=\"false\"  \/>\r\n    \r\n    \r\n<\/div>\n<div id=\"frm_field_42_container\" class=\"frm_form_field form-field  frm_none_container frm6 frm_first\">\r\n    <label for=\"field_lx3lq\" id=\"field_lx3lq_label\" class=\"frm_primary_label\">Stanowisko\r\n        <span class=\"frm_required\" aria-hidden=\"true\"><\/span>\r\n    <\/label>\r\n    <input  type=\"text\" id=\"field_lx3lq\" name=\"item_meta[42]\" value=\"\"  placeholder=\"Stanowisko\" data-invmsg=\"Text is invalid\" aria-invalid=\"false\"   \/>\r\n    \r\n    \r\n<\/div>\n<div id=\"frm_field_43_container\" class=\"frm_form_field form-field  frm_none_container frm6\">\r\n    <label for=\"field_8xhsu\" id=\"field_8xhsu_label\" class=\"frm_primary_label\">Organizacja\r\n        <span class=\"frm_required\" aria-hidden=\"true\"><\/span>\r\n    <\/label>\r\n    <input  type=\"text\" id=\"field_8xhsu\" name=\"item_meta[43]\" value=\"\"  placeholder=\"Organizacja\" data-invmsg=\"Text is invalid\" aria-invalid=\"false\"   \/>\r\n    \r\n    \r\n<\/div>\n<div id=\"frm_field_53_container\" class=\"frm_form_field form-field\">\r\n\t<div class=\"frm_submit\" style=\"text-align: right;\">\r\n\r\n<button class=\"frm_button_submit frm_final_submit\" type=\"submit\"   formnovalidate=\"formnovalidate\">ZAPISA\u0106 SI\u0118<\/button>\r\n\r\n<\/div>\r\n<\/div>\n\t<input type=\"hidden\" name=\"item_key\" value=\"\" \/>\n\t\t\t<div id=\"frm_field_67_container\">\n\t\t\t<label for=\"field_2svyu\" >\n\t\t\t\tJe\u017celi jeste\u015b cz\u0142owiekiem, zostaw to pole puste.\t\t\t<\/label>\n\t\t\t<input  id=\"field_2svyu\" type=\"text\" class=\"frm_form_field form-field frm_verify\" name=\"item_meta[67]\" value=\"\"  \/>\n\t\t<\/div>\n\t\t<input name=\"frm_state\" type=\"hidden\" value=\"5zNPxgsYxU\/\/FZjACs3Ay0wOT8so+qbQR8kOqWOdaU831\/Gx91bxAzUfsmYbI12y\" \/><\/div>\n<\/fieldset>\n<\/div>\n\n<input type=\"hidden\" name=\"trp-form-language\" value=\"pl\"\/><\/form>\n<\/div>\n          <\/div>\n        <\/div>\n      <\/div>\n    <\/div>\n  <\/div>\n<\/section>\n\n\n<div style=\"height:60px\" aria-hidden=\"true\" class=\"wp-block-spacer\"><\/div>","protected":false},"excerpt":{"rendered":"","protected":false},"author":7,"featured_media":0,"parent":903,"menu_order":20,"comment_status":"closed","ping_status":"closed","template":"","meta":{"_acf_changed":false,"footnotes":""},"class_list":["post-909","page","type-page","status-publish","hentry"],"acf":[],"yoast_head":"<!-- This site is optimized with the Yoast SEO plugin v26.0 - https:\/\/yoast.com\/wordpress\/plugins\/seo\/ -->\n<title>Staff - Richard M. Fairbanks Foundation<\/title>\n<meta name=\"description\" content=\"Get to know the staff of the Richard M. Fairbanks Foundation by clicking here.\" \/>\n<meta name=\"robots\" content=\"index, follow, max-snippet:-1, max-image-preview:large, max-video-preview:-1\" \/>\n<link rel=\"canonical\" href=\"https:\/\/old.rmff.wrhosting.net\/pl\/who-we-are\/staff\/\" \/>\n<meta property=\"og:locale\" content=\"pl_PL\" \/>\n<meta property=\"og:type\" content=\"article\" \/>\n<meta property=\"og:title\" content=\"Staff - Richard M. Fairbanks Foundation\" \/>\n<meta property=\"og:description\" content=\"Get to know the staff of the Richard M. Fairbanks Foundation by clicking here.\" \/>\n<meta property=\"og:url\" content=\"https:\/\/old.rmff.wrhosting.net\/pl\/who-we-are\/staff\/\" \/>\n<meta property=\"og:site_name\" content=\"Richard M. Fairbanks Foundation\" \/>\n<meta property=\"article:modified_time\" content=\"2025-12-03T19:31:35+00:00\" \/>\n<meta name=\"twitter:card\" content=\"summary_large_image\" \/>\n<script type=\"application\/ld+json\" class=\"yoast-schema-graph\">{\"@context\":\"https:\/\/schema.org\",\"@graph\":[{\"@type\":\"WebPage\",\"@id\":\"https:\/\/old.rmff.wrhosting.net\/who-we-are\/staff\/\",\"url\":\"https:\/\/old.rmff.wrhosting.net\/who-we-are\/staff\/\",\"name\":\"Staff - Richard M. Fairbanks Foundation\",\"isPartOf\":{\"@id\":\"https:\/\/old.rmff.wrhosting.net\/#website\"},\"datePublished\":\"2021-04-13T13:23:09+00:00\",\"dateModified\":\"2025-12-03T19:31:35+00:00\",\"description\":\"Get to know the staff of the Richard M. Fairbanks Foundation by clicking here.\",\"breadcrumb\":{\"@id\":\"https:\/\/old.rmff.wrhosting.net\/who-we-are\/staff\/#breadcrumb\"},\"inLanguage\":\"pl-PL\",\"potentialAction\":[{\"@type\":\"ReadAction\",\"target\":[\"https:\/\/old.rmff.wrhosting.net\/who-we-are\/staff\/\"]}]},{\"@type\":\"BreadcrumbList\",\"@id\":\"https:\/\/old.rmff.wrhosting.net\/who-we-are\/staff\/#breadcrumb\",\"itemListElement\":[{\"@type\":\"ListItem\",\"position\":1,\"name\":\"Home\",\"item\":\"https:\/\/old.rmff.wrhosting.net\/\"},{\"@type\":\"ListItem\",\"position\":2,\"name\":\"Who We Are\",\"item\":\"https:\/\/old.rmff.wrhosting.net\/es\/who-we-are\/\"},{\"@type\":\"ListItem\",\"position\":3,\"name\":\"Staff\"}]},{\"@type\":\"WebSite\",\"@id\":\"https:\/\/old.rmff.wrhosting.net\/#website\",\"url\":\"https:\/\/old.rmff.wrhosting.net\/\",\"name\":\"Richard M. Fairbanks Foundation\",\"description\":\"Advancing the vitality of Indianapolis and the well-being of its people.\",\"potentialAction\":[{\"@type\":\"SearchAction\",\"target\":{\"@type\":\"EntryPoint\",\"urlTemplate\":\"https:\/\/old.rmff.wrhosting.net\/?s={search_term_string}\"},\"query-input\":{\"@type\":\"PropertyValueSpecification\",\"valueRequired\":true,\"valueName\":\"search_term_string\"}}],\"inLanguage\":\"pl-PL\"}]}<\/script>\n<!-- \/ Yoast SEO plugin. -->","yoast_head_json":{"title":"Staff - Richard M. Fairbanks Foundation","description":"Get to know the staff of the Richard M. Fairbanks Foundation by clicking here.","robots":{"index":"index","follow":"follow","max-snippet":"max-snippet:-1","max-image-preview":"max-image-preview:large","max-video-preview":"max-video-preview:-1"},"canonical":"https:\/\/old.rmff.wrhosting.net\/pl\/who-we-are\/staff\/","og_locale":"pl_PL","og_type":"article","og_title":"Staff - Richard M. Fairbanks Foundation","og_description":"Get to know the staff of the Richard M. Fairbanks Foundation by clicking here.","og_url":"https:\/\/old.rmff.wrhosting.net\/pl\/who-we-are\/staff\/","og_site_name":"Richard M. Fairbanks Foundation","article_modified_time":"2025-12-03T19:31:35+00:00","twitter_card":"summary_large_image","schema":{"@context":"https:\/\/schema.org","@graph":[{"@type":"WebPage","@id":"https:\/\/old.rmff.wrhosting.net\/who-we-are\/staff\/","url":"https:\/\/old.rmff.wrhosting.net\/who-we-are\/staff\/","name":"Staff - Richard M. Fairbanks Foundation","isPartOf":{"@id":"https:\/\/old.rmff.wrhosting.net\/#website"},"datePublished":"2021-04-13T13:23:09+00:00","dateModified":"2025-12-03T19:31:35+00:00","description":"Get to know the staff of the Richard M. Fairbanks Foundation by clicking here.","breadcrumb":{"@id":"https:\/\/old.rmff.wrhosting.net\/who-we-are\/staff\/#breadcrumb"},"inLanguage":"pl-PL","potentialAction":[{"@type":"ReadAction","target":["https:\/\/old.rmff.wrhosting.net\/who-we-are\/staff\/"]}]},{"@type":"BreadcrumbList","@id":"https:\/\/old.rmff.wrhosting.net\/who-we-are\/staff\/#breadcrumb","itemListElement":[{"@type":"ListItem","position":1,"name":"Home","item":"https:\/\/old.rmff.wrhosting.net\/"},{"@type":"ListItem","position":2,"name":"Who We Are","item":"https:\/\/old.rmff.wrhosting.net\/es\/who-we-are\/"},{"@type":"ListItem","position":3,"name":"Staff"}]},{"@type":"WebSite","@id":"https:\/\/old.rmff.wrhosting.net\/#website","url":"https:\/\/old.rmff.wrhosting.net\/","name":"Fundacja Richarda M. Fairbanksa","description":"Zwi\u0119kszanie witalno\u015bci Indianapolis i dobrobytu jego mieszka\u0144c\u00f3w.","potentialAction":[{"@type":"SearchAction","target":{"@type":"EntryPoint","urlTemplate":"https:\/\/old.rmff.wrhosting.net\/?s={search_term_string}"},"query-input":{"@type":"PropertyValueSpecification","valueRequired":true,"valueName":"search_term_string"}}],"inLanguage":"pl-PL"}]}},"_links":{"self":[{"href":"https:\/\/old.rmff.wrhosting.net\/pl\/wp-json\/wp\/v2\/pages\/909","targetHints":{"allow":["GET"]}}],"collection":[{"href":"https:\/\/old.rmff.wrhosting.net\/pl\/wp-json\/wp\/v2\/pages"}],"about":[{"href":"https:\/\/old.rmff.wrhosting.net\/pl\/wp-json\/wp\/v2\/types\/page"}],"author":[{"embeddable":true,"href":"https:\/\/old.rmff.wrhosting.net\/pl\/wp-json\/wp\/v2\/users\/7"}],"replies":[{"embeddable":true,"href":"https:\/\/old.rmff.wrhosting.net\/pl\/wp-json\/wp\/v2\/comments?post=909"}],"version-history":[{"count":90,"href":"https:\/\/old.rmff.wrhosting.net\/pl\/wp-json\/wp\/v2\/pages\/909\/revisions"}],"predecessor-version":[{"id":15667,"href":"https:\/\/old.rmff.wrhosting.net\/pl\/wp-json\/wp\/v2\/pages\/909\/revisions\/15667"}],"up":[{"embeddable":true,"href":"https:\/\/old.rmff.wrhosting.net\/pl\/wp-json\/wp\/v2\/pages\/903"}],"wp:attachment":[{"href":"https:\/\/old.rmff.wrhosting.net\/pl\/wp-json\/wp\/v2\/media?parent=909"}],"curies":[{"name":"wp","href":"https:\/\/api.w.org\/{rel}","templated":true}]}}