{"id":909,"date":"2021-04-13T13:23:09","date_gmt":"2021-04-13T13:23:09","guid":{"rendered":"https:\/\/www.rmff.org\/?page_id=909"},"modified":"2025-12-03T14:31:35","modified_gmt":"2025-12-03T19:31:35","slug":"staff","status":"publish","type":"page","link":"https:\/\/old.rmff.wrhosting.net\/fr\/who-we-are\/staff\/","title":{"rendered":"Personnel"},"content":{"rendered":"<div style=\"height:45px\" aria-hidden=\"true\" class=\"wp-block-spacer\"><\/div>\n\n\n<section id=\"header-with-colored-subtitle-block_5ff49e151e3243f69ffcca77fc3aedc2\" class=\"block header-with-colored-subtitle-wrapper\">\n  <div class=\"container\">\n    <div class=\"row\">\n      <div class=\"col-12\">\n        <div class=\"heading-wrapper\">\n          <h1>LE PERSONNEL DE LA FONDATION<\/h1>\n        <\/div>\n                <div class=\"subtitle-wrapper\">\n          <p>Plus d\u2019informations sur le personnel de la Fondation peuvent \u00eatre trouv\u00e9es ci-dessous.<\/p>\n        <\/div>\n              <\/div>\n    <\/div>\n  <\/div>\n<\/section>\n\n<section id=\"rmff-accordion-block_c9282ace7b1f248818c3e2eb51abd090\" class=\"block rmff-accordion-wrapper\">\n  <div class=\"container\">\n    <div class=\"row\">\n      <div class=\"col-12\">\n        <div class=\"accordion\" id=\"accordion-rmff-accordion-block_c9282ace7b1f248818c3e2eb51abd090\">\n                                        <div class=\"single-accordion\">\n            <div class=\"accordion-heading\" id=\"heading-1\">\n              <button class=\"accordion-track collapsed\" type=\"button\" data-toggle=\"collapse\"\n                data-target=\"#collapse-1\" aria-expanded=\"false\"\n                aria-controls=\"collapse-1\">\n                <div class=\"heading-wrapper\">\n                                    <h3 class=\"accordion-track\">ALEXIS BROWN<\/h3>\n                                                      <h4>Finance &#038; Human Resources Manager<\/h4>\n                                  <\/div>\n                <div class=\"accordion-icon-wrapper\">\n                  <div class=\"accordion-icon\"><\/div>\n                  <div class=\"accordion-icon\"><\/div>\n                <\/div>\n              <\/button>\n            <\/div>\n            <div class=\"accordion-content-wrapper collapse\" id=\"collapse-1\" aria-labelledby=\"heading-1\"\n              data-parent=\"#accordion-rmff-accordion-block_c9282ace7b1f248818c3e2eb51abd090\">\n              <div class=\"accordion-content\">\n                <p class=\"x_x_elementToProof\" data-ogsc=\"rgb(0, 0, 0)\">Alexis Brown joined the Richard M. Fairbanks Foundation in 2025 as <span data-olk-copy-source=\"MessageBody\">Finance &amp; Human Resources Manager<\/span>. In her role, she supports the Chief Financial Officer in financial management and human resource administration. Prior to joining the Foundation, Brown was a project manager for the Ren\u00e9e Crown Wellness Institute at the University of Colorado in Boulder, where she supported their research in local school districts. An Indianapolis native, Brown holds a Bachelor of Science in accounting from the University of Evansville and a Master of Arts in social psychology from Ball State University.<\/p>\n              <\/div>\n            <\/div>\n          <\/div>\n                              <div class=\"single-accordion\">\n            <div class=\"accordion-heading\" id=\"heading-2\">\n              <button class=\"accordion-track collapsed\" type=\"button\" data-toggle=\"collapse\"\n                data-target=\"#collapse-2\" aria-expanded=\"false\"\n                aria-controls=\"collapse-2\">\n                <div class=\"heading-wrapper\">\n                                    <h3 class=\"accordion-track\">HALE CRUMLEY<\/h3>\n                                                      <h4>Agent de programme<\/h4>\n                                  <\/div>\n                <div class=\"accordion-icon-wrapper\">\n                  <div class=\"accordion-icon\"><\/div>\n                  <div class=\"accordion-icon\"><\/div>\n                <\/div>\n              <\/button>\n            <\/div>\n            <div class=\"accordion-content-wrapper collapse\" id=\"collapse-2\" aria-labelledby=\"heading-2\"\n              data-parent=\"#accordion-rmff-accordion-block_c9282ace7b1f248818c3e2eb51abd090\">\n              <div class=\"accordion-content\">\n                <p class=\"x_x_elementToProof\" data-ogsc=\"rgb(0, 0, 0)\" data-olk-copy-source=\"MessageBody\">Hale Crumley joined the Richard M. Fairbanks Foundation in 2025 as a Program Officer. In this role, she manages grantee relationships and guides nonprofit organizations through the entire application process, from concept development through presentation of proposals and evaluation of results. Prior to joining the Foundation, Crumley worked as the Policy Manager for Prosperity Indiana.<\/p>\n<p class=\"x_x_elementToProof\" data-ogsc=\"rgb(0, 0, 0)\">Crumley is a proud first-generation college graduate. She holds a Master of Public Affairs in community &amp; economic development and a Bachelor of Public Affairs in nonprofit management &amp; leadership from Indiana University. She also holds a certificate in public policy &amp; budget models from the University of Pennsylvania and a certificate in storytelling for social change from the University of Michigan.<\/p>\n              <\/div>\n            <\/div>\n          <\/div>\n                              <div class=\"single-accordion\">\n            <div class=\"accordion-heading\" id=\"heading-3\">\n              <button class=\"accordion-track collapsed\" type=\"button\" data-toggle=\"collapse\"\n                data-target=\"#collapse-3\" aria-expanded=\"false\"\n                aria-controls=\"collapse-3\">\n                <div class=\"heading-wrapper\">\n                                    <h3 class=\"accordion-track\">SHANNON ELWARD<\/h3>\n                                                      <h4>Responsable des communications<\/h4>\n                                  <\/div>\n                <div class=\"accordion-icon-wrapper\">\n                  <div class=\"accordion-icon\"><\/div>\n                  <div class=\"accordion-icon\"><\/div>\n                <\/div>\n              <\/button>\n            <\/div>\n            <div class=\"accordion-content-wrapper collapse\" id=\"collapse-3\" aria-labelledby=\"heading-3\"\n              data-parent=\"#accordion-rmff-accordion-block_c9282ace7b1f248818c3e2eb51abd090\">\n              <div class=\"accordion-content\">\n                <p>Shannon Elward a rejoint la Fondation Fairbanks en 2023 en tant que responsable des communications. Dans ce r\u00f4le, elle travaille en \u00e9troite collaboration avec le chef des communications pour d\u00e9velopper, affiner et ex\u00e9cuter des strat\u00e9gies et des tactiques qui soutiennent les objectifs de communication de la Fondation. Avant de rejoindre la Fondation, Elward \u00e9tait r\u00e9dactrice de contenu senior chez DemandJump, une start-up d&#039;Indianapolis, o\u00f9 elle d\u00e9veloppait du contenu marketing pour les clients de la technologie, de l&#039;\u00e9ducation et de la sant\u00e9. Avant cela, elle a occup\u00e9 plusieurs postes au sein de la Commission de l&#039;Indiana pour l&#039;enseignement sup\u00e9rieur, notamment celui de directrice de Learn More Indiana, de directrice adjointe des communications et de membre d&#039;AmeriCorps VISTA. Ancien instructeur adjoint, Elward est titulaire d&#039;un baccalaur\u00e9at \u00e8s arts en anglais et en sociologie et d&#039;une ma\u00eetrise \u00e8s arts en rh\u00e9torique et composition de l&#039;Universit\u00e9 d&#039;Indiana \u00e0 Fort Wayne.<\/p>\n              <\/div>\n            <\/div>\n          <\/div>\n                              <div class=\"single-accordion\">\n            <div class=\"accordion-heading\" id=\"heading-4\">\n              <button class=\"accordion-track collapsed\" type=\"button\" data-toggle=\"collapse\"\n                data-target=\"#collapse-4\" aria-expanded=\"false\"\n                aria-controls=\"collapse-4\">\n                <div class=\"heading-wrapper\">\n                                    <h3 class=\"accordion-track\">ANDR\u00c9 AGRICULTEUR<\/h3>\n                                                      <h4>Directeur des communications<\/h4>\n                                  <\/div>\n                <div class=\"accordion-icon-wrapper\">\n                  <div class=\"accordion-icon\"><\/div>\n                  <div class=\"accordion-icon\"><\/div>\n                <\/div>\n              <\/button>\n            <\/div>\n            <div class=\"accordion-content-wrapper collapse\" id=\"collapse-4\" aria-labelledby=\"heading-4\"\n              data-parent=\"#accordion-rmff-accordion-block_c9282ace7b1f248818c3e2eb51abd090\">\n              <div class=\"accordion-content\">\n                <p>Andrea Farmer a rejoint la Fondation Richard M. Fairbanks en tant que directrice des communications en 2022. Dans ce r\u00f4le, elle travaille en \u00e9troite collaboration avec le pr\u00e9sident et chef de la direction de la Fondation et l&#039;\u00e9quipe du programme pour d\u00e9velopper et mettre en \u0153uvre des strat\u00e9gies de communication qui articulent la mission et le travail de la Fondation aux parties prenantes et autres. publics ext\u00e9rieurs.<\/p>\n<p>Avant de rejoindre la Fondation, elle a occup\u00e9 le poste de directrice de l&#039;engagement externe et des affaires gouvernementales chez Indiana Donor Network, o\u00f9 elle a supervis\u00e9 plusieurs fonctions, notamment les communications marketing, la sensibilisation communautaire, les affaires gouvernementales et les affaires juridiques. Parmi ses autres fonctions pr\u00e9c\u00e9dentes, citons celle de vice-pr\u00e9sident principal des communications strat\u00e9giques et des services de comptes \u00e0 l&#039;agence de communications marketing d&#039;Indianapolis Hirons et de directeur associ\u00e9 des initiatives strat\u00e9giques \u00e0 la NCAA. Tout au long de sa carri\u00e8re, Farmer a \u00e9t\u00e9 impliqu\u00e9e dans plusieurs organisations \u00e0 but non lucratif et associations industrielles, notamment en tant que pr\u00e9sidente du chapitre Hoosier de la Public Relations Society of America. Farmer est titulaire d&#039;une accr\u00e9ditation en relations publiques du Conseil d&#039;accr\u00e9ditation universel de la Public Relations Society of America et elle a obtenu son baccalaur\u00e9at \u00e8s sciences en relations publiques de la Ball State University, Magna Cum Laude.<\/p>\n              <\/div>\n            <\/div>\n          <\/div>\n                              <div class=\"single-accordion\">\n            <div class=\"accordion-heading\" id=\"heading-5\">\n              <button class=\"accordion-track collapsed\" type=\"button\" data-toggle=\"collapse\"\n                data-target=\"#collapse-5\" aria-expanded=\"false\"\n                aria-controls=\"collapse-5\">\n                <div class=\"heading-wrapper\">\n                                    <h3 class=\"accordion-track\">CLAIRE FIDDIAN-VERT<\/h3>\n                                                      <h4>Pr\u00e9sident et PDG<\/h4>\n                                  <\/div>\n                <div class=\"accordion-icon-wrapper\">\n                  <div class=\"accordion-icon\"><\/div>\n                  <div class=\"accordion-icon\"><\/div>\n                <\/div>\n              <\/button>\n            <\/div>\n            <div class=\"accordion-content-wrapper collapse\" id=\"collapse-5\" aria-labelledby=\"heading-5\"\n              data-parent=\"#accordion-rmff-accordion-block_c9282ace7b1f248818c3e2eb51abd090\">\n              <div class=\"accordion-content\">\n                <p><span data-contrast=\"auto\">Claire J. Fiddian-Green a rejoint la Fondation Richard M. Fairbanks en tant que pr\u00e9sidente et directrice g\u00e9n\u00e9rale en 2015. Dans ce r\u00f4le, elle collabore avec le conseil d&#039;administration pour d\u00e9finir les objectifs et les strat\u00e9gies de financement de la Fondation et supervise la mise en \u0153uvre de la mission et des op\u00e9rations de la Fondation. .\u00a0<\/span><span data-ccp-props=\"{&quot;134233279&quot;:true}\">\u00a0<\/span><\/p>\n<p><span data-contrast=\"auto\">Auparavant, Fiddian-Green a \u00e9t\u00e9 assistant sp\u00e9cial pour l&#039;innovation \u00e9ducative aupr\u00e8s du gouverneur de l&#039;Indiana, Mike Pence, et co-fondateur du Center for Education and Career Innovation. Fiddian-Green a \u00e9galement \u00e9t\u00e9 directeur ex\u00e9cutif fondateur de l&#039;Indiana Charter School Board, une agence d&#039;autorisation des \u00e9coles \u00e0 charte \u00e0 l&#039;\u00e9chelle de l&#039;\u00c9tat. Les postes ant\u00e9rieurs incluent pr\u00e9sident de The Mind Trust, responsable des subventions pour la Fondation Richard M. Fairbanks et analyste principal au sein du groupe Corporate Finance Investment Banking d&#039;Eli Lilly &amp; Company.\u00a0<\/span><span data-ccp-props=\"{&quot;134233279&quot;:true}\">\u00a0<\/span><\/p>\n<p><span data-contrast=\"auto\">Fiddian-Green est titulaire d&#039;un BA de l&#039;Universit\u00e9 Brown et d&#039;un MBA de l&#039;Universit\u00e9 Columbia. En 2024, elle a re\u00e7u un doctorat honorifique en \u00e9ducation de l&#039;Universit\u00e9 Marian. Elle est membre de la classe XXXIV de la s\u00e9rie Stanley K. Lacy Executive Leadership et a \u00e9t\u00e9 nomm\u00e9e \u00e0 deux reprises pour <\/span><span data-contrast=\"auto\">L&#039;\u00e9dition annuelle d&#039;IBJ Media de <\/span><i><span data-contrast=\"auto\">Indiana 250<\/span><\/i><span data-contrast=\"auto\">, une liste des \u00ab dirigeants les plus influents et les plus influents \u00bb de l\u2019\u00c9tat.<\/span><span data-contrast=\"auto\"> En 2022, <\/span><span data-contrast=\"auto\">elle <\/span><span data-contrast=\"auto\">a \u00e9t\u00e9 reconnu parmi les IBJ <\/span><i><span data-contrast=\"auto\">Femmes d&#039;influence 2022<\/span><\/i><span data-contrast=\"auto\">, et elle aussi <\/span><span data-contrast=\"auto\">a re\u00e7u le Circle of Hope Award du Community Fairbanks Recovery Center pour ses contributions exceptionnelles dans le domaine de la toxicomanie.<\/span><span data-ccp-props=\"{&quot;134233279&quot;:true}\">\u00a0<\/span><\/p>\n<p><span data-contrast=\"auto\">Fiddian-Green si\u00e8ge au conseil d&#039;administration et au comit\u00e9 ex\u00e9cutif de la Chambre d&#039;Indy, o\u00f9 elle pr\u00e9side \u00e9galement le Conseil des politiques de sant\u00e9. Elle si\u00e8ge aux conseils d&#039;administration du Central Indiana Corporate Partnership, du Regenstrief Institute et de CareerWise USA. Elle a \u00e9t\u00e9 pr\u00e9sidente de l&#039;Economic Club of Indiana pour la saison 2017-2018 et est actuellement membre du conseil d&#039;administration et du comit\u00e9 ex\u00e9cutif. Elle a \u00e9galement \u00e9t\u00e9 copr\u00e9sidente du Legacy Impact Committee pour les Indy College Football Playoff, Inc. 2022 et a \u00e9t\u00e9 membre du conseil d&#039;administration et du comit\u00e9 ex\u00e9cutif de 2018 \u00e0 2022. De 2017 \u00e0 2024, Fiddian-Green a si\u00e9g\u00e9 au conseil d&#039;administration de la Mitch Daniels Leadership Foundation, notamment en tant que pr\u00e9sidente de 2021 \u00e0 2023. En novembre 2020, elle a \u00e9t\u00e9 nomm\u00e9e copr\u00e9sidente du groupe de travail sur les opportunit\u00e9s d&#039;apprentissage et de talents du Business Equity for Indy Committee, une initiative conjointe du Central Indiana Corporate Partnership et du Indy Chamber, en partenariat avec l&#039;Indianapolis Urban League, s&#039;est concentr\u00e9e sur la lutte contre les in\u00e9galit\u00e9s raciales dans le centre de l&#039;Indiana. Elle si\u00e8ge \u00e9galement au comit\u00e9 de gestion de Business Equity for Indy. En 2023, <\/span><span data-contrast=\"auto\">elle est devenue<\/span><span data-contrast=\"auto\"> copr\u00e9sident du CEMETS iLab Indiana, une coalition de dirigeants cherchant \u00e0 d\u00e9velopper l&#039;apprentissage moderne des jeunes et \u00e0 garantir que tous les Hoosiers aient acc\u00e8s \u00e0 des options d&#039;\u00e9ducation et de formation de haute qualit\u00e9.<\/span><span data-ccp-props=\"{&quot;134233279&quot;:true,&quot;335559739&quot;:0}\">\u00a0<\/span><\/p>\n              <\/div>\n            <\/div>\n          <\/div>\n                              <div class=\"single-accordion\">\n            <div class=\"accordion-heading\" id=\"heading-6\">\n              <button class=\"accordion-track collapsed\" type=\"button\" data-toggle=\"collapse\"\n                data-target=\"#collapse-6\" aria-expanded=\"false\"\n                aria-controls=\"collapse-6\">\n                <div class=\"heading-wrapper\">\n                                    <h3 class=\"accordion-track\">RICO FRANCIS<\/h3>\n                                                      <h4>Agent de programme<\/h4>\n                                  <\/div>\n                <div class=\"accordion-icon-wrapper\">\n                  <div class=\"accordion-icon\"><\/div>\n                  <div class=\"accordion-icon\"><\/div>\n                <\/div>\n              <\/button>\n            <\/div>\n            <div class=\"accordion-content-wrapper collapse\" id=\"collapse-6\" aria-labelledby=\"heading-6\"\n              data-parent=\"#accordion-rmff-accordion-block_c9282ace7b1f248818c3e2eb51abd090\">\n              <div class=\"accordion-content\">\n                <p data-ogsc=\"rgb(0, 0, 0)\" data-olk-copy-source=\"MessageBody\">Rico Francis joined the Richard M. Fairbanks Foundation in 2025 as a Program Officer. In his role, he manages grantee relationships and guides nonprofit organizations through the entire application process, from concept development through presentation of proposals and evaluation of results. Prior to joining the Foundation, Francis worked at Pacers Sports &amp; Entertainment as the first Pacers Foundation Social Impact Director. Previously, he held consulting roles with TNTP.<\/p>\n<p data-ogsc=\"rgb(0, 0, 0)\">Francis is the recipient of several notable honors and awards, including the Indiana Latino Institute\u2019s 2024 Rising Latino Stars in Their 20s award, 2024 Indianapolis Public Schools Community Partner in Action award, and the Community Alliance of the Far Eastside\u2019s Way Maker award. Francis holds a Bachelor of Arts in communication studies from Christopher Newport University. <span data-olk-copy-source=\"MessageBody\">He completed the Mutz Philanthropic Leadership Institute in 2025.\u00a0<\/span><\/p>\n              <\/div>\n            <\/div>\n          <\/div>\n                              <div class=\"single-accordion\">\n            <div class=\"accordion-heading\" id=\"heading-7\">\n              <button class=\"accordion-track collapsed\" type=\"button\" data-toggle=\"collapse\"\n                data-target=\"#collapse-7\" aria-expanded=\"false\"\n                aria-controls=\"collapse-7\">\n                <div class=\"heading-wrapper\">\n                                    <h3 class=\"accordion-track\">TRACI JOHNSON<\/h3>\n                                                      <h4>Administrateur du programme<\/h4>\n                                  <\/div>\n                <div class=\"accordion-icon-wrapper\">\n                  <div class=\"accordion-icon\"><\/div>\n                  <div class=\"accordion-icon\"><\/div>\n                <\/div>\n              <\/button>\n            <\/div>\n            <div class=\"accordion-content-wrapper collapse\" id=\"collapse-7\" aria-labelledby=\"heading-7\"\n              data-parent=\"#accordion-rmff-accordion-block_c9282ace7b1f248818c3e2eb51abd090\">\n              <div class=\"accordion-content\">\n                <p>Traci Johnson a rejoint la Fondation Richard M. Fairbanks en tant qu&#039;administratrice de programme en 2022. Dans ce r\u00f4le, elle supervise les processus et proc\u00e9dures d&#039;octroi de subventions pour la Fondation. Avant de rejoindre la Fondation, Johnson a travaill\u00e9 au minist\u00e8re de la Sant\u00e9 de l&#039;Indiana au sein de la division VIH, MST et h\u00e9patite virale. Johnson est titulaire d&#039;une ma\u00eetrise en fonction publique de la Clinton School of Public Service et d&#039;un baccalaur\u00e9at \u00e8s arts en fran\u00e7ais, \u00e9tudes internationales et sciences politiques de l&#039;Universit\u00e9 du sud de l&#039;Indiana.<\/p>\n              <\/div>\n            <\/div>\n          <\/div>\n                              <div class=\"single-accordion\">\n            <div class=\"accordion-heading\" id=\"heading-8\">\n              <button class=\"accordion-track collapsed\" type=\"button\" data-toggle=\"collapse\"\n                data-target=\"#collapse-8\" aria-expanded=\"false\"\n                aria-controls=\"collapse-8\">\n                <div class=\"heading-wrapper\">\n                                    <h3 class=\"accordion-track\">K\u00c9VIN KESSINGER<\/h3>\n                                                      <h4>Directeur financier<\/h4>\n                                  <\/div>\n                <div class=\"accordion-icon-wrapper\">\n                  <div class=\"accordion-icon\"><\/div>\n                  <div class=\"accordion-icon\"><\/div>\n                <\/div>\n              <\/button>\n            <\/div>\n            <div class=\"accordion-content-wrapper collapse\" id=\"collapse-8\" aria-labelledby=\"heading-8\"\n              data-parent=\"#accordion-rmff-accordion-block_c9282ace7b1f248818c3e2eb51abd090\">\n              <div class=\"accordion-content\">\n                <p>Kevin Kessinger a rejoint la Fondation Richard M. Fairbanks en 2016 en tant que tr\u00e9sorier et directeur financier. \u00c0 ce titre, il est principalement responsable de toutes les activit\u00e9s financi\u00e8res, d&#039;investissement et d&#039;exploitation de la Fondation, y compris les ressources humaines et les technologies de l&#039;information. Plus r\u00e9cemment, Kessinger a occup\u00e9 le poste de vice-pr\u00e9sident associ\u00e9 pour les finances et l&#039;administration \u00e0 l&#039;Universit\u00e9 DePauw, o\u00f9 il a supervis\u00e9 les fonctions financi\u00e8res et comptables, notamment les comptes fournisseurs, les comptes \u00e9tudiants, la comptabilit\u00e9, le budget, la comptabilit\u00e9 des dotations, ainsi que l&#039;assurance et la gestion des risques. Kessinger a obtenu son baccalaur\u00e9at \u00e8s sciences en comptabilit\u00e9 de l&#039;Universit\u00e9 d&#039;Indiana \u00e0 Bloomington et sa ma\u00eetrise en administration des affaires, Cum Laude, avec une concentration en finance d&#039;entreprise de l&#039;Universit\u00e9 de Notre Dame. Auparavant, Kessinger \u00e9tait contr\u00f4leur au Rose-Hulman Institute of Technology.<\/p>\n              <\/div>\n            <\/div>\n          <\/div>\n                              <div class=\"single-accordion\">\n            <div class=\"accordion-heading\" id=\"heading-9\">\n              <button class=\"accordion-track collapsed\" type=\"button\" data-toggle=\"collapse\"\n                data-target=\"#collapse-9\" aria-expanded=\"false\"\n                aria-controls=\"collapse-9\">\n                <div class=\"heading-wrapper\">\n                                    <h3 class=\"accordion-track\">KAMI NIELSEN<\/h3>\n                                                      <h4>Senior Director of Programs<\/h4>\n                                  <\/div>\n                <div class=\"accordion-icon-wrapper\">\n                  <div class=\"accordion-icon\"><\/div>\n                  <div class=\"accordion-icon\"><\/div>\n                <\/div>\n              <\/button>\n            <\/div>\n            <div class=\"accordion-content-wrapper collapse\" id=\"collapse-9\" aria-labelledby=\"heading-9\"\n              data-parent=\"#accordion-rmff-accordion-block_c9282ace7b1f248818c3e2eb51abd090\">\n              <div class=\"accordion-content\">\n                <p>Kami Nielsen joined the Richard M. Fairbanks Foundation in 2019. In her role, she develops and leads strategic grantmaking activities and initiatives, manages grantee and stakeholder relationships, and supports organizations through the proposal process. Prior to joining the Foundation, Nielsen worked in Washington, DC at The Education Trust and the Center for American Progress. Nielsen holds a Bachelor of Science and a Master of Public Affairs from Indiana University\u2019s O&#8217;Neill School of Public and Environmental Affairs &#8211; Bloomington. Nielsen completed the Mutz Philanthropic Leadership Institute in 2022 and is a member of Class XLVIII of the Stanley K. Lacy Executive Leadership Series.<\/p>\n              <\/div>\n            <\/div>\n          <\/div>\n                              <div class=\"single-accordion\">\n            <div class=\"accordion-heading\" id=\"heading-10\">\n              <button class=\"accordion-track collapsed\" type=\"button\" data-toggle=\"collapse\"\n                data-target=\"#collapse-10\" aria-expanded=\"false\"\n                aria-controls=\"collapse-10\">\n                <div class=\"heading-wrapper\">\n                                    <h3 class=\"accordion-track\">ELLEN QUIGLEY<\/h3>\n                                                      <h4>Vice-pr\u00e9sident et directeur des subventions<\/h4>\n                                  <\/div>\n                <div class=\"accordion-icon-wrapper\">\n                  <div class=\"accordion-icon\"><\/div>\n                  <div class=\"accordion-icon\"><\/div>\n                <\/div>\n              <\/button>\n            <\/div>\n            <div class=\"accordion-content-wrapper collapse\" id=\"collapse-10\" aria-labelledby=\"heading-10\"\n              data-parent=\"#accordion-rmff-accordion-block_c9282ace7b1f248818c3e2eb51abd090\">\n              <div class=\"accordion-content\">\n                <p>En tant que vice-pr\u00e9sidente et directrice des subventions, Ellen Quigley travaille en \u00e9troite collaboration avec le pr\u00e9sident et chef de la direction de la Fondation pour d\u00e9velopper et affiner les strat\u00e9gies de la Fondation dans ses domaines d&#039;intervention. Elle supervise \u00e9galement la mise en \u0153uvre de ces strat\u00e9gies \u00e0 travers les activit\u00e9s d&#039;octroi de subventions et d&#039;apprentissage et d&#039;\u00e9valuation de la Fondation.<\/p>\n<p>Prior to joining the Foundation in 2010, Quigley was Chief of Staff for the Office of Congressman Andre Carson and Deputy Mayor for Community Affairs with the City of Indianapolis under Mayor Bart Peterson. In these roles, Quigley was heavily involved in policy development and community engagement in the areas of health and education. Other experience includes leadership of the Greater Indianapolis Progress Committee, a non-profit organization dedicated to convening business and community leaders to conduct best practice research and make recommendations to the Mayor to help solve Indianapolis\u2019 most pressing issues. Before entering public service, Quigley practiced law for several years at two law firms and was law clerk for a federal district judge in Indiana.\u00a0 Throughout her career, Quigley has also been an active member of the Indianapolis non-profit community, serving as board member for a variety of non-profit organizations and on the Health and Hospital Corporation Board of Trustees. She currently serves on the Indiana Nonprofits Project Advisory Board and several philanthropy-related initiatives. Ellen holds a Juris Doctor degree, Summa Cum Laude, from the Indiana University Robert H. McKinney School of Law.<\/p>\n              <\/div>\n            <\/div>\n          <\/div>\n                              <div class=\"single-accordion\">\n            <div class=\"accordion-heading\" id=\"heading-11\">\n              <button class=\"accordion-track collapsed\" type=\"button\" data-toggle=\"collapse\"\n                data-target=\"#collapse-11\" aria-expanded=\"false\"\n                aria-controls=\"collapse-11\">\n                <div class=\"heading-wrapper\">\n                                    <h3 class=\"accordion-track\">SARAH SULLIVAN<\/h3>\n                                                      <h4>Agent de programme<\/h4>\n                                  <\/div>\n                <div class=\"accordion-icon-wrapper\">\n                  <div class=\"accordion-icon\"><\/div>\n                  <div class=\"accordion-icon\"><\/div>\n                <\/div>\n              <\/button>\n            <\/div>\n            <div class=\"accordion-content-wrapper collapse\" id=\"collapse-11\" aria-labelledby=\"heading-11\"\n              data-parent=\"#accordion-rmff-accordion-block_c9282ace7b1f248818c3e2eb51abd090\">\n              <div class=\"accordion-content\">\n                <p>Sarah Sullivan a rejoint la Fondation Richard M. Fairbanks en tant que responsable de programme en 2015 apr\u00e8s avoir \u00e9t\u00e9 directrice adjointe des candidatures pour l&#039;Indiana Charter School Board, l&#039;agence autorisant les \u00e9coles \u00e0 charte \u00e0 l&#039;\u00e9chelle de l&#039;\u00c9tat. Dans son r\u00f4le au sein de la Fondation, elle g\u00e8re les relations avec les b\u00e9n\u00e9ficiaires et guide les organisations \u00e0 but non lucratif tout au long du processus de candidature, depuis l&#039;\u00e9laboration du concept jusqu&#039;\u00e0 la pr\u00e9sentation des propositions et l&#039;\u00e9valuation des r\u00e9sultats. Sullivan est membre de la classe XLII de la s\u00e9rie Stanley K. Lacy Executive Leadership et est titulaire d&#039;un baccalaur\u00e9at \u00e8s arts de l&#039;Universit\u00e9 DePauw.<\/p>\n              <\/div>\n            <\/div>\n          <\/div>\n                              <div class=\"single-accordion\">\n            <div class=\"accordion-heading\" id=\"heading-12\">\n              <button class=\"accordion-track collapsed\" type=\"button\" data-toggle=\"collapse\"\n                data-target=\"#collapse-12\" aria-expanded=\"false\"\n                aria-controls=\"collapse-12\">\n                <div class=\"heading-wrapper\">\n                                    <h3 class=\"accordion-track\">EMILYN WHITESELL<\/h3>\n                                                      <h4>Directeur principal de l&#039;apprentissage et de l&#039;\u00e9valuation<\/h4>\n                                  <\/div>\n                <div class=\"accordion-icon-wrapper\">\n                  <div class=\"accordion-icon\"><\/div>\n                  <div class=\"accordion-icon\"><\/div>\n                <\/div>\n              <\/button>\n            <\/div>\n            <div class=\"accordion-content-wrapper collapse\" id=\"collapse-12\" aria-labelledby=\"heading-12\"\n              data-parent=\"#accordion-rmff-accordion-block_c9282ace7b1f248818c3e2eb51abd090\">\n              <div class=\"accordion-content\">\n                <div class=\"x_elementToProof\" data-ogsc=\"rgb(33, 37, 41)\"><span data-ogsc=\"\" data-ogsb=\"rgb(255, 255, 255)\" data-olk-copy-source=\"MessageBody\">Emilyn Whitesell joined the Richard M. Fairbanks Foundation in 2019. In her role, she collaborates with Foundation staff, grantees, and other stakeholders to ground the Foundation\u2019s work in high-quality research and data. Whitesell came to the Foundation from Mathematica, where she conducted research projects for federal, nonprofit, and foundation clients, focusing primarily on education policy and program evaluation. A former Indianapolis Public Schools teacher and Teach For America corps member, Whitesell holds a Bachelor of Science in business from Indiana University, a Master of Arts in teaching from Marian University,\u00a0and a Doctor of Philosophy in public administration from New York University.\u00a0She completed the Tobias Fellowship through Indiana University in 2024 and was recognized in\u00a0the Indianapolis Business Journal\u2019s Forty Under 40 class of 2024.<\/span><\/div>\n              <\/div>\n            <\/div>\n          <\/div>\n                              <div class=\"single-accordion\">\n            <div class=\"accordion-heading\" id=\"heading-13\">\n              <button class=\"accordion-track collapsed\" type=\"button\" data-toggle=\"collapse\"\n                data-target=\"#collapse-13\" aria-expanded=\"false\"\n                aria-controls=\"collapse-13\">\n                <div class=\"heading-wrapper\">\n                                    <h3 class=\"accordion-track\">MADELINE SAUVAGE<\/h3>\n                                                      <h4>Gestionnaire d&#039;analyses<\/h4>\n                                  <\/div>\n                <div class=\"accordion-icon-wrapper\">\n                  <div class=\"accordion-icon\"><\/div>\n                  <div class=\"accordion-icon\"><\/div>\n                <\/div>\n              <\/button>\n            <\/div>\n            <div class=\"accordion-content-wrapper collapse\" id=\"collapse-13\" aria-labelledby=\"heading-13\"\n              data-parent=\"#accordion-rmff-accordion-block_c9282ace7b1f248818c3e2eb51abd090\">\n              <div class=\"accordion-content\">\n                <p>Madeline Wild a rejoint la Fairbanks Foundation en 2023 en tant que Analytics Manager. Dans ce r\u00f4le, elle collabore avec le directeur principal de l&#039;apprentissage et de l&#039;\u00e9valuation et d&#039;autres membres du personnel du programme dans les domaines de la gestion, de l&#039;analyse, de la visualisation et de la recherche des donn\u00e9es. Avant de rejoindre la Fondation, Wild \u00e9tait Data Manager chez RISE INDY, o\u00f9 elle a construit des outils, des syst\u00e8mes et des tableaux de bord de donn\u00e9es. Avant cela, elle a travaill\u00e9 comme enseignante aux niveaux primaire, interm\u00e9diaire et secondaire, enseignant diverses mati\u00e8res, notamment la chimie, les \u00e9tudes sociales et l&#039;anglais. Wild fait actuellement partie de l&#039;\u00e9quipe d&#039;administration du groupe d&#039;utilisateurs Tableau Newbies, o\u00f9 elle participe \u00e0 l&#039;organisation d&#039;\u00e9v\u00e9nements et de formations pour les nouveaux utilisateurs du logiciel Tableau et de la communaut\u00e9 des donn\u00e9es. Elle est dipl\u00f4m\u00e9e Summa Cum Laude de l&#039;Universit\u00e9 d&#039;Indiana, o\u00f9 elle a obtenu un baccalaur\u00e9at \u00e8s arts avec distinction en histoire de l&#039;art et un baccalaur\u00e9at \u00e8s arts en chimie. Wild est \u00e9galement titulaire d&#039;un certificat de transition vers l&#039;enseignement sup\u00e9rieur de l&#039;Universit\u00e9 Taylor et d&#039;une ma\u00eetrise en \u00e9ducation en programmes et en enseignement de l&#039;Universit\u00e9 Purdue.<\/p>\n              <\/div>\n            <\/div>\n          <\/div>\n                            <\/div>\n      <\/div>\n    <\/div>\n<\/section>\n\n\n<div style=\"height:45px\" aria-hidden=\"true\" class=\"wp-block-spacer\"><\/div>\n\n\n<style>\nlabel {\n  color: white;\n}\n<\/style>\n\n<section id=\"newsletter-signup-block_3adb2df1df6be11b0e16590f9d895fe8\" class=\"newsletter-signup-wrapper-new\">\n  <div class=\"container\">\n    <div class=\"row\">\n      <div class=\"col-12 col-lg-5\">\n        <div class=\"signup-content-wrapper\">\n          <div class=\"headline-content\">\n            <h2>Abonnez-vous \u00e0 notre newsletter<\/h2>\n          <\/div>\n          <div class=\"signup-content\">\n            <p>Recevez les mises \u00e0 jour de la Fondation directement dans votre bo\u00eete de r\u00e9ception.<\/p>\n          <\/div>\n        <\/div>\n      <\/div>\n      <div class=\"col-12 col-lg-7\">\n        <div class=\"signup-form-wrapper\">\n          <div class=\"signup-form\">\n            <link rel='stylesheet' id='formidable-css' defer href='https:\/\/old.rmff.wrhosting.net\/wp-content\/plugins\/formidable\/css\/formidableforms.css' type='text\/css' media='all' \/>\n<div class=\"frm_forms  with_frm_style frm_style_formidable-style\" id=\"frm_form_8_container\" >\n<form enctype=\"multipart\/form-data\" method=\"post\" class=\"frm-show-form  frm_pro_form\" id=\"form_newslettersignupnew\" action=\"\" >\n<div class=\"frm_form_fields\">\n<fieldset>\n<legend class=\"frm_screen_reader\">Inscription \u00e0 la newsletter NOUVEAU<\/legend>\r\n\r\n<div class=\"frm_fields_container\">\n<input type=\"hidden\" name=\"frm_action\" value=\"create\" \/>\n<input type=\"hidden\" name=\"form_id\" value=\"8\" \/>\n<input type=\"hidden\" name=\"frm_hide_fields_8\" id=\"frm_hide_fields_8\" value=\"\" \/>\n<input type=\"hidden\" name=\"form_key\" value=\"newslettersignupnew\" \/>\n<input type=\"hidden\" name=\"item_meta[0]\" value=\"\" \/>\n<input type=\"hidden\" id=\"frm_submit_entry_8\" name=\"frm_submit_entry_8\" value=\"5d8e6aa20b\" \/><input type=\"hidden\" name=\"_wp_http_referer\" value=\"\/fr\/wp-json\/wp\/v2\/pages\/909\" \/><div id=\"frm_field_39_container\" class=\"frm_form_field form-field  frm_required_field frm_none_container frm6 frm_first\">\r\n    <label for=\"field_bn3oh22\" id=\"field_bn3oh22_label\" class=\"frm_primary_label\">Pr\u00e9nom\r\n        <span class=\"frm_required\" aria-hidden=\"true\">*<\/span>\r\n    <\/label>\r\n    <input  type=\"text\" id=\"field_bn3oh22\" name=\"item_meta[39]\" value=\"\"  placeholder=\"Pr\u00e9nom *\" data-reqmsg=\"First Name cannot be blank.\" aria-required=\"true\" data-invmsg=\"Text is invalid\" aria-invalid=\"false\"   \/>\r\n    \r\n    \r\n<\/div>\n<div id=\"frm_field_40_container\" class=\"frm_form_field form-field  frm_required_field frm_none_container frm6\">\r\n    <label for=\"field_qe1zv\" id=\"field_qe1zv_label\" class=\"frm_primary_label\">Nom de famille\r\n        <span class=\"frm_required\" aria-hidden=\"true\">*<\/span>\r\n    <\/label>\r\n    <input  type=\"text\" id=\"field_qe1zv\" name=\"item_meta[40]\" value=\"\"  placeholder=\"Nom de famille *\" data-reqmsg=\"Last Name cannot be blank.\" aria-required=\"true\" data-invmsg=\"Text is invalid\" aria-invalid=\"false\"   \/>\r\n    \r\n    \r\n<\/div>\n<div id=\"frm_field_41_container\" class=\"frm_form_field form-field  frm_required_field frm_hidden_container frm12 frm_first\">\r\n    <label for=\"field_scto522\" id=\"field_scto522_label\" class=\"frm_primary_label\">E-mail\r\n        <span class=\"frm_required\" aria-hidden=\"true\">*<\/span>\r\n    <\/label>\r\n    <input type=\"email\" id=\"field_scto522\" name=\"item_meta[41]\" value=\"\"  placeholder=\"E-mail *\" data-reqmsg=\"Email cannot be blank.\" aria-required=\"true\" data-invmsg=\"Email is invalid\" aria-invalid=\"false\"  \/>\r\n    \r\n    \r\n<\/div>\n<div id=\"frm_field_42_container\" class=\"frm_form_field form-field  frm_none_container frm6 frm_first\">\r\n    <label for=\"field_lx3lq\" id=\"field_lx3lq_label\" class=\"frm_primary_label\">Titre d&#039;emploi\r\n        <span class=\"frm_required\" aria-hidden=\"true\"><\/span>\r\n    <\/label>\r\n    <input  type=\"text\" id=\"field_lx3lq\" name=\"item_meta[42]\" value=\"\"  placeholder=\"Titre d&#039;emploi\" data-invmsg=\"Text is invalid\" aria-invalid=\"false\"   \/>\r\n    \r\n    \r\n<\/div>\n<div id=\"frm_field_43_container\" class=\"frm_form_field form-field  frm_none_container frm6\">\r\n    <label for=\"field_8xhsu\" id=\"field_8xhsu_label\" class=\"frm_primary_label\">Organisation\r\n        <span class=\"frm_required\" aria-hidden=\"true\"><\/span>\r\n    <\/label>\r\n    <input  type=\"text\" id=\"field_8xhsu\" name=\"item_meta[43]\" value=\"\"  placeholder=\"Organisation\" data-invmsg=\"Text is invalid\" aria-invalid=\"false\"   \/>\r\n    \r\n    \r\n<\/div>\n<div id=\"frm_field_53_container\" class=\"frm_form_field form-field\">\r\n\t<div class=\"frm_submit\" style=\"text-align: right;\">\r\n\r\n<button class=\"frm_button_submit frm_final_submit\" type=\"submit\"   formnovalidate=\"formnovalidate\">S&#039;INSCRIRE<\/button>\r\n\r\n<\/div>\r\n<\/div>\n\t<input type=\"hidden\" name=\"item_key\" value=\"\" \/>\n\t\t\t<div id=\"frm_field_67_container\">\n\t\t\t<label for=\"field_shs10\" >\n\t\t\t\tSi vous \u00eates un humain, ne remplissez pas ce champ.\t\t\t<\/label>\n\t\t\t<input  id=\"field_shs10\" type=\"text\" class=\"frm_form_field form-field frm_verify\" name=\"item_meta[67]\" value=\"\"  \/>\n\t\t<\/div>\n\t\t<input name=\"frm_state\" type=\"hidden\" value=\"5zNPxgsYxU\/\/FZjACs3Ay0wOT8so+qbQR8kOqWOdaU831\/Gx91bxAzUfsmYbI12y\" \/><\/div>\n<\/fieldset>\n<\/div>\n\n<input type=\"hidden\" name=\"trp-form-language\" value=\"fr\"\/><\/form>\n<\/div>\n          <\/div>\n        <\/div>\n      <\/div>\n    <\/div>\n  <\/div>\n<\/section>\n\n\n<div style=\"height:60px\" aria-hidden=\"true\" class=\"wp-block-spacer\"><\/div>","protected":false},"excerpt":{"rendered":"","protected":false},"author":7,"featured_media":0,"parent":903,"menu_order":20,"comment_status":"closed","ping_status":"closed","template":"","meta":{"_acf_changed":false,"footnotes":""},"class_list":["post-909","page","type-page","status-publish","hentry"],"acf":[],"yoast_head":"<!-- This site is optimized with the Yoast SEO plugin v26.0 - https:\/\/yoast.com\/wordpress\/plugins\/seo\/ -->\n<title>Staff - Richard M. Fairbanks Foundation<\/title>\n<meta name=\"description\" content=\"Get to know the staff of the Richard M. Fairbanks Foundation by clicking here.\" \/>\n<meta name=\"robots\" content=\"index, follow, max-snippet:-1, max-image-preview:large, max-video-preview:-1\" \/>\n<link rel=\"canonical\" href=\"https:\/\/old.rmff.wrhosting.net\/fr\/who-we-are\/staff\/\" \/>\n<meta property=\"og:locale\" content=\"fr_FR\" \/>\n<meta property=\"og:type\" content=\"article\" \/>\n<meta property=\"og:title\" content=\"Staff - Richard M. Fairbanks Foundation\" \/>\n<meta property=\"og:description\" content=\"Get to know the staff of the Richard M. Fairbanks Foundation by clicking here.\" \/>\n<meta property=\"og:url\" content=\"https:\/\/old.rmff.wrhosting.net\/fr\/who-we-are\/staff\/\" \/>\n<meta property=\"og:site_name\" content=\"Richard M. Fairbanks Foundation\" \/>\n<meta property=\"article:modified_time\" content=\"2025-12-03T19:31:35+00:00\" \/>\n<meta name=\"twitter:card\" content=\"summary_large_image\" \/>\n<script type=\"application\/ld+json\" class=\"yoast-schema-graph\">{\"@context\":\"https:\/\/schema.org\",\"@graph\":[{\"@type\":\"WebPage\",\"@id\":\"https:\/\/old.rmff.wrhosting.net\/who-we-are\/staff\/\",\"url\":\"https:\/\/old.rmff.wrhosting.net\/who-we-are\/staff\/\",\"name\":\"Staff - Richard M. Fairbanks Foundation\",\"isPartOf\":{\"@id\":\"https:\/\/old.rmff.wrhosting.net\/#website\"},\"datePublished\":\"2021-04-13T13:23:09+00:00\",\"dateModified\":\"2025-12-03T19:31:35+00:00\",\"description\":\"Get to know the staff of the Richard M. Fairbanks Foundation by clicking here.\",\"breadcrumb\":{\"@id\":\"https:\/\/old.rmff.wrhosting.net\/who-we-are\/staff\/#breadcrumb\"},\"inLanguage\":\"fr-FR\",\"potentialAction\":[{\"@type\":\"ReadAction\",\"target\":[\"https:\/\/old.rmff.wrhosting.net\/who-we-are\/staff\/\"]}]},{\"@type\":\"BreadcrumbList\",\"@id\":\"https:\/\/old.rmff.wrhosting.net\/who-we-are\/staff\/#breadcrumb\",\"itemListElement\":[{\"@type\":\"ListItem\",\"position\":1,\"name\":\"Home\",\"item\":\"https:\/\/old.rmff.wrhosting.net\/\"},{\"@type\":\"ListItem\",\"position\":2,\"name\":\"Who We Are\",\"item\":\"https:\/\/old.rmff.wrhosting.net\/es\/who-we-are\/\"},{\"@type\":\"ListItem\",\"position\":3,\"name\":\"Staff\"}]},{\"@type\":\"WebSite\",\"@id\":\"https:\/\/old.rmff.wrhosting.net\/#website\",\"url\":\"https:\/\/old.rmff.wrhosting.net\/\",\"name\":\"Richard M. Fairbanks Foundation\",\"description\":\"Advancing the vitality of Indianapolis and the well-being of its people.\",\"potentialAction\":[{\"@type\":\"SearchAction\",\"target\":{\"@type\":\"EntryPoint\",\"urlTemplate\":\"https:\/\/old.rmff.wrhosting.net\/?s={search_term_string}\"},\"query-input\":{\"@type\":\"PropertyValueSpecification\",\"valueRequired\":true,\"valueName\":\"search_term_string\"}}],\"inLanguage\":\"fr-FR\"}]}<\/script>\n<!-- \/ Yoast SEO plugin. -->","yoast_head_json":{"title":"Staff - Richard M. Fairbanks Foundation","description":"Get to know the staff of the Richard M. Fairbanks Foundation by clicking here.","robots":{"index":"index","follow":"follow","max-snippet":"max-snippet:-1","max-image-preview":"max-image-preview:large","max-video-preview":"max-video-preview:-1"},"canonical":"https:\/\/old.rmff.wrhosting.net\/fr\/who-we-are\/staff\/","og_locale":"fr_FR","og_type":"article","og_title":"Staff - Richard M. Fairbanks Foundation","og_description":"Get to know the staff of the Richard M. Fairbanks Foundation by clicking here.","og_url":"https:\/\/old.rmff.wrhosting.net\/fr\/who-we-are\/staff\/","og_site_name":"Richard M. Fairbanks Foundation","article_modified_time":"2025-12-03T19:31:35+00:00","twitter_card":"summary_large_image","schema":{"@context":"https:\/\/schema.org","@graph":[{"@type":"WebPage","@id":"https:\/\/old.rmff.wrhosting.net\/who-we-are\/staff\/","url":"https:\/\/old.rmff.wrhosting.net\/who-we-are\/staff\/","name":"Staff - Richard M. Fairbanks Foundation","isPartOf":{"@id":"https:\/\/old.rmff.wrhosting.net\/#website"},"datePublished":"2021-04-13T13:23:09+00:00","dateModified":"2025-12-03T19:31:35+00:00","description":"Get to know the staff of the Richard M. Fairbanks Foundation by clicking here.","breadcrumb":{"@id":"https:\/\/old.rmff.wrhosting.net\/who-we-are\/staff\/#breadcrumb"},"inLanguage":"fr-FR","potentialAction":[{"@type":"ReadAction","target":["https:\/\/old.rmff.wrhosting.net\/who-we-are\/staff\/"]}]},{"@type":"BreadcrumbList","@id":"https:\/\/old.rmff.wrhosting.net\/who-we-are\/staff\/#breadcrumb","itemListElement":[{"@type":"ListItem","position":1,"name":"Home","item":"https:\/\/old.rmff.wrhosting.net\/"},{"@type":"ListItem","position":2,"name":"Who We Are","item":"https:\/\/old.rmff.wrhosting.net\/es\/who-we-are\/"},{"@type":"ListItem","position":3,"name":"Staff"}]},{"@type":"WebSite","@id":"https:\/\/old.rmff.wrhosting.net\/#website","url":"https:\/\/old.rmff.wrhosting.net\/","name":"Fondation Richard M. Fairbanks","description":"Faire progresser la vitalit\u00e9 d\u2019Indianapolis et le bien-\u00eatre de sa population.","potentialAction":[{"@type":"SearchAction","target":{"@type":"EntryPoint","urlTemplate":"https:\/\/old.rmff.wrhosting.net\/?s={search_term_string}"},"query-input":{"@type":"PropertyValueSpecification","valueRequired":true,"valueName":"search_term_string"}}],"inLanguage":"fr-FR"}]}},"_links":{"self":[{"href":"https:\/\/old.rmff.wrhosting.net\/fr\/wp-json\/wp\/v2\/pages\/909","targetHints":{"allow":["GET"]}}],"collection":[{"href":"https:\/\/old.rmff.wrhosting.net\/fr\/wp-json\/wp\/v2\/pages"}],"about":[{"href":"https:\/\/old.rmff.wrhosting.net\/fr\/wp-json\/wp\/v2\/types\/page"}],"author":[{"embeddable":true,"href":"https:\/\/old.rmff.wrhosting.net\/fr\/wp-json\/wp\/v2\/users\/7"}],"replies":[{"embeddable":true,"href":"https:\/\/old.rmff.wrhosting.net\/fr\/wp-json\/wp\/v2\/comments?post=909"}],"version-history":[{"count":90,"href":"https:\/\/old.rmff.wrhosting.net\/fr\/wp-json\/wp\/v2\/pages\/909\/revisions"}],"predecessor-version":[{"id":15667,"href":"https:\/\/old.rmff.wrhosting.net\/fr\/wp-json\/wp\/v2\/pages\/909\/revisions\/15667"}],"up":[{"embeddable":true,"href":"https:\/\/old.rmff.wrhosting.net\/fr\/wp-json\/wp\/v2\/pages\/903"}],"wp:attachment":[{"href":"https:\/\/old.rmff.wrhosting.net\/fr\/wp-json\/wp\/v2\/media?parent=909"}],"curies":[{"name":"wp","href":"https:\/\/api.w.org\/{rel}","templated":true}]}}