{"id":909,"date":"2021-04-13T13:23:09","date_gmt":"2021-04-13T13:23:09","guid":{"rendered":"https:\/\/www.rmff.org\/?page_id=909"},"modified":"2025-12-03T14:31:35","modified_gmt":"2025-12-03T19:31:35","slug":"staff","status":"publish","type":"page","link":"https:\/\/old.rmff.wrhosting.net\/es\/who-we-are\/staff\/","title":{"rendered":"Personal"},"content":{"rendered":"<div style=\"height:45px\" aria-hidden=\"true\" class=\"wp-block-spacer\"><\/div>\n\n\n<section id=\"header-with-colored-subtitle-block_5ff49e151e3243f69ffcca77fc3aedc2\" class=\"block header-with-colored-subtitle-wrapper\">\n  <div class=\"container\">\n    <div class=\"row\">\n      <div class=\"col-12\">\n        <div class=\"heading-wrapper\">\n          <h1>EL PERSONAL DE LA FUNDACI\u00d3N<\/h1>\n        <\/div>\n                <div class=\"subtitle-wrapper\">\n          <p>Puede encontrar m\u00e1s informaci\u00f3n sobre el personal de la Fundaci\u00f3n a continuaci\u00f3n.<\/p>\n        <\/div>\n              <\/div>\n    <\/div>\n  <\/div>\n<\/section>\n\n<section id=\"rmff-accordion-block_c9282ace7b1f248818c3e2eb51abd090\" class=\"block rmff-accordion-wrapper\">\n  <div class=\"container\">\n    <div class=\"row\">\n      <div class=\"col-12\">\n        <div class=\"accordion\" id=\"accordion-rmff-accordion-block_c9282ace7b1f248818c3e2eb51abd090\">\n                                        <div class=\"single-accordion\">\n            <div class=\"accordion-heading\" id=\"heading-1\">\n              <button class=\"accordion-track collapsed\" type=\"button\" data-toggle=\"collapse\"\n                data-target=\"#collapse-1\" aria-expanded=\"false\"\n                aria-controls=\"collapse-1\">\n                <div class=\"heading-wrapper\">\n                                    <h3 class=\"accordion-track\">ALEXIS BROWN<\/h3>\n                                                      <h4>Finance &#038; Human Resources Manager<\/h4>\n                                  <\/div>\n                <div class=\"accordion-icon-wrapper\">\n                  <div class=\"accordion-icon\"><\/div>\n                  <div class=\"accordion-icon\"><\/div>\n                <\/div>\n              <\/button>\n            <\/div>\n            <div class=\"accordion-content-wrapper collapse\" id=\"collapse-1\" aria-labelledby=\"heading-1\"\n              data-parent=\"#accordion-rmff-accordion-block_c9282ace7b1f248818c3e2eb51abd090\">\n              <div class=\"accordion-content\">\n                <p class=\"x_x_elementToProof\" data-ogsc=\"rgb(0, 0, 0)\">Alexis Brown joined the Richard M. Fairbanks Foundation in 2025 as <span data-olk-copy-source=\"MessageBody\">Finance &amp; Human Resources Manager<\/span>. In her role, she supports the Chief Financial Officer in financial management and human resource administration. Prior to joining the Foundation, Brown was a project manager for the Ren\u00e9e Crown Wellness Institute at the University of Colorado in Boulder, where she supported their research in local school districts. An Indianapolis native, Brown holds a Bachelor of Science in accounting from the University of Evansville and a Master of Arts in social psychology from Ball State University.<\/p>\n              <\/div>\n            <\/div>\n          <\/div>\n                              <div class=\"single-accordion\">\n            <div class=\"accordion-heading\" id=\"heading-2\">\n              <button class=\"accordion-track collapsed\" type=\"button\" data-toggle=\"collapse\"\n                data-target=\"#collapse-2\" aria-expanded=\"false\"\n                aria-controls=\"collapse-2\">\n                <div class=\"heading-wrapper\">\n                                    <h3 class=\"accordion-track\">HALE CRUMLEY<\/h3>\n                                                      <h4>Oficial de Programas<\/h4>\n                                  <\/div>\n                <div class=\"accordion-icon-wrapper\">\n                  <div class=\"accordion-icon\"><\/div>\n                  <div class=\"accordion-icon\"><\/div>\n                <\/div>\n              <\/button>\n            <\/div>\n            <div class=\"accordion-content-wrapper collapse\" id=\"collapse-2\" aria-labelledby=\"heading-2\"\n              data-parent=\"#accordion-rmff-accordion-block_c9282ace7b1f248818c3e2eb51abd090\">\n              <div class=\"accordion-content\">\n                <p class=\"x_x_elementToProof\" data-ogsc=\"rgb(0, 0, 0)\" data-olk-copy-source=\"MessageBody\">Hale Crumley joined the Richard M. Fairbanks Foundation in 2025 as a Program Officer. In this role, she manages grantee relationships and guides nonprofit organizations through the entire application process, from concept development through presentation of proposals and evaluation of results. Prior to joining the Foundation, Crumley worked as the Policy Manager for Prosperity Indiana.<\/p>\n<p class=\"x_x_elementToProof\" data-ogsc=\"rgb(0, 0, 0)\">Crumley is a proud first-generation college graduate. She holds a Master of Public Affairs in community &amp; economic development and a Bachelor of Public Affairs in nonprofit management &amp; leadership from Indiana University. She also holds a certificate in public policy &amp; budget models from the University of Pennsylvania and a certificate in storytelling for social change from the University of Michigan.<\/p>\n              <\/div>\n            <\/div>\n          <\/div>\n                              <div class=\"single-accordion\">\n            <div class=\"accordion-heading\" id=\"heading-3\">\n              <button class=\"accordion-track collapsed\" type=\"button\" data-toggle=\"collapse\"\n                data-target=\"#collapse-3\" aria-expanded=\"false\"\n                aria-controls=\"collapse-3\">\n                <div class=\"heading-wrapper\">\n                                    <h3 class=\"accordion-track\">SHANNON ELWARD<\/h3>\n                                                      <h4>Gerente de Comunicaciones<\/h4>\n                                  <\/div>\n                <div class=\"accordion-icon-wrapper\">\n                  <div class=\"accordion-icon\"><\/div>\n                  <div class=\"accordion-icon\"><\/div>\n                <\/div>\n              <\/button>\n            <\/div>\n            <div class=\"accordion-content-wrapper collapse\" id=\"collapse-3\" aria-labelledby=\"heading-3\"\n              data-parent=\"#accordion-rmff-accordion-block_c9282ace7b1f248818c3e2eb51abd090\">\n              <div class=\"accordion-content\">\n                <p>Shannon Elward se uni\u00f3 a la Fundaci\u00f3n Fairbanks en 2023 como Gerente de Comunicaciones. En este puesto, trabaja en estrecha colaboraci\u00f3n con el director de comunicaciones para desarrollar, perfeccionar y ejecutar estrategias y t\u00e1cticas que respalden los objetivos de comunicaci\u00f3n de la Fundaci\u00f3n. Antes de unirse a la Fundaci\u00f3n, Elward fue redactora senior de contenido en DemandJump, una nueva empresa de Indian\u00e1polis, donde desarroll\u00f3 contenido de marketing para clientes de tecnolog\u00eda, educaci\u00f3n y atenci\u00f3n m\u00e9dica. Antes de esto, ocup\u00f3 varios puestos en la Comisi\u00f3n de Educaci\u00f3n Superior de Indiana, incluida la de Directora de Learn More Indiana, Subdirectora de Comunicaciones y miembro de AmeriCorps VISTA. Elward, ex instructor adjunto, tiene una licenciatura en ingl\u00e9s y sociolog\u00eda y una maestr\u00eda en ret\u00f3rica y composici\u00f3n de la Universidad de Indiana en Fort Wayne.<\/p>\n              <\/div>\n            <\/div>\n          <\/div>\n                              <div class=\"single-accordion\">\n            <div class=\"accordion-heading\" id=\"heading-4\">\n              <button class=\"accordion-track collapsed\" type=\"button\" data-toggle=\"collapse\"\n                data-target=\"#collapse-4\" aria-expanded=\"false\"\n                aria-controls=\"collapse-4\">\n                <div class=\"heading-wrapper\">\n                                    <h3 class=\"accordion-track\">ANDREA GRANJERO<\/h3>\n                                                      <h4>Director de Comunicaciones<\/h4>\n                                  <\/div>\n                <div class=\"accordion-icon-wrapper\">\n                  <div class=\"accordion-icon\"><\/div>\n                  <div class=\"accordion-icon\"><\/div>\n                <\/div>\n              <\/button>\n            <\/div>\n            <div class=\"accordion-content-wrapper collapse\" id=\"collapse-4\" aria-labelledby=\"heading-4\"\n              data-parent=\"#accordion-rmff-accordion-block_c9282ace7b1f248818c3e2eb51abd090\">\n              <div class=\"accordion-content\">\n                <p>Andrea Farmer se uni\u00f3 a la Fundaci\u00f3n Richard M. Fairbanks como directora de comunicaciones en 2022. En este puesto, trabaja en estrecha colaboraci\u00f3n con el presidente y director ejecutivo de la Fundaci\u00f3n y el equipo del programa para desarrollar e implementar estrategias de comunicaci\u00f3n que articulen la misi\u00f3n y el trabajo de la Fundaci\u00f3n con las partes interesadas y otros. audiencias externas.<\/p>\n<p>Antes de unirse a la Fundaci\u00f3n, se desempe\u00f1\u00f3 como Directora de Participaci\u00f3n Externa y Asuntos Gubernamentales en Indiana Donor Network, donde supervis\u00f3 m\u00faltiples funciones, incluidas comunicaciones de marketing, extensi\u00f3n comunitaria, asuntos gubernamentales y asuntos legales. Otros roles anteriores incluyen vicepresidente senior de comunicaciones estrat\u00e9gicas y servicios de cuentas en la agencia de comunicaciones de marketing Hirons de Indian\u00e1polis y director asociado de iniciativas estrat\u00e9gicas en la NCAA. A lo largo de su carrera, Farmer ha estado involucrada con varias organizaciones sin fines de lucro y asociaciones industriales, incluso como presidenta del Cap\u00edtulo Hoosier de la Sociedad de Relaciones P\u00fablicas de Am\u00e9rica. Farmer posee una acreditaci\u00f3n en Relaciones P\u00fablicas de la Junta de Acreditaci\u00f3n Universal de la Sociedad de Relaciones P\u00fablicas de Estados Unidos y recibi\u00f3 su licenciatura en relaciones p\u00fablicas de Ball State University, Magna Cum Laude.<\/p>\n              <\/div>\n            <\/div>\n          <\/div>\n                              <div class=\"single-accordion\">\n            <div class=\"accordion-heading\" id=\"heading-5\">\n              <button class=\"accordion-track collapsed\" type=\"button\" data-toggle=\"collapse\"\n                data-target=\"#collapse-5\" aria-expanded=\"false\"\n                aria-controls=\"collapse-5\">\n                <div class=\"heading-wrapper\">\n                                    <h3 class=\"accordion-track\">CLAIRE FIDDIAN-VERDE<\/h3>\n                                                      <h4>Presidente y CEO<\/h4>\n                                  <\/div>\n                <div class=\"accordion-icon-wrapper\">\n                  <div class=\"accordion-icon\"><\/div>\n                  <div class=\"accordion-icon\"><\/div>\n                <\/div>\n              <\/button>\n            <\/div>\n            <div class=\"accordion-content-wrapper collapse\" id=\"collapse-5\" aria-labelledby=\"heading-5\"\n              data-parent=\"#accordion-rmff-accordion-block_c9282ace7b1f248818c3e2eb51abd090\">\n              <div class=\"accordion-content\">\n                <p><span data-contrast=\"auto\">Claire J. Fiddian-Green se uni\u00f3 a la Fundaci\u00f3n Richard M. Fairbanks como presidenta y directora ejecutiva en 2015. En este cargo, colabora con la junta directiva para definir los objetivos y las estrategias de financiamiento de la Fundaci\u00f3n y supervisa la implementaci\u00f3n de la misi\u00f3n y las operaciones de la Fundaci\u00f3n. .\u00a0<\/span><span data-ccp-props=\"{&quot;134233279&quot;:true}\">\u00a0<\/span><\/p>\n<p><span data-contrast=\"auto\">Anteriormente, Fiddian-Green se desempe\u00f1\u00f3 como asistente especial para la innovaci\u00f3n educativa del gobernador de Indiana, Mike Pence, y cofundador del Centro para la innovaci\u00f3n educativa y profesional. Fiddian-Green tambi\u00e9n se desempe\u00f1\u00f3 como directora ejecutiva fundadora de la Junta de Escuelas Ch\u00e1rter de Indiana, una agencia autorizadora de escuelas ch\u00e1rter a nivel estatal. Sus funciones anteriores incluyen la de presidente de The Mind Trust, responsable de subvenciones de la Fundaci\u00f3n Richard M. Fairbanks y analista senior dentro del grupo de Banca de Inversi\u00f3n y Finanzas Corporativas de Eli Lilly &amp; Company.\u00a0<\/span><span data-ccp-props=\"{&quot;134233279&quot;:true}\">\u00a0<\/span><\/p>\n<p><span data-contrast=\"auto\">Fiddian-Green tiene una licenciatura de la Universidad de Brown y un MBA de la Universidad de Columbia. En 2024, recibi\u00f3 el t\u00edtulo de Doctor Honoris Causa en Educaci\u00f3n de la Universidad Marian. Es miembro de la Clase XXXIV de la Serie de Liderazgo Ejecutivo de Stanley K. Lacy y ha sido nombrada dos veces para <\/span><span data-contrast=\"auto\">La edici\u00f3n anual de IBJ Media de <\/span><i><span data-contrast=\"auto\">Indiana 250<\/span><\/i><span data-contrast=\"auto\">, una lista de los &quot;l\u00edderes m\u00e1s influyentes e impactantes&quot; del estado.<\/span><span data-contrast=\"auto\"> En 2022, <\/span><span data-contrast=\"auto\">ella <\/span><span data-contrast=\"auto\">fue reconocido entre los IBJ <\/span><i><span data-contrast=\"auto\">2022 Mujeres de influencia<\/span><\/i><span data-contrast=\"auto\">, y ella tambi\u00e9n <\/span><span data-contrast=\"auto\">recibi\u00f3 el premio Circle of Hope del Community Fairbanks Recovery Center por sus destacadas contribuciones al campo de la adicci\u00f3n.<\/span><span data-ccp-props=\"{&quot;134233279&quot;:true}\">\u00a0<\/span><\/p>\n<p><span data-contrast=\"auto\">Fiddian-Green forma parte de la junta directiva y del comit\u00e9 ejecutivo de la C\u00e1mara de Indy, donde tambi\u00e9n preside el Consejo de Pol\u00edtica de Salud. Es miembro de las juntas directivas de Central Indiana Corporate Partnership, Regenstrief Institute y CareerWise USA. Se desempe\u00f1\u00f3 como presidenta del Club Econ\u00f3mico de Indiana durante la temporada 2017-2018 y actualmente es miembro de la Junta y del Comit\u00e9 Ejecutivo. Tambi\u00e9n se desempe\u00f1\u00f3 como copresidenta del Comit\u00e9 de Impacto del Legado para el Indy College Football Playoff, Inc. de 2022 y fue miembro de la Junta y del Comit\u00e9 Ejecutivo de 2018 a 2022. De 2017 a 2024, Fiddian-Green form\u00f3 parte de la Junta de la Fundaci\u00f3n de Liderazgo Mitch Daniels, incluso como presidenta de 2021 a 2023. En noviembre de 2020, fue nombrada copresidenta del Grupo de Trabajo sobre Oportunidades de Aprendizaje y Talento del Comit\u00e9 de Equidad Empresarial para Indy, una iniciativa conjunta de Central Indiana Corporate Partnership y la La Indy Chamber, en asociaci\u00f3n con la Liga Urbana de Indian\u00e1polis, se centr\u00f3 en abordar las desigualdades raciales en el centro de Indiana. Tambi\u00e9n forma parte del Comit\u00e9 de Gesti\u00f3n de Equidad Empresarial de Indy. En 2023, <\/span><span data-contrast=\"auto\">ella se convirti\u00f3 en<\/span><span data-contrast=\"auto\"> copresidente de CEMETS iLab Indiana, una coalici\u00f3n de l\u00edderes que buscan ampliar el aprendizaje juvenil moderno y garantizar que todos los Hoosiers tengan acceso a opciones de educaci\u00f3n y capacitaci\u00f3n de alta calidad.<\/span><span data-ccp-props=\"{&quot;134233279&quot;:true,&quot;335559739&quot;:0}\">\u00a0<\/span><\/p>\n              <\/div>\n            <\/div>\n          <\/div>\n                              <div class=\"single-accordion\">\n            <div class=\"accordion-heading\" id=\"heading-6\">\n              <button class=\"accordion-track collapsed\" type=\"button\" data-toggle=\"collapse\"\n                data-target=\"#collapse-6\" aria-expanded=\"false\"\n                aria-controls=\"collapse-6\">\n                <div class=\"heading-wrapper\">\n                                    <h3 class=\"accordion-track\">RICO FRANCIS<\/h3>\n                                                      <h4>Oficial de Programas<\/h4>\n                                  <\/div>\n                <div class=\"accordion-icon-wrapper\">\n                  <div class=\"accordion-icon\"><\/div>\n                  <div class=\"accordion-icon\"><\/div>\n                <\/div>\n              <\/button>\n            <\/div>\n            <div class=\"accordion-content-wrapper collapse\" id=\"collapse-6\" aria-labelledby=\"heading-6\"\n              data-parent=\"#accordion-rmff-accordion-block_c9282ace7b1f248818c3e2eb51abd090\">\n              <div class=\"accordion-content\">\n                <p data-ogsc=\"rgb(0, 0, 0)\" data-olk-copy-source=\"MessageBody\">Rico Francis joined the Richard M. Fairbanks Foundation in 2025 as a Program Officer. In his role, he manages grantee relationships and guides nonprofit organizations through the entire application process, from concept development through presentation of proposals and evaluation of results. Prior to joining the Foundation, Francis worked at Pacers Sports &amp; Entertainment as the first Pacers Foundation Social Impact Director. Previously, he held consulting roles with TNTP.<\/p>\n<p data-ogsc=\"rgb(0, 0, 0)\">Francis is the recipient of several notable honors and awards, including the Indiana Latino Institute\u2019s 2024 Rising Latino Stars in Their 20s award, 2024 Indianapolis Public Schools Community Partner in Action award, and the Community Alliance of the Far Eastside\u2019s Way Maker award. Francis holds a Bachelor of Arts in communication studies from Christopher Newport University. <span data-olk-copy-source=\"MessageBody\">He completed the Mutz Philanthropic Leadership Institute in 2025.\u00a0<\/span><\/p>\n              <\/div>\n            <\/div>\n          <\/div>\n                              <div class=\"single-accordion\">\n            <div class=\"accordion-heading\" id=\"heading-7\">\n              <button class=\"accordion-track collapsed\" type=\"button\" data-toggle=\"collapse\"\n                data-target=\"#collapse-7\" aria-expanded=\"false\"\n                aria-controls=\"collapse-7\">\n                <div class=\"heading-wrapper\">\n                                    <h3 class=\"accordion-track\">TRACI JOHNSON<\/h3>\n                                                      <h4>Administrador del programa<\/h4>\n                                  <\/div>\n                <div class=\"accordion-icon-wrapper\">\n                  <div class=\"accordion-icon\"><\/div>\n                  <div class=\"accordion-icon\"><\/div>\n                <\/div>\n              <\/button>\n            <\/div>\n            <div class=\"accordion-content-wrapper collapse\" id=\"collapse-7\" aria-labelledby=\"heading-7\"\n              data-parent=\"#accordion-rmff-accordion-block_c9282ace7b1f248818c3e2eb51abd090\">\n              <div class=\"accordion-content\">\n                <p>Traci Johnson se uni\u00f3 a la Fundaci\u00f3n Richard M. Fairbanks como administradora del programa en 2022. En este puesto, supervisa los procesos y procedimientos de concesi\u00f3n de subvenciones para la Fundaci\u00f3n. Antes de incorporarse a la Fundaci\u00f3n, Johnson trabaj\u00f3 en el Departamento de Salud de Indiana dentro de la Divisi\u00f3n de VIH, ETS y Hepatitis Viral. Johnson tiene una Maestr\u00eda en Servicio P\u00fablico de la Escuela Clinton de Servicio P\u00fablico y una Licenciatura en Franc\u00e9s, Estudios Internacionales y Ciencias Pol\u00edticas de la Universidad del Sur de Indiana.<\/p>\n              <\/div>\n            <\/div>\n          <\/div>\n                              <div class=\"single-accordion\">\n            <div class=\"accordion-heading\" id=\"heading-8\">\n              <button class=\"accordion-track collapsed\" type=\"button\" data-toggle=\"collapse\"\n                data-target=\"#collapse-8\" aria-expanded=\"false\"\n                aria-controls=\"collapse-8\">\n                <div class=\"heading-wrapper\">\n                                    <h3 class=\"accordion-track\">KEVIN KESSINGER<\/h3>\n                                                      <h4>Director financiero<\/h4>\n                                  <\/div>\n                <div class=\"accordion-icon-wrapper\">\n                  <div class=\"accordion-icon\"><\/div>\n                  <div class=\"accordion-icon\"><\/div>\n                <\/div>\n              <\/button>\n            <\/div>\n            <div class=\"accordion-content-wrapper collapse\" id=\"collapse-8\" aria-labelledby=\"heading-8\"\n              data-parent=\"#accordion-rmff-accordion-block_c9282ace7b1f248818c3e2eb51abd090\">\n              <div class=\"accordion-content\">\n                <p>Kevin Kessinger se uni\u00f3 a la Fundaci\u00f3n Richard M. Fairbanks en 2016 como tesorero y director financiero. En este cargo, tiene la responsabilidad principal de todas las actividades financieras, de inversi\u00f3n y operativas de la Fundaci\u00f3n, incluidos los recursos humanos y la tecnolog\u00eda de la informaci\u00f3n. M\u00e1s recientemente, Kessinger se desempe\u00f1\u00f3 como vicepresidente asociado de Finanzas y Administraci\u00f3n en la Universidad DePauw, donde supervis\u00f3 funciones financieras y contables, incluidas cuentas por pagar, cuentas de estudiantes, contabilidad, presupuesto, contabilidad de donaciones y gesti\u00f3n de riesgos y seguros. Kessinger recibi\u00f3 su Licenciatura en Contabilidad de la Universidad de Indiana en Bloomington y su Maestr\u00eda en Administraci\u00f3n de Empresas, Cum Laude, con especializaci\u00f3n en finanzas corporativas de la Universidad de Notre Dame. Anteriormente, Kessinger se desempe\u00f1\u00f3 como controlador en el Instituto de Tecnolog\u00eda Rose-Hulman.<\/p>\n              <\/div>\n            <\/div>\n          <\/div>\n                              <div class=\"single-accordion\">\n            <div class=\"accordion-heading\" id=\"heading-9\">\n              <button class=\"accordion-track collapsed\" type=\"button\" data-toggle=\"collapse\"\n                data-target=\"#collapse-9\" aria-expanded=\"false\"\n                aria-controls=\"collapse-9\">\n                <div class=\"heading-wrapper\">\n                                    <h3 class=\"accordion-track\">KAMI NIELSEN<\/h3>\n                                                      <h4>Senior Director of Programs<\/h4>\n                                  <\/div>\n                <div class=\"accordion-icon-wrapper\">\n                  <div class=\"accordion-icon\"><\/div>\n                  <div class=\"accordion-icon\"><\/div>\n                <\/div>\n              <\/button>\n            <\/div>\n            <div class=\"accordion-content-wrapper collapse\" id=\"collapse-9\" aria-labelledby=\"heading-9\"\n              data-parent=\"#accordion-rmff-accordion-block_c9282ace7b1f248818c3e2eb51abd090\">\n              <div class=\"accordion-content\">\n                <p>Kami Nielsen joined the Richard M. Fairbanks Foundation in 2019. In her role, she develops and leads strategic grantmaking activities and initiatives, manages grantee and stakeholder relationships, and supports organizations through the proposal process. Prior to joining the Foundation, Nielsen worked in Washington, DC at The Education Trust and the Center for American Progress. Nielsen holds a Bachelor of Science and a Master of Public Affairs from Indiana University\u2019s O&#8217;Neill School of Public and Environmental Affairs &#8211; Bloomington. Nielsen completed the Mutz Philanthropic Leadership Institute in 2022 and is a member of Class XLVIII of the Stanley K. Lacy Executive Leadership Series.<\/p>\n              <\/div>\n            <\/div>\n          <\/div>\n                              <div class=\"single-accordion\">\n            <div class=\"accordion-heading\" id=\"heading-10\">\n              <button class=\"accordion-track collapsed\" type=\"button\" data-toggle=\"collapse\"\n                data-target=\"#collapse-10\" aria-expanded=\"false\"\n                aria-controls=\"collapse-10\">\n                <div class=\"heading-wrapper\">\n                                    <h3 class=\"accordion-track\">ELLEN QUIGLEY<\/h3>\n                                                      <h4>Vicepresidente y director de subvenciones<\/h4>\n                                  <\/div>\n                <div class=\"accordion-icon-wrapper\">\n                  <div class=\"accordion-icon\"><\/div>\n                  <div class=\"accordion-icon\"><\/div>\n                <\/div>\n              <\/button>\n            <\/div>\n            <div class=\"accordion-content-wrapper collapse\" id=\"collapse-10\" aria-labelledby=\"heading-10\"\n              data-parent=\"#accordion-rmff-accordion-block_c9282ace7b1f248818c3e2eb51abd090\">\n              <div class=\"accordion-content\">\n                <p>Como vicepresidenta y directora de subvenciones, Ellen Quigley trabaja en estrecha colaboraci\u00f3n con el presidente y director ejecutivo de la Fundaci\u00f3n para desarrollar y perfeccionar las estrategias de la Fundaci\u00f3n dentro de sus \u00e1reas de enfoque. Tambi\u00e9n supervisa la implementaci\u00f3n de estas estrategias a trav\u00e9s de las actividades de concesi\u00f3n de subvenciones y de aprendizaje y evaluaci\u00f3n de la Fundaci\u00f3n.<\/p>\n<p>Prior to joining the Foundation in 2010, Quigley was Chief of Staff for the Office of Congressman Andre Carson and Deputy Mayor for Community Affairs with the City of Indianapolis under Mayor Bart Peterson. In these roles, Quigley was heavily involved in policy development and community engagement in the areas of health and education. Other experience includes leadership of the Greater Indianapolis Progress Committee, a non-profit organization dedicated to convening business and community leaders to conduct best practice research and make recommendations to the Mayor to help solve Indianapolis\u2019 most pressing issues. Before entering public service, Quigley practiced law for several years at two law firms and was law clerk for a federal district judge in Indiana.\u00a0 Throughout her career, Quigley has also been an active member of the Indianapolis non-profit community, serving as board member for a variety of non-profit organizations and on the Health and Hospital Corporation Board of Trustees. She currently serves on the Indiana Nonprofits Project Advisory Board and several philanthropy-related initiatives. Ellen holds a Juris Doctor degree, Summa Cum Laude, from the Indiana University Robert H. McKinney School of Law.<\/p>\n              <\/div>\n            <\/div>\n          <\/div>\n                              <div class=\"single-accordion\">\n            <div class=\"accordion-heading\" id=\"heading-11\">\n              <button class=\"accordion-track collapsed\" type=\"button\" data-toggle=\"collapse\"\n                data-target=\"#collapse-11\" aria-expanded=\"false\"\n                aria-controls=\"collapse-11\">\n                <div class=\"heading-wrapper\">\n                                    <h3 class=\"accordion-track\">SARAH SULLIVAN<\/h3>\n                                                      <h4>Oficial de Programas<\/h4>\n                                  <\/div>\n                <div class=\"accordion-icon-wrapper\">\n                  <div class=\"accordion-icon\"><\/div>\n                  <div class=\"accordion-icon\"><\/div>\n                <\/div>\n              <\/button>\n            <\/div>\n            <div class=\"accordion-content-wrapper collapse\" id=\"collapse-11\" aria-labelledby=\"heading-11\"\n              data-parent=\"#accordion-rmff-accordion-block_c9282ace7b1f248818c3e2eb51abd090\">\n              <div class=\"accordion-content\">\n                <p>Sarah Sullivan se uni\u00f3 a la Fundaci\u00f3n Richard M. Fairbanks como Oficial de Programa en 2015 despu\u00e9s de desempe\u00f1arse como Subdirectora de Solicitudes para la Junta de Escuelas Ch\u00e1rter de Indiana, la agencia autorizadora de escuelas ch\u00e1rter a nivel estatal. En su funci\u00f3n en la Fundaci\u00f3n, gestiona las relaciones con los beneficiarios y gu\u00eda a las organizaciones sin fines de lucro a lo largo de todo el proceso de solicitud, desde el desarrollo del concepto hasta la presentaci\u00f3n de propuestas y la evaluaci\u00f3n de resultados. Sullivan es miembro de la Clase XLII de la Serie de Liderazgo Ejecutivo de Stanley K. Lacy y tiene una Licenciatura en Artes de la Universidad DePauw.<\/p>\n              <\/div>\n            <\/div>\n          <\/div>\n                              <div class=\"single-accordion\">\n            <div class=\"accordion-heading\" id=\"heading-12\">\n              <button class=\"accordion-track collapsed\" type=\"button\" data-toggle=\"collapse\"\n                data-target=\"#collapse-12\" aria-expanded=\"false\"\n                aria-controls=\"collapse-12\">\n                <div class=\"heading-wrapper\">\n                                    <h3 class=\"accordion-track\">EMILYN BLANCO<\/h3>\n                                                      <h4>Director Senior de Aprendizaje y Evaluaci\u00f3n<\/h4>\n                                  <\/div>\n                <div class=\"accordion-icon-wrapper\">\n                  <div class=\"accordion-icon\"><\/div>\n                  <div class=\"accordion-icon\"><\/div>\n                <\/div>\n              <\/button>\n            <\/div>\n            <div class=\"accordion-content-wrapper collapse\" id=\"collapse-12\" aria-labelledby=\"heading-12\"\n              data-parent=\"#accordion-rmff-accordion-block_c9282ace7b1f248818c3e2eb51abd090\">\n              <div class=\"accordion-content\">\n                <div class=\"x_elementToProof\" data-ogsc=\"rgb(33, 37, 41)\"><span data-ogsc=\"\" data-ogsb=\"rgb(255, 255, 255)\" data-olk-copy-source=\"MessageBody\">Emilyn Whitesell joined the Richard M. Fairbanks Foundation in 2019. In her role, she collaborates with Foundation staff, grantees, and other stakeholders to ground the Foundation\u2019s work in high-quality research and data. Whitesell came to the Foundation from Mathematica, where she conducted research projects for federal, nonprofit, and foundation clients, focusing primarily on education policy and program evaluation. A former Indianapolis Public Schools teacher and Teach For America corps member, Whitesell holds a Bachelor of Science in business from Indiana University, a Master of Arts in teaching from Marian University,\u00a0and a Doctor of Philosophy in public administration from New York University.\u00a0She completed the Tobias Fellowship through Indiana University in 2024 and was recognized in\u00a0the Indianapolis Business Journal\u2019s Forty Under 40 class of 2024.<\/span><\/div>\n              <\/div>\n            <\/div>\n          <\/div>\n                              <div class=\"single-accordion\">\n            <div class=\"accordion-heading\" id=\"heading-13\">\n              <button class=\"accordion-track collapsed\" type=\"button\" data-toggle=\"collapse\"\n                data-target=\"#collapse-13\" aria-expanded=\"false\"\n                aria-controls=\"collapse-13\">\n                <div class=\"heading-wrapper\">\n                                    <h3 class=\"accordion-track\">MADELINE SALVAJE<\/h3>\n                                                      <h4>Gerente de an\u00e1lisis<\/h4>\n                                  <\/div>\n                <div class=\"accordion-icon-wrapper\">\n                  <div class=\"accordion-icon\"><\/div>\n                  <div class=\"accordion-icon\"><\/div>\n                <\/div>\n              <\/button>\n            <\/div>\n            <div class=\"accordion-content-wrapper collapse\" id=\"collapse-13\" aria-labelledby=\"heading-13\"\n              data-parent=\"#accordion-rmff-accordion-block_c9282ace7b1f248818c3e2eb51abd090\">\n              <div class=\"accordion-content\">\n                <p>Madeline Wild se uni\u00f3 a la Fundaci\u00f3n Fairbanks en 2023 como Gerente de An\u00e1lisis. En este rol, colabora con el Director Senior de Aprendizaje y Evaluaci\u00f3n y otro personal del Programa en las \u00e1reas de gesti\u00f3n, an\u00e1lisis, visualizaci\u00f3n e investigaci\u00f3n de datos. Antes de unirse a la Fundaci\u00f3n, Wild fue gerente de datos en RISE INDY, donde cre\u00f3 herramientas, sistemas y paneles de datos. Antes de eso, trabaj\u00f3 como maestra de aula en los niveles de escuela primaria, intermedia y secundaria, ense\u00f1ando diversas materias, incluidas qu\u00edmica, estudios sociales y artes del lenguaje ingl\u00e9s. Actualmente, Wild forma parte del equipo administrativo del grupo de usuarios novatos de Tableau, donde ayuda con eventos y capacitaciones para quienes son nuevos en el uso del software de Tableau y en la comunidad de datos. Se gradu\u00f3 Summa Cum Laude de la Universidad de Indiana, donde obtuvo una Licenciatura en Artes con honores en Historia del Arte y una Licenciatura en Qu\u00edmica. Wild tambi\u00e9n tiene una certificaci\u00f3n de posgrado de transici\u00f3n a la ense\u00f1anza de la Universidad Taylor y una Maestr\u00eda en Educaci\u00f3n en curr\u00edculo e instrucci\u00f3n de la Universidad Purdue.<\/p>\n              <\/div>\n            <\/div>\n          <\/div>\n                            <\/div>\n      <\/div>\n    <\/div>\n<\/section>\n\n\n<div style=\"height:45px\" aria-hidden=\"true\" class=\"wp-block-spacer\"><\/div>\n\n\n<style>\nlabel {\n  color: white;\n}\n<\/style>\n\n<section id=\"newsletter-signup-block_3adb2df1df6be11b0e16590f9d895fe8\" class=\"newsletter-signup-wrapper-new\">\n  <div class=\"container\">\n    <div class=\"row\">\n      <div class=\"col-12 col-lg-5\">\n        <div class=\"signup-content-wrapper\">\n          <div class=\"headline-content\">\n            <h2>Suscr\u00edbete a nuestro bolet\u00edn<\/h2>\n          <\/div>\n          <div class=\"signup-content\">\n            <p>Reciba actualizaciones de la Fundaci\u00f3n directamente en su bandeja de entrada.<\/p>\n          <\/div>\n        <\/div>\n      <\/div>\n      <div class=\"col-12 col-lg-7\">\n        <div class=\"signup-form-wrapper\">\n          <div class=\"signup-form\">\n            <link rel='stylesheet' id='formidable-css' defer href='https:\/\/old.rmff.wrhosting.net\/wp-content\/plugins\/formidable\/css\/formidableforms.css' type='text\/css' media='all' \/>\n<div class=\"frm_forms  with_frm_style frm_style_formidable-style\" id=\"frm_form_8_container\" >\n<form enctype=\"multipart\/form-data\" method=\"post\" class=\"frm-show-form  frm_pro_form\" id=\"form_newslettersignupnew\" action=\"\" >\n<div class=\"frm_form_fields\">\n<fieldset>\n<legend class=\"frm_screen_reader\">Suscr\u00edbete al bolet\u00edn NUEVO<\/legend>\r\n\r\n<div class=\"frm_fields_container\">\n<input type=\"hidden\" name=\"frm_action\" value=\"create\" \/>\n<input type=\"hidden\" name=\"form_id\" value=\"8\" \/>\n<input type=\"hidden\" name=\"frm_hide_fields_8\" id=\"frm_hide_fields_8\" value=\"\" \/>\n<input type=\"hidden\" name=\"form_key\" value=\"newslettersignupnew\" \/>\n<input type=\"hidden\" name=\"item_meta[0]\" value=\"\" \/>\n<input type=\"hidden\" id=\"frm_submit_entry_8\" name=\"frm_submit_entry_8\" value=\"1a7035f1ac\" \/><input type=\"hidden\" name=\"_wp_http_referer\" value=\"\/es\/wp-json\/wp\/v2\/pages\/909\" \/><div id=\"frm_field_39_container\" class=\"frm_form_field form-field  frm_required_field frm_none_container frm6 frm_first\">\r\n    <label for=\"field_bn3oh22\" id=\"field_bn3oh22_label\" class=\"frm_primary_label\">Nombre de pila\r\n        <span class=\"frm_required\" aria-hidden=\"true\">*<\/span>\r\n    <\/label>\r\n    <input  type=\"text\" id=\"field_bn3oh22\" name=\"item_meta[39]\" value=\"\"  placeholder=\"Nombre de pila *\" data-reqmsg=\"First Name cannot be blank.\" aria-required=\"true\" data-invmsg=\"Text is invalid\" aria-invalid=\"false\"   \/>\r\n    \r\n    \r\n<\/div>\n<div id=\"frm_field_40_container\" class=\"frm_form_field form-field  frm_required_field frm_none_container frm6\">\r\n    <label for=\"field_qe1zv\" id=\"field_qe1zv_label\" class=\"frm_primary_label\">Apellido\r\n        <span class=\"frm_required\" aria-hidden=\"true\">*<\/span>\r\n    <\/label>\r\n    <input  type=\"text\" id=\"field_qe1zv\" name=\"item_meta[40]\" value=\"\"  placeholder=\"Apellido *\" data-reqmsg=\"Last Name cannot be blank.\" aria-required=\"true\" data-invmsg=\"Text is invalid\" aria-invalid=\"false\"   \/>\r\n    \r\n    \r\n<\/div>\n<div id=\"frm_field_41_container\" class=\"frm_form_field form-field  frm_required_field frm_hidden_container frm12 frm_first\">\r\n    <label for=\"field_scto522\" id=\"field_scto522_label\" class=\"frm_primary_label\">Correo electr\u00f3nico\r\n        <span class=\"frm_required\" aria-hidden=\"true\">*<\/span>\r\n    <\/label>\r\n    <input type=\"email\" id=\"field_scto522\" name=\"item_meta[41]\" value=\"\"  placeholder=\"Correo electr\u00f3nico *\" data-reqmsg=\"Email cannot be blank.\" aria-required=\"true\" data-invmsg=\"Email is invalid\" aria-invalid=\"false\"  \/>\r\n    \r\n    \r\n<\/div>\n<div id=\"frm_field_42_container\" class=\"frm_form_field form-field  frm_none_container frm6 frm_first\">\r\n    <label for=\"field_lx3lq\" id=\"field_lx3lq_label\" class=\"frm_primary_label\">T\u00edtulo profesional\r\n        <span class=\"frm_required\" aria-hidden=\"true\"><\/span>\r\n    <\/label>\r\n    <input  type=\"text\" id=\"field_lx3lq\" name=\"item_meta[42]\" value=\"\"  placeholder=\"T\u00edtulo profesional\" data-invmsg=\"Text is invalid\" aria-invalid=\"false\"   \/>\r\n    \r\n    \r\n<\/div>\n<div id=\"frm_field_43_container\" class=\"frm_form_field form-field  frm_none_container frm6\">\r\n    <label for=\"field_8xhsu\" id=\"field_8xhsu_label\" class=\"frm_primary_label\">Organizaci\u00f3n\r\n        <span class=\"frm_required\" aria-hidden=\"true\"><\/span>\r\n    <\/label>\r\n    <input  type=\"text\" id=\"field_8xhsu\" name=\"item_meta[43]\" value=\"\"  placeholder=\"Organizaci\u00f3n\" data-invmsg=\"Text is invalid\" aria-invalid=\"false\"   \/>\r\n    \r\n    \r\n<\/div>\n<div id=\"frm_field_53_container\" class=\"frm_form_field form-field\">\r\n\t<div class=\"frm_submit\" style=\"text-align: right;\">\r\n\r\n<button class=\"frm_button_submit frm_final_submit\" type=\"submit\"   formnovalidate=\"formnovalidate\">INSCRIBIRSE<\/button>\r\n\r\n<\/div>\r\n<\/div>\n\t<input type=\"hidden\" name=\"item_key\" value=\"\" \/>\n\t\t\t<div id=\"frm_field_67_container\">\n\t\t\t<label for=\"field_vp0u0\" >\n\t\t\t\tSi eres humano, deja este campo en blanco.\t\t\t<\/label>\n\t\t\t<input  id=\"field_vp0u0\" type=\"text\" class=\"frm_form_field form-field frm_verify\" name=\"item_meta[67]\" value=\"\"  \/>\n\t\t<\/div>\n\t\t<input name=\"frm_state\" type=\"hidden\" value=\"5zNPxgsYxU\/\/FZjACs3Ay0wOT8so+qbQR8kOqWOdaU831\/Gx91bxAzUfsmYbI12y\" \/><\/div>\n<\/fieldset>\n<\/div>\n\n<input type=\"hidden\" name=\"trp-form-language\" value=\"es\"\/><\/form>\n<\/div>\n          <\/div>\n        <\/div>\n      <\/div>\n    <\/div>\n  <\/div>\n<\/section>\n\n\n<div style=\"height:60px\" aria-hidden=\"true\" class=\"wp-block-spacer\"><\/div>","protected":false},"excerpt":{"rendered":"","protected":false},"author":7,"featured_media":0,"parent":903,"menu_order":20,"comment_status":"closed","ping_status":"closed","template":"","meta":{"_acf_changed":false,"footnotes":""},"class_list":["post-909","page","type-page","status-publish","hentry"],"acf":[],"yoast_head":"<!-- This site is optimized with the Yoast SEO plugin v26.0 - https:\/\/yoast.com\/wordpress\/plugins\/seo\/ -->\n<title>Staff - Richard M. Fairbanks Foundation<\/title>\n<meta name=\"description\" content=\"Get to know the staff of the Richard M. Fairbanks Foundation by clicking here.\" \/>\n<meta name=\"robots\" content=\"index, follow, max-snippet:-1, max-image-preview:large, max-video-preview:-1\" \/>\n<link rel=\"canonical\" href=\"https:\/\/old.rmff.wrhosting.net\/es\/who-we-are\/staff\/\" \/>\n<meta property=\"og:locale\" content=\"es_ES\" \/>\n<meta property=\"og:type\" content=\"article\" \/>\n<meta property=\"og:title\" content=\"Staff - Richard M. Fairbanks Foundation\" \/>\n<meta property=\"og:description\" content=\"Get to know the staff of the Richard M. Fairbanks Foundation by clicking here.\" \/>\n<meta property=\"og:url\" content=\"https:\/\/old.rmff.wrhosting.net\/es\/who-we-are\/staff\/\" \/>\n<meta property=\"og:site_name\" content=\"Richard M. Fairbanks Foundation\" \/>\n<meta property=\"article:modified_time\" content=\"2025-12-03T19:31:35+00:00\" \/>\n<meta name=\"twitter:card\" content=\"summary_large_image\" \/>\n<script type=\"application\/ld+json\" class=\"yoast-schema-graph\">{\"@context\":\"https:\/\/schema.org\",\"@graph\":[{\"@type\":\"WebPage\",\"@id\":\"https:\/\/old.rmff.wrhosting.net\/who-we-are\/staff\/\",\"url\":\"https:\/\/old.rmff.wrhosting.net\/who-we-are\/staff\/\",\"name\":\"Staff - Richard M. Fairbanks Foundation\",\"isPartOf\":{\"@id\":\"https:\/\/old.rmff.wrhosting.net\/#website\"},\"datePublished\":\"2021-04-13T13:23:09+00:00\",\"dateModified\":\"2025-12-03T19:31:35+00:00\",\"description\":\"Get to know the staff of the Richard M. Fairbanks Foundation by clicking here.\",\"breadcrumb\":{\"@id\":\"https:\/\/old.rmff.wrhosting.net\/who-we-are\/staff\/#breadcrumb\"},\"inLanguage\":\"es\",\"potentialAction\":[{\"@type\":\"ReadAction\",\"target\":[\"https:\/\/old.rmff.wrhosting.net\/who-we-are\/staff\/\"]}]},{\"@type\":\"BreadcrumbList\",\"@id\":\"https:\/\/old.rmff.wrhosting.net\/who-we-are\/staff\/#breadcrumb\",\"itemListElement\":[{\"@type\":\"ListItem\",\"position\":1,\"name\":\"Home\",\"item\":\"https:\/\/old.rmff.wrhosting.net\/\"},{\"@type\":\"ListItem\",\"position\":2,\"name\":\"Who We Are\",\"item\":\"https:\/\/old.rmff.wrhosting.net\/es\/who-we-are\/\"},{\"@type\":\"ListItem\",\"position\":3,\"name\":\"Staff\"}]},{\"@type\":\"WebSite\",\"@id\":\"https:\/\/old.rmff.wrhosting.net\/#website\",\"url\":\"https:\/\/old.rmff.wrhosting.net\/\",\"name\":\"Richard M. Fairbanks Foundation\",\"description\":\"Advancing the vitality of Indianapolis and the well-being of its people.\",\"potentialAction\":[{\"@type\":\"SearchAction\",\"target\":{\"@type\":\"EntryPoint\",\"urlTemplate\":\"https:\/\/old.rmff.wrhosting.net\/?s={search_term_string}\"},\"query-input\":{\"@type\":\"PropertyValueSpecification\",\"valueRequired\":true,\"valueName\":\"search_term_string\"}}],\"inLanguage\":\"es\"}]}<\/script>\n<!-- \/ Yoast SEO plugin. -->","yoast_head_json":{"title":"Staff - Richard M. Fairbanks Foundation","description":"Get to know the staff of the Richard M. Fairbanks Foundation by clicking here.","robots":{"index":"index","follow":"follow","max-snippet":"max-snippet:-1","max-image-preview":"max-image-preview:large","max-video-preview":"max-video-preview:-1"},"canonical":"https:\/\/old.rmff.wrhosting.net\/es\/who-we-are\/staff\/","og_locale":"es_ES","og_type":"article","og_title":"Staff - Richard M. Fairbanks Foundation","og_description":"Get to know the staff of the Richard M. Fairbanks Foundation by clicking here.","og_url":"https:\/\/old.rmff.wrhosting.net\/es\/who-we-are\/staff\/","og_site_name":"Richard M. Fairbanks Foundation","article_modified_time":"2025-12-03T19:31:35+00:00","twitter_card":"summary_large_image","schema":{"@context":"https:\/\/schema.org","@graph":[{"@type":"WebPage","@id":"https:\/\/old.rmff.wrhosting.net\/who-we-are\/staff\/","url":"https:\/\/old.rmff.wrhosting.net\/who-we-are\/staff\/","name":"Staff - Richard M. Fairbanks Foundation","isPartOf":{"@id":"https:\/\/old.rmff.wrhosting.net\/#website"},"datePublished":"2021-04-13T13:23:09+00:00","dateModified":"2025-12-03T19:31:35+00:00","description":"Get to know the staff of the Richard M. Fairbanks Foundation by clicking here.","breadcrumb":{"@id":"https:\/\/old.rmff.wrhosting.net\/who-we-are\/staff\/#breadcrumb"},"inLanguage":"es","potentialAction":[{"@type":"ReadAction","target":["https:\/\/old.rmff.wrhosting.net\/who-we-are\/staff\/"]}]},{"@type":"BreadcrumbList","@id":"https:\/\/old.rmff.wrhosting.net\/who-we-are\/staff\/#breadcrumb","itemListElement":[{"@type":"ListItem","position":1,"name":"Home","item":"https:\/\/old.rmff.wrhosting.net\/"},{"@type":"ListItem","position":2,"name":"Who We Are","item":"https:\/\/old.rmff.wrhosting.net\/es\/who-we-are\/"},{"@type":"ListItem","position":3,"name":"Staff"}]},{"@type":"WebSite","@id":"https:\/\/old.rmff.wrhosting.net\/#website","url":"https:\/\/old.rmff.wrhosting.net\/","name":"Fundaci\u00f3n Richard M. Fairbanks","description":"Promover la vitalidad de Indian\u00e1polis y el bienestar de su gente.","potentialAction":[{"@type":"SearchAction","target":{"@type":"EntryPoint","urlTemplate":"https:\/\/old.rmff.wrhosting.net\/?s={search_term_string}"},"query-input":{"@type":"PropertyValueSpecification","valueRequired":true,"valueName":"search_term_string"}}],"inLanguage":"es"}]}},"_links":{"self":[{"href":"https:\/\/old.rmff.wrhosting.net\/es\/wp-json\/wp\/v2\/pages\/909","targetHints":{"allow":["GET"]}}],"collection":[{"href":"https:\/\/old.rmff.wrhosting.net\/es\/wp-json\/wp\/v2\/pages"}],"about":[{"href":"https:\/\/old.rmff.wrhosting.net\/es\/wp-json\/wp\/v2\/types\/page"}],"author":[{"embeddable":true,"href":"https:\/\/old.rmff.wrhosting.net\/es\/wp-json\/wp\/v2\/users\/7"}],"replies":[{"embeddable":true,"href":"https:\/\/old.rmff.wrhosting.net\/es\/wp-json\/wp\/v2\/comments?post=909"}],"version-history":[{"count":90,"href":"https:\/\/old.rmff.wrhosting.net\/es\/wp-json\/wp\/v2\/pages\/909\/revisions"}],"predecessor-version":[{"id":15667,"href":"https:\/\/old.rmff.wrhosting.net\/es\/wp-json\/wp\/v2\/pages\/909\/revisions\/15667"}],"up":[{"embeddable":true,"href":"https:\/\/old.rmff.wrhosting.net\/es\/wp-json\/wp\/v2\/pages\/903"}],"wp:attachment":[{"href":"https:\/\/old.rmff.wrhosting.net\/es\/wp-json\/wp\/v2\/media?parent=909"}],"curies":[{"name":"wp","href":"https:\/\/api.w.org\/{rel}","templated":true}]}}