{"id":6531,"date":"2021-02-08T13:03:22","date_gmt":"2021-02-08T13:03:22","guid":{"rendered":"https:\/\/www.rmff.org\/?post_type=vitality-magazine&#038;p=6531"},"modified":"2022-03-09T21:23:16","modified_gmt":"2022-03-09T21:23:16","slug":"social-emotional-learning-and-skills-are-needed-for-success-in-school-and-beyond","status":"publish","type":"vitality-magazine","link":"http:\/\/old.rmff.wrhosting.net\/pt\/insights\/vitality-magazine\/social-emotional-learning-and-skills-are-needed-for-success-in-school-and-beyond\/","title":{"rendered":"Aprendizagem e habilidades s\u00f3cio-emocionais s\u00e3o necess\u00e1rias para o sucesso na escola e al\u00e9m"},"content":{"rendered":"<section class=\"block wordpress-block wordpress-paragraph core-paragraph\">\n<p id=\"block-287be31e-8581-41be-87aa-5ebea8ce1368\">Como Superintendente do Distrito Escolar Metropolitano de Wayne Township, em Indian\u00e1polis, e l\u00edder de mais de 16.400 alunos e 1.170 educadores em tempo integral, o Dr. Jeff Butts sabe que as habilidades sociais e o gerenciamento emocional s\u00e3o fundamentais para o sucesso dos alunos na escola e na vida.&nbsp;&nbsp;<\/p>\n<\/section>\n\n<section class=\"block wordpress-block wordpress-paragraph core-paragraph\">\n<p id=\"block-49ebc195-e7c6-4ab4-88d6-776391d98a77\">A Aprendizagem Social Emocional, tamb\u00e9m conhecida como SEL, \u00e9 o processo atrav\u00e9s do qual crian\u00e7as e adultos compreendem e gerem emo\u00e7\u00f5es, definem e alcan\u00e7am objetivos positivos, sentem e demonstram empatia pelos outros, estabelecem e mant\u00eam rela\u00e7\u00f5es positivas e tomam decis\u00f5es respons\u00e1veis. Uma pesquisa recente com 762 educadores descobriu que o 80% acredita que as emo\u00e7\u00f5es positivas s\u00e3o cr\u00edticas para o sucesso acad\u00eamico e o bem-estar emocional \u00e9 crucial para o desenvolvimento de habilidades fundamentais de alfabetiza\u00e7\u00e3o e comunica\u00e7\u00e3o.&nbsp;&nbsp;<\/p>\n<\/section>\n\n<section class=\"container  block wordpress-block wordpress-columns core-columns\"><div class=\"row\"><div class=\"col-12\">\n<div class=\"wp-block-columns are-vertically-aligned-top is-layout-flex wp-container-core-columns-is-layout-9d6595d7 wp-block-columns-is-layout-flex\">\n<div class=\"wp-block-column is-vertically-aligned-top is-layout-flow wp-block-column-is-layout-flow\" style=\"flex-basis:66.66%\"><section class=\"block wordpress-block wordpress-paragraph core-paragraph\">\n<p>Dr. Butts e os educadores de seu distrito h\u00e1 muito tempo est\u00e3o cientes de como a preocupa\u00e7\u00e3o, o medo, a tens\u00e3o e a apreens\u00e3o podem impactar negativamente as habilidades de seus alunos para concluir os cursos e se envolver ativamente na escola. \u00c9 por isso que abordar o bem-estar mental e introduzir SEL nos curr\u00edculos tem sido seu foco nos \u00faltimos dois anos, desde que recebeu $1,3 milh\u00f5es <em>Preven\u00e7\u00e3o \u00e9 importante<\/em> bolsa da Funda\u00e7\u00e3o Richard M. Fairbanks. <\/p>\n<\/section>\n\n<section class=\"block wordpress-block wordpress-paragraph core-paragraph\">\n<p> Lan\u00e7ado em 2018, <a href=\"https:\/\/www.rmff.org\/preventionmatters\"><em>Preven\u00e7\u00e3o \u00e9 importante<\/em><\/a><em> <\/em>fornece aos alunos do ensino fundamental e m\u00e9dio programas de preven\u00e7\u00e3o do uso de subst\u00e2ncias baseados em evid\u00eancias para equipar os alunos com habilidades que os ajudam a evitar drogas e \u00e1lcool, ao mesmo tempo que melhoram seu desempenho acad\u00eamico, frequ\u00eancia, comportamento em sala de aula e bem-estar social e emocional.   <\/p>\n<\/section><\/div>\n\n\n\n<div class=\"wp-block-column is-vertically-aligned-top is-layout-flow wp-block-column-is-layout-flow\" style=\"flex-basis:33.33%\"><section class=\"alignleft block wordpress-block wordpress-image core-image\">\n<div class=\"wp-block-image\"><figure class=\"alignleft size-full is-resized\"><img loading=\"lazy\" decoding=\"async\" src=\"https:\/\/www.rmff.org\/wp-content\/uploads\/2021\/02\/man-kids-smiling.jpeg\" alt=\"\" class=\"wp-image-10714\" width=\"293\" height=\"326\" srcset=\"https:\/\/old.rmff.wrhosting.net\/wp-content\/uploads\/2021\/02\/man-kids-smiling.jpeg 700w, https:\/\/old.rmff.wrhosting.net\/wp-content\/uploads\/2021\/02\/man-kids-smiling-269x300.jpeg 269w\" sizes=\"auto, (max-width: 293px) 100vw, 293px\" \/><\/figure><\/div>\n<\/section><\/div>\n<\/div>\n<\/div><\/div><\/section>\n\n<section class=\"block wordpress-block wordpress-paragraph core-paragraph\">\n<p>\u201cEstou muito satisfeito que, com o apoio da Funda\u00e7\u00e3o Richard M. Fairbanks, possamos responder \u00e0s necessidades de nossos alunos, professores e comunidade, e tornar o bem-estar social, emocional e comportamental uma prioridade financiada em Wayne Township\u201d, disse o Dr. . \u201cE certamente, embora a necessidade de gest\u00e3o social e emocional na escola e na vida sempre tenha existido, 2020 foi sem precedentes na demonstra\u00e7\u00e3o dessa necessidade. A Am\u00e9rica est\u00e1 numa encruzilhada quando se trata de como a nossa sociedade aborda o bem-estar mental, e \u00e9 completamente esperado e apropriado que estejamos testemunhando o medo da nossa comunidade, especificamente durante a pandemia e o nosso apelo por uma mudan\u00e7a equitativa para as pessoas de cor\u201d.  <\/p>\n<\/section>\n\n<section class=\"container  block wordpress-block wordpress-columns core-columns\"><div class=\"row\"><div class=\"col-12\">\n<div class=\"wp-block-columns is-layout-flex wp-container-core-columns-is-layout-9d6595d7 wp-block-columns-is-layout-flex\">\n<div class=\"wp-block-column is-layout-flow wp-block-column-is-layout-flow\"><section class=\"container  block wordpress-block wordpress-heading core-heading\"><div class=\"row\"><div class=\"col-12\">\n<h3 class=\"wp-block-heading\">\u201cDevemos extinguir esse estigma na sociedade. Se orientarmos os alunos na gest\u00e3o emocional, prepararemos melhor os nossos jovens para a escola e para a vida e, em \u00faltima an\u00e1lise, esperan\u00e7osamente, veremos menos membros da comunidade a lutar contra o abuso de subst\u00e2ncias e o suic\u00eddio.\u201d<\/h3>\n<\/div><\/div><\/section><\/div>\n\n\n\n<div class=\"wp-block-column is-layout-flow wp-block-column-is-layout-flow\"><section class=\"block wordpress-block wordpress-paragraph core-paragraph\">\n<p>A ansiedade \u00e9 a preocupa\u00e7\u00e3o de bem-estar mental mais comum nos EUA e espera-se que mais americanos morram este ano por suic\u00eddio do que em acidentes de carro. Isso tamb\u00e9m fica evidente em nossos alunos. Em Indiana, o suic\u00eddio \u00e9 a segunda principal causa de morte de adolescentes Hoosier. Com Wayne Township <em>Preven\u00e7\u00e3o \u00e9 importante<\/em> concess\u00e3o, os professores est\u00e3o aprendendo como incorporar habilidades de gerenciamento emocional em suas aulas. Eles est\u00e3o ensinando aos alunos que a sa\u00fade mental \u2013 cuidar de si mesmo e daqueles que voc\u00ea ama \u2013 \u00e9 uma prioridade. Mostrar compaix\u00e3o, oferecer assist\u00eancia e demonstrar positividade em nossas vozes e express\u00f5es faciais pode ajudar a n\u00f3s e aos outros enquanto gerenciamos momentos dif\u00edceis.&nbsp;<\/p>\n<\/section><\/div>\n<\/div>\n<\/div><\/div><\/section>\n\n<section class=\"block wordpress-block wordpress-paragraph core-paragraph\">\n<p>\u201cEmbora muitos de n\u00f3s nos sintamos confort\u00e1veis em reconhecer publicamente o nosso sofrimento f\u00edsico, para o qual quase sempre procuramos ajuda, muitos mais de n\u00f3s experimentamos em privado sofrimento mental, para o qual quase nunca procuramos ajuda\u201d, disse o Dr.&nbsp;<\/p>\n<\/section>\n\n<section class=\"block wordpress-block wordpress-paragraph core-paragraph\">\n<p><em>Para saber mais sobre o Distrito Escolar Metropolitano de Wayne Township, visite &nbsp;<a href=\"http:\/\/www.district.wayne.k12.in.us\/\" target=\"_blank\" rel=\"noreferrer noopener\">www.district.wayne.k12.in.us<\/a><\/em><\/p>\n<\/section>\n\n<section class=\"block wordpress-block wordpress-paragraph core-paragraph\">\n<p><em>Butts \u00e9 o Superintendente do Distrito Escolar Metropolitano de Wayne Township e administrador do subs\u00eddio $1,3 milh\u00e3o do distrito para Preven\u00e7\u00e3o de Assuntos, concedido pela Funda\u00e7\u00e3o Richard M. Fairbanks em 2018.<\/em><\/p>\n<\/section>","protected":false},"excerpt":{"rendered":"<p>Indianapolis school district leader shares how his schools have made social emotional learning (SEL) a priority and the impact that has had on students, especially during the pandemic.<\/p>","protected":false},"author":7,"featured_media":10707,"parent":0,"menu_order":0,"comment_status":"closed","ping_status":"open","template":"","meta":{"_acf_changed":false,"footnotes":""},"magazine-category":[81],"class_list":["post-6531","vitality-magazine","type-vitality-magazine","status-publish","has-post-thumbnail","hentry","magazine-category-education"],"acf":[],"yoast_head":"<!-- This site is optimized with the Yoast SEO plugin v26.0 - https:\/\/yoast.com\/wordpress\/plugins\/seo\/ -->\n<title>Social Emotional Learning and Skills Are Needed for Success in School and Beyond - Richard M. Fairbanks Foundation<\/title>\n<meta name=\"description\" content=\"District leader shares how his schools have made social emotional learning (SEL) a priority and the impact that has had on students, especially during the pandemic.\" \/>\n<meta name=\"robots\" content=\"index, follow, max-snippet:-1, max-image-preview:large, max-video-preview:-1\" \/>\n<link rel=\"canonical\" href=\"https:\/\/old.rmff.wrhosting.net\/pt\/insights\/vitality-magazine\/social-emotional-learning-and-skills-are-needed-for-success-in-school-and-beyond\/\" \/>\n<meta property=\"og:locale\" content=\"pt_PT\" \/>\n<meta property=\"og:type\" content=\"article\" \/>\n<meta property=\"og:title\" content=\"Social Emotional Learning and Skills Are Needed for Success in School and Beyond - Richard M. Fairbanks Foundation\" \/>\n<meta property=\"og:description\" content=\"District leader shares how his schools have made social emotional learning (SEL) a priority and the impact that has had on students, especially during the pandemic.\" \/>\n<meta property=\"og:url\" content=\"https:\/\/old.rmff.wrhosting.net\/pt\/insights\/vitality-magazine\/social-emotional-learning-and-skills-are-needed-for-success-in-school-and-beyond\/\" \/>\n<meta property=\"og:site_name\" content=\"Richard M. Fairbanks Foundation\" \/>\n<meta property=\"article:modified_time\" content=\"2022-03-09T21:23:16+00:00\" \/>\n<meta property=\"og:image\" content=\"https:\/\/old.rmff.wrhosting.net\/wp-content\/uploads\/2021\/08\/1-Favorite-CW-08-13-19-4-scaled.jpg\" \/>\n\t<meta property=\"og:image:width\" content=\"2560\" \/>\n\t<meta property=\"og:image:height\" content=\"1707\" \/>\n\t<meta property=\"og:image:type\" content=\"image\/jpeg\" \/>\n<meta name=\"twitter:card\" content=\"summary_large_image\" \/>\n<meta name=\"twitter:label1\" content=\"Tempo estimado de leitura\" \/>\n\t<meta name=\"twitter:data1\" content=\"3 minutos\" \/>\n<script type=\"application\/ld+json\" class=\"yoast-schema-graph\">{\"@context\":\"https:\/\/schema.org\",\"@graph\":[{\"@type\":\"WebPage\",\"@id\":\"https:\/\/old.rmff.wrhosting.net\/insights\/vitality-magazine\/social-emotional-learning-and-skills-are-needed-for-success-in-school-and-beyond\/\",\"url\":\"https:\/\/old.rmff.wrhosting.net\/insights\/vitality-magazine\/social-emotional-learning-and-skills-are-needed-for-success-in-school-and-beyond\/\",\"name\":\"Social Emotional Learning and Skills Are Needed for Success in School and Beyond - Richard M. Fairbanks Foundation\",\"isPartOf\":{\"@id\":\"https:\/\/old.rmff.wrhosting.net\/#website\"},\"primaryImageOfPage\":{\"@id\":\"https:\/\/old.rmff.wrhosting.net\/insights\/vitality-magazine\/social-emotional-learning-and-skills-are-needed-for-success-in-school-and-beyond\/#primaryimage\"},\"image\":{\"@id\":\"https:\/\/old.rmff.wrhosting.net\/insights\/vitality-magazine\/social-emotional-learning-and-skills-are-needed-for-success-in-school-and-beyond\/#primaryimage\"},\"thumbnailUrl\":\"https:\/\/old.rmff.wrhosting.net\/wp-content\/uploads\/2021\/08\/1-Favorite-CW-08-13-19-4-scaled.jpg\",\"datePublished\":\"2021-02-08T13:03:22+00:00\",\"dateModified\":\"2022-03-09T21:23:16+00:00\",\"description\":\"District leader shares how his schools have made social emotional learning (SEL) a priority and the impact that has had on students, especially during the pandemic.\",\"breadcrumb\":{\"@id\":\"https:\/\/old.rmff.wrhosting.net\/insights\/vitality-magazine\/social-emotional-learning-and-skills-are-needed-for-success-in-school-and-beyond\/#breadcrumb\"},\"inLanguage\":\"pt-PT\",\"potentialAction\":[{\"@type\":\"ReadAction\",\"target\":[\"https:\/\/old.rmff.wrhosting.net\/insights\/vitality-magazine\/social-emotional-learning-and-skills-are-needed-for-success-in-school-and-beyond\/\"]}]},{\"@type\":\"ImageObject\",\"inLanguage\":\"pt-PT\",\"@id\":\"https:\/\/old.rmff.wrhosting.net\/insights\/vitality-magazine\/social-emotional-learning-and-skills-are-needed-for-success-in-school-and-beyond\/#primaryimage\",\"url\":\"https:\/\/old.rmff.wrhosting.net\/wp-content\/uploads\/2021\/08\/1-Favorite-CW-08-13-19-4-scaled.jpg\",\"contentUrl\":\"https:\/\/old.rmff.wrhosting.net\/wp-content\/uploads\/2021\/08\/1-Favorite-CW-08-13-19-4-scaled.jpg\",\"width\":2560,\"height\":1707},{\"@type\":\"BreadcrumbList\",\"@id\":\"https:\/\/old.rmff.wrhosting.net\/insights\/vitality-magazine\/social-emotional-learning-and-skills-are-needed-for-success-in-school-and-beyond\/#breadcrumb\",\"itemListElement\":[{\"@type\":\"ListItem\",\"position\":1,\"name\":\"Home\",\"item\":\"https:\/\/old.rmff.wrhosting.net\/\"},{\"@type\":\"ListItem\",\"position\":2,\"name\":\"Vitality Magazine\",\"item\":\"https:\/\/old.rmff.wrhosting.net\/zh\/insights\/vitality-magazine\/\"},{\"@type\":\"ListItem\",\"position\":3,\"name\":\"Social Emotional Learning and Skills Are Needed for Success in School and Beyond\"}]},{\"@type\":\"WebSite\",\"@id\":\"https:\/\/old.rmff.wrhosting.net\/#website\",\"url\":\"https:\/\/old.rmff.wrhosting.net\/\",\"name\":\"Richard M. Fairbanks Foundation\",\"description\":\"Advancing the vitality of Indianapolis and the well-being of its people.\",\"potentialAction\":[{\"@type\":\"SearchAction\",\"target\":{\"@type\":\"EntryPoint\",\"urlTemplate\":\"https:\/\/old.rmff.wrhosting.net\/?s={search_term_string}\"},\"query-input\":{\"@type\":\"PropertyValueSpecification\",\"valueRequired\":true,\"valueName\":\"search_term_string\"}}],\"inLanguage\":\"pt-PT\"}]}<\/script>\n<!-- \/ Yoast SEO plugin. -->","yoast_head_json":{"title":"Social Emotional Learning and Skills Are Needed for Success in School and Beyond - Richard M. Fairbanks Foundation","description":"District leader shares how his schools have made social emotional learning (SEL) a priority and the impact that has had on students, especially during the pandemic.","robots":{"index":"index","follow":"follow","max-snippet":"max-snippet:-1","max-image-preview":"max-image-preview:large","max-video-preview":"max-video-preview:-1"},"canonical":"https:\/\/old.rmff.wrhosting.net\/pt\/insights\/vitality-magazine\/social-emotional-learning-and-skills-are-needed-for-success-in-school-and-beyond\/","og_locale":"pt_PT","og_type":"article","og_title":"Social Emotional Learning and Skills Are Needed for Success in School and Beyond - Richard M. Fairbanks Foundation","og_description":"District leader shares how his schools have made social emotional learning (SEL) a priority and the impact that has had on students, especially during the pandemic.","og_url":"https:\/\/old.rmff.wrhosting.net\/pt\/insights\/vitality-magazine\/social-emotional-learning-and-skills-are-needed-for-success-in-school-and-beyond\/","og_site_name":"Richard M. Fairbanks Foundation","article_modified_time":"2022-03-09T21:23:16+00:00","og_image":[{"width":2560,"height":1707,"url":"https:\/\/old.rmff.wrhosting.net\/wp-content\/uploads\/2021\/08\/1-Favorite-CW-08-13-19-4-scaled.jpg","type":"image\/jpeg"}],"twitter_card":"summary_large_image","twitter_misc":{"Tempo estimado de leitura":"3 minutos"},"schema":{"@context":"https:\/\/schema.org","@graph":[{"@type":"WebPage","@id":"https:\/\/old.rmff.wrhosting.net\/insights\/vitality-magazine\/social-emotional-learning-and-skills-are-needed-for-success-in-school-and-beyond\/","url":"https:\/\/old.rmff.wrhosting.net\/insights\/vitality-magazine\/social-emotional-learning-and-skills-are-needed-for-success-in-school-and-beyond\/","name":"Social Emotional Learning and Skills Are Needed for Success in School and Beyond - Richard M. Fairbanks Foundation","isPartOf":{"@id":"https:\/\/old.rmff.wrhosting.net\/#website"},"primaryImageOfPage":{"@id":"https:\/\/old.rmff.wrhosting.net\/insights\/vitality-magazine\/social-emotional-learning-and-skills-are-needed-for-success-in-school-and-beyond\/#primaryimage"},"image":{"@id":"https:\/\/old.rmff.wrhosting.net\/insights\/vitality-magazine\/social-emotional-learning-and-skills-are-needed-for-success-in-school-and-beyond\/#primaryimage"},"thumbnailUrl":"https:\/\/old.rmff.wrhosting.net\/wp-content\/uploads\/2021\/08\/1-Favorite-CW-08-13-19-4-scaled.jpg","datePublished":"2021-02-08T13:03:22+00:00","dateModified":"2022-03-09T21:23:16+00:00","description":"District leader shares how his schools have made social emotional learning (SEL) a priority and the impact that has had on students, especially during the pandemic.","breadcrumb":{"@id":"https:\/\/old.rmff.wrhosting.net\/insights\/vitality-magazine\/social-emotional-learning-and-skills-are-needed-for-success-in-school-and-beyond\/#breadcrumb"},"inLanguage":"pt-PT","potentialAction":[{"@type":"ReadAction","target":["https:\/\/old.rmff.wrhosting.net\/insights\/vitality-magazine\/social-emotional-learning-and-skills-are-needed-for-success-in-school-and-beyond\/"]}]},{"@type":"ImageObject","inLanguage":"pt-PT","@id":"https:\/\/old.rmff.wrhosting.net\/insights\/vitality-magazine\/social-emotional-learning-and-skills-are-needed-for-success-in-school-and-beyond\/#primaryimage","url":"https:\/\/old.rmff.wrhosting.net\/wp-content\/uploads\/2021\/08\/1-Favorite-CW-08-13-19-4-scaled.jpg","contentUrl":"https:\/\/old.rmff.wrhosting.net\/wp-content\/uploads\/2021\/08\/1-Favorite-CW-08-13-19-4-scaled.jpg","width":2560,"height":1707},{"@type":"BreadcrumbList","@id":"https:\/\/old.rmff.wrhosting.net\/insights\/vitality-magazine\/social-emotional-learning-and-skills-are-needed-for-success-in-school-and-beyond\/#breadcrumb","itemListElement":[{"@type":"ListItem","position":1,"name":"Home","item":"https:\/\/old.rmff.wrhosting.net\/"},{"@type":"ListItem","position":2,"name":"Vitality Magazine","item":"https:\/\/old.rmff.wrhosting.net\/zh\/insights\/vitality-magazine\/"},{"@type":"ListItem","position":3,"name":"Social Emotional Learning and Skills Are Needed for Success in School and Beyond"}]},{"@type":"WebSite","@id":"https:\/\/old.rmff.wrhosting.net\/#website","url":"https:\/\/old.rmff.wrhosting.net\/","name":"Funda\u00e7\u00e3o Richard M. Fairbanks","description":"Promovendo a vitalidade de Indian\u00e1polis e o bem-estar de seu povo.","potentialAction":[{"@type":"SearchAction","target":{"@type":"EntryPoint","urlTemplate":"https:\/\/old.rmff.wrhosting.net\/?s={search_term_string}"},"query-input":{"@type":"PropertyValueSpecification","valueRequired":true,"valueName":"search_term_string"}}],"inLanguage":"pt-PT"}]}},"_links":{"self":[{"href":"http:\/\/old.rmff.wrhosting.net\/pt\/wp-json\/wp\/v2\/vitality-magazine\/6531","targetHints":{"allow":["GET"]}}],"collection":[{"href":"http:\/\/old.rmff.wrhosting.net\/pt\/wp-json\/wp\/v2\/vitality-magazine"}],"about":[{"href":"http:\/\/old.rmff.wrhosting.net\/pt\/wp-json\/wp\/v2\/types\/vitality-magazine"}],"author":[{"embeddable":true,"href":"http:\/\/old.rmff.wrhosting.net\/pt\/wp-json\/wp\/v2\/users\/7"}],"replies":[{"embeddable":true,"href":"http:\/\/old.rmff.wrhosting.net\/pt\/wp-json\/wp\/v2\/comments?post=6531"}],"version-history":[{"count":5,"href":"http:\/\/old.rmff.wrhosting.net\/pt\/wp-json\/wp\/v2\/vitality-magazine\/6531\/revisions"}],"predecessor-version":[{"id":11631,"href":"http:\/\/old.rmff.wrhosting.net\/pt\/wp-json\/wp\/v2\/vitality-magazine\/6531\/revisions\/11631"}],"wp:featuredmedia":[{"embeddable":true,"href":"http:\/\/old.rmff.wrhosting.net\/pt\/wp-json\/wp\/v2\/media\/10707"}],"wp:attachment":[{"href":"http:\/\/old.rmff.wrhosting.net\/pt\/wp-json\/wp\/v2\/media?parent=6531"}],"wp:term":[{"taxonomy":"magazine-category","embeddable":true,"href":"http:\/\/old.rmff.wrhosting.net\/pt\/wp-json\/wp\/v2\/magazine-category?post=6531"}],"curies":[{"name":"wp","href":"https:\/\/api.w.org\/{rel}","templated":true}]}}