{"id":909,"date":"2021-04-13T13:23:09","date_gmt":"2021-04-13T13:23:09","guid":{"rendered":"https:\/\/www.rmff.org\/?page_id=909"},"modified":"2025-12-03T14:31:35","modified_gmt":"2025-12-03T19:31:35","slug":"staff","status":"publish","type":"page","link":"http:\/\/old.rmff.wrhosting.net\/pt\/who-we-are\/staff\/","title":{"rendered":"Funcion\u00e1rios"},"content":{"rendered":"<div style=\"height:45px\" aria-hidden=\"true\" class=\"wp-block-spacer\"><\/div>\n\n\n<section id=\"header-with-colored-subtitle-block_5ff49e151e3243f69ffcca77fc3aedc2\" class=\"block header-with-colored-subtitle-wrapper\">\n  <div class=\"container\">\n    <div class=\"row\">\n      <div class=\"col-12\">\n        <div class=\"heading-wrapper\">\n          <h1>A EQUIPE DA FUNDA\u00c7\u00c3O<\/h1>\n        <\/div>\n                <div class=\"subtitle-wrapper\">\n          <p>Mais informa\u00e7\u00f5es sobre a equipe da Funda\u00e7\u00e3o podem ser encontradas abaixo.<\/p>\n        <\/div>\n              <\/div>\n    <\/div>\n  <\/div>\n<\/section>\n\n<section id=\"rmff-accordion-block_c9282ace7b1f248818c3e2eb51abd090\" class=\"block rmff-accordion-wrapper\">\n  <div class=\"container\">\n    <div class=\"row\">\n      <div class=\"col-12\">\n        <div class=\"accordion\" id=\"accordion-rmff-accordion-block_c9282ace7b1f248818c3e2eb51abd090\">\n                                        <div class=\"single-accordion\">\n            <div class=\"accordion-heading\" id=\"heading-1\">\n              <button class=\"accordion-track collapsed\" type=\"button\" data-toggle=\"collapse\"\n                data-target=\"#collapse-1\" aria-expanded=\"false\"\n                aria-controls=\"collapse-1\">\n                <div class=\"heading-wrapper\">\n                                    <h3 class=\"accordion-track\">ALEXIS BROWN<\/h3>\n                                                      <h4>Finance &#038; Human Resources Manager<\/h4>\n                                  <\/div>\n                <div class=\"accordion-icon-wrapper\">\n                  <div class=\"accordion-icon\"><\/div>\n                  <div class=\"accordion-icon\"><\/div>\n                <\/div>\n              <\/button>\n            <\/div>\n            <div class=\"accordion-content-wrapper collapse\" id=\"collapse-1\" aria-labelledby=\"heading-1\"\n              data-parent=\"#accordion-rmff-accordion-block_c9282ace7b1f248818c3e2eb51abd090\">\n              <div class=\"accordion-content\">\n                <p class=\"x_x_elementToProof\" data-ogsc=\"rgb(0, 0, 0)\">Alexis Brown joined the Richard M. Fairbanks Foundation in 2025 as <span data-olk-copy-source=\"MessageBody\">Finance &amp; Human Resources Manager<\/span>. In her role, she supports the Chief Financial Officer in financial management and human resource administration. Prior to joining the Foundation, Brown was a project manager for the Ren\u00e9e Crown Wellness Institute at the University of Colorado in Boulder, where she supported their research in local school districts. An Indianapolis native, Brown holds a Bachelor of Science in accounting from the University of Evansville and a Master of Arts in social psychology from Ball State University.<\/p>\n              <\/div>\n            <\/div>\n          <\/div>\n                              <div class=\"single-accordion\">\n            <div class=\"accordion-heading\" id=\"heading-2\">\n              <button class=\"accordion-track collapsed\" type=\"button\" data-toggle=\"collapse\"\n                data-target=\"#collapse-2\" aria-expanded=\"false\"\n                aria-controls=\"collapse-2\">\n                <div class=\"heading-wrapper\">\n                                    <h3 class=\"accordion-track\">HALE CRUMLEY<\/h3>\n                                                      <h4>Oficial de Programa<\/h4>\n                                  <\/div>\n                <div class=\"accordion-icon-wrapper\">\n                  <div class=\"accordion-icon\"><\/div>\n                  <div class=\"accordion-icon\"><\/div>\n                <\/div>\n              <\/button>\n            <\/div>\n            <div class=\"accordion-content-wrapper collapse\" id=\"collapse-2\" aria-labelledby=\"heading-2\"\n              data-parent=\"#accordion-rmff-accordion-block_c9282ace7b1f248818c3e2eb51abd090\">\n              <div class=\"accordion-content\">\n                <p class=\"x_x_elementToProof\" data-ogsc=\"rgb(0, 0, 0)\" data-olk-copy-source=\"MessageBody\">Hale Crumley joined the Richard M. Fairbanks Foundation in 2025 as a Program Officer. In this role, she manages grantee relationships and guides nonprofit organizations through the entire application process, from concept development through presentation of proposals and evaluation of results. Prior to joining the Foundation, Crumley worked as the Policy Manager for Prosperity Indiana.<\/p>\n<p class=\"x_x_elementToProof\" data-ogsc=\"rgb(0, 0, 0)\">Crumley is a proud first-generation college graduate. She holds a Master of Public Affairs in community &amp; economic development and a Bachelor of Public Affairs in nonprofit management &amp; leadership from Indiana University. She also holds a certificate in public policy &amp; budget models from the University of Pennsylvania and a certificate in storytelling for social change from the University of Michigan.<\/p>\n              <\/div>\n            <\/div>\n          <\/div>\n                              <div class=\"single-accordion\">\n            <div class=\"accordion-heading\" id=\"heading-3\">\n              <button class=\"accordion-track collapsed\" type=\"button\" data-toggle=\"collapse\"\n                data-target=\"#collapse-3\" aria-expanded=\"false\"\n                aria-controls=\"collapse-3\">\n                <div class=\"heading-wrapper\">\n                                    <h3 class=\"accordion-track\">SHANNON ELWARD<\/h3>\n                                                      <h4>gerente de comunica\u00e7\u00f5es<\/h4>\n                                  <\/div>\n                <div class=\"accordion-icon-wrapper\">\n                  <div class=\"accordion-icon\"><\/div>\n                  <div class=\"accordion-icon\"><\/div>\n                <\/div>\n              <\/button>\n            <\/div>\n            <div class=\"accordion-content-wrapper collapse\" id=\"collapse-3\" aria-labelledby=\"heading-3\"\n              data-parent=\"#accordion-rmff-accordion-block_c9282ace7b1f248818c3e2eb51abd090\">\n              <div class=\"accordion-content\">\n                <p>Shannon Elward ingressou na Fairbanks Foundation em 2023 como Gerente de Comunica\u00e7\u00f5es. Nessa fun\u00e7\u00e3o, ela trabalha em estreita colabora\u00e7\u00e3o com o Diretor de Comunica\u00e7\u00f5es para desenvolver, refinar e executar estrat\u00e9gias e t\u00e1ticas que apoiem os objetivos de comunica\u00e7\u00e3o da Funda\u00e7\u00e3o. Antes de ingressar na Funda\u00e7\u00e3o, Elward foi redatora de conte\u00fado s\u00eanior na DemandJump, uma start-up de Indian\u00e1polis, onde desenvolveu conte\u00fado de marketing para clientes de tecnologia, educa\u00e7\u00e3o e sa\u00fade. Antes disso, ela ocupou v\u00e1rios cargos na Comiss\u00e3o de Educa\u00e7\u00e3o Superior de Indiana, incluindo Diretora do Learn More Indiana, Diretora Assistente de Comunica\u00e7\u00f5es e membro do AmeriCorps VISTA. Ex-instrutor adjunto, Elward \u00e9 bacharel em ingl\u00eas e sociologia e mestre em ret\u00f3rica e composi\u00e7\u00e3o pela Indiana University Fort Wayne.<\/p>\n              <\/div>\n            <\/div>\n          <\/div>\n                              <div class=\"single-accordion\">\n            <div class=\"accordion-heading\" id=\"heading-4\">\n              <button class=\"accordion-track collapsed\" type=\"button\" data-toggle=\"collapse\"\n                data-target=\"#collapse-4\" aria-expanded=\"false\"\n                aria-controls=\"collapse-4\">\n                <div class=\"heading-wrapper\">\n                                    <h3 class=\"accordion-track\">ANDREA AGRICULTOR<\/h3>\n                                                      <h4>Diretor de Comunica\u00e7\u00f5es<\/h4>\n                                  <\/div>\n                <div class=\"accordion-icon-wrapper\">\n                  <div class=\"accordion-icon\"><\/div>\n                  <div class=\"accordion-icon\"><\/div>\n                <\/div>\n              <\/button>\n            <\/div>\n            <div class=\"accordion-content-wrapper collapse\" id=\"collapse-4\" aria-labelledby=\"heading-4\"\n              data-parent=\"#accordion-rmff-accordion-block_c9282ace7b1f248818c3e2eb51abd090\">\n              <div class=\"accordion-content\">\n                <p>Andrea Farmer ingressou na Funda\u00e7\u00e3o Richard M. Fairbanks como Diretora de Comunica\u00e7\u00f5es em 2022. Nessa fun\u00e7\u00e3o, ela trabalha em estreita colabora\u00e7\u00e3o com o Presidente e CEO da Funda\u00e7\u00e3o e a equipe do Programa para desenvolver e implementar estrat\u00e9gias de comunica\u00e7\u00e3o que articulem a miss\u00e3o e o trabalho da Funda\u00e7\u00e3o para as partes interessadas e outros p\u00fablicos externos.<\/p>\n<p>Antes de ingressar na Funda\u00e7\u00e3o, ela atuou anteriormente como Diretora de Envolvimento Externo e Assuntos Governamentais na Indiana Donor Network, onde supervisionou diversas fun\u00e7\u00f5es, incluindo comunica\u00e7\u00f5es de marketing, divulga\u00e7\u00e3o comunit\u00e1ria, assuntos governamentais e assuntos jur\u00eddicos. Outras fun\u00e7\u00f5es anteriores incluem vice-presidente s\u00eanior de comunica\u00e7\u00f5es estrat\u00e9gicas e servi\u00e7os de contas na ag\u00eancia de comunica\u00e7\u00f5es de marketing Hirons, de Indian\u00e1polis, e diretor associado de iniciativas estrat\u00e9gicas da NCAA. Ao longo de sua carreira, Farmer esteve envolvida com diversas organiza\u00e7\u00f5es sem fins lucrativos e associa\u00e7\u00f5es industriais, inclusive como presidente do Cap\u00edtulo Hoosier da Sociedade de Rela\u00e7\u00f5es P\u00fablicas da Am\u00e9rica. Farmer possui credenciamento em Rela\u00e7\u00f5es P\u00fablicas pelo Conselho de Credenciamento Universal da Sociedade de Rela\u00e7\u00f5es P\u00fablicas da Am\u00e9rica e recebeu seu diploma de bacharel em rela\u00e7\u00f5es p\u00fablicas pela Ball State University, Magna Cum Laude.<\/p>\n              <\/div>\n            <\/div>\n          <\/div>\n                              <div class=\"single-accordion\">\n            <div class=\"accordion-heading\" id=\"heading-5\">\n              <button class=\"accordion-track collapsed\" type=\"button\" data-toggle=\"collapse\"\n                data-target=\"#collapse-5\" aria-expanded=\"false\"\n                aria-controls=\"collapse-5\">\n                <div class=\"heading-wrapper\">\n                                    <h3 class=\"accordion-track\">CLAIRE FIDDIAN-VERDE<\/h3>\n                                                      <h4>Presidente<\/h4>\n                                  <\/div>\n                <div class=\"accordion-icon-wrapper\">\n                  <div class=\"accordion-icon\"><\/div>\n                  <div class=\"accordion-icon\"><\/div>\n                <\/div>\n              <\/button>\n            <\/div>\n            <div class=\"accordion-content-wrapper collapse\" id=\"collapse-5\" aria-labelledby=\"heading-5\"\n              data-parent=\"#accordion-rmff-accordion-block_c9282ace7b1f248818c3e2eb51abd090\">\n              <div class=\"accordion-content\">\n                <p><span data-contrast=\"auto\">Claire J. Fiddian-Green ingressou na Funda\u00e7\u00e3o Richard M. Fairbanks como Presidente e Diretora Executiva em 2015. Nessa fun\u00e7\u00e3o, ela colabora com o Conselho de Administra\u00e7\u00e3o para definir os objetivos e estrat\u00e9gias de financiamento da Funda\u00e7\u00e3o e supervisiona a implementa\u00e7\u00e3o da miss\u00e3o e opera\u00e7\u00f5es da Funda\u00e7\u00e3o. .\u00a0<\/span><span data-ccp-props=\"{&quot;134233279&quot;:true}\">\u00a0<\/span><\/p>\n<p><span data-contrast=\"auto\">Anteriormente, Fiddian-Green atuou como assistente especial para inova\u00e7\u00e3o educacional do governador de Indiana, Mike Pence, e cofundador do Centro para educa\u00e7\u00e3o e inova\u00e7\u00e3o de carreira. Fiddian-Green tamb\u00e9m atuou como Diretor Executivo fundador do Indiana Charter School Board, uma ag\u00eancia estadual de autoriza\u00e7\u00e3o de escolas charter. Fun\u00e7\u00f5es anteriores incluem Presidente do The Mind Trust, Oficial de Subven\u00e7\u00f5es da Funda\u00e7\u00e3o Richard M. Fairbanks e Analista S\u00eanior do grupo Corporate Finance Investment Banking da Eli Lilly &amp; Company.\u00a0<\/span><span data-ccp-props=\"{&quot;134233279&quot;:true}\">\u00a0<\/span><\/p>\n<p><span data-contrast=\"auto\">Fiddian-Green possui bacharelado pela Brown University e MBA pela Columbia University. Em 2024, ela recebeu o t\u00edtulo de Doutor Honor\u00e1rio em Educa\u00e7\u00e3o pela Marian University. Ela \u00e9 membro da Classe XXXIV da S\u00e9rie de Lideran\u00e7a Executiva Stanley K. Lacy e foi nomeada duas vezes para <\/span><span data-contrast=\"auto\">A edi\u00e7\u00e3o anual da IBJ Media de <\/span><i><span data-contrast=\"auto\">Indiana 250<\/span><\/i><span data-contrast=\"auto\">, uma lista dos \u201cl\u00edderes mais influentes e impactantes\u201d do estado.<\/span><span data-contrast=\"auto\"> Em 2022, <\/span><span data-contrast=\"auto\">ela <\/span><span data-contrast=\"auto\">foi reconhecido entre os IBJ&#039;s <\/span><i><span data-contrast=\"auto\">2022 Mulheres de Influ\u00eancia<\/span><\/i><span data-contrast=\"auto\">, e ela tamb\u00e9m <\/span><span data-contrast=\"auto\">recebeu o pr\u00eamio Circle of Hope do Community Fairbanks Recovery Center por contribui\u00e7\u00f5es not\u00e1veis no campo do v\u00edcio.<\/span><span data-ccp-props=\"{&quot;134233279&quot;:true}\">\u00a0<\/span><\/p>\n<p><span data-contrast=\"auto\">Fiddian-Green atua no Conselho e no Comit\u00ea Executivo da C\u00e2mara Indy, onde tamb\u00e9m preside o Conselho de Pol\u00edtica de Sa\u00fade. Ela atua nos conselhos da Central Indiana Corporate Partnership, Regenstrief Institute e CareerWise USA. Ela atuou como presidente do The Economic Club of Indiana na temporada 2017-2018 e \u00e9 atual membro do Conselho e do Comit\u00ea Executivo. Ela tamb\u00e9m atuou como copresidente do Comit\u00ea de Impacto do Legado para o 2022 Indy College Football Playoff, Inc. e foi membro do Conselho e do Comit\u00ea Executivo de 2018 a 2022. De 2017 a 2024, Fiddian-Green atuou no Conselho de a Mitch Daniels Leadership Foundation, inclusive como presidente de 2021 a 2023. Em novembro de 2020, ela foi nomeada copresidente do Grupo de Trabalho de Oportunidades de Aprendizagem e Talento do Comit\u00ea de Equidade Empresarial para Indy, uma iniciativa conjunta da Central Indiana Corporate Partnership e do A C\u00e2mara Indy, em parceria com a Liga Urbana de Indian\u00e1polis, concentrou-se em abordar as desigualdades raciais no centro de Indiana. Ela tamb\u00e9m atua no Comit\u00ea de Gest\u00e3o de Business Equity for Indy. Em 2023, <\/span><span data-contrast=\"auto\">ela se tornou<\/span><span data-contrast=\"auto\"> copresidente do CEMETS iLab Indiana, uma coaliz\u00e3o de l\u00edderes que busca ampliar a aprendizagem moderna para jovens e garantir que todos os Hoosiers tenham acesso a op\u00e7\u00f5es de educa\u00e7\u00e3o e treinamento de alta qualidade.<\/span><span data-ccp-props=\"{&quot;134233279&quot;:true,&quot;335559739&quot;:0}\">\u00a0<\/span><\/p>\n              <\/div>\n            <\/div>\n          <\/div>\n                              <div class=\"single-accordion\">\n            <div class=\"accordion-heading\" id=\"heading-6\">\n              <button class=\"accordion-track collapsed\" type=\"button\" data-toggle=\"collapse\"\n                data-target=\"#collapse-6\" aria-expanded=\"false\"\n                aria-controls=\"collapse-6\">\n                <div class=\"heading-wrapper\">\n                                    <h3 class=\"accordion-track\">RICO FRANCIS<\/h3>\n                                                      <h4>Oficial de Programa<\/h4>\n                                  <\/div>\n                <div class=\"accordion-icon-wrapper\">\n                  <div class=\"accordion-icon\"><\/div>\n                  <div class=\"accordion-icon\"><\/div>\n                <\/div>\n              <\/button>\n            <\/div>\n            <div class=\"accordion-content-wrapper collapse\" id=\"collapse-6\" aria-labelledby=\"heading-6\"\n              data-parent=\"#accordion-rmff-accordion-block_c9282ace7b1f248818c3e2eb51abd090\">\n              <div class=\"accordion-content\">\n                <p data-ogsc=\"rgb(0, 0, 0)\" data-olk-copy-source=\"MessageBody\">Rico Francis joined the Richard M. Fairbanks Foundation in 2025 as a Program Officer. In his role, he manages grantee relationships and guides nonprofit organizations through the entire application process, from concept development through presentation of proposals and evaluation of results. Prior to joining the Foundation, Francis worked at Pacers Sports &amp; Entertainment as the first Pacers Foundation Social Impact Director. Previously, he held consulting roles with TNTP.<\/p>\n<p data-ogsc=\"rgb(0, 0, 0)\">Francis is the recipient of several notable honors and awards, including the Indiana Latino Institute\u2019s 2024 Rising Latino Stars in Their 20s award, 2024 Indianapolis Public Schools Community Partner in Action award, and the Community Alliance of the Far Eastside\u2019s Way Maker award. Francis holds a Bachelor of Arts in communication studies from Christopher Newport University. <span data-olk-copy-source=\"MessageBody\">He completed the Mutz Philanthropic Leadership Institute in 2025.\u00a0<\/span><\/p>\n              <\/div>\n            <\/div>\n          <\/div>\n                              <div class=\"single-accordion\">\n            <div class=\"accordion-heading\" id=\"heading-7\">\n              <button class=\"accordion-track collapsed\" type=\"button\" data-toggle=\"collapse\"\n                data-target=\"#collapse-7\" aria-expanded=\"false\"\n                aria-controls=\"collapse-7\">\n                <div class=\"heading-wrapper\">\n                                    <h3 class=\"accordion-track\">TRACI JOHNSON<\/h3>\n                                                      <h4>Administrador do programa<\/h4>\n                                  <\/div>\n                <div class=\"accordion-icon-wrapper\">\n                  <div class=\"accordion-icon\"><\/div>\n                  <div class=\"accordion-icon\"><\/div>\n                <\/div>\n              <\/button>\n            <\/div>\n            <div class=\"accordion-content-wrapper collapse\" id=\"collapse-7\" aria-labelledby=\"heading-7\"\n              data-parent=\"#accordion-rmff-accordion-block_c9282ace7b1f248818c3e2eb51abd090\">\n              <div class=\"accordion-content\">\n                <p>Traci Johnson ingressou na Funda\u00e7\u00e3o Richard M. Fairbanks como Administradora do Programa em 2022. Nessa fun\u00e7\u00e3o, ela supervisiona os processos e procedimentos de concess\u00e3o de doa\u00e7\u00f5es para a Funda\u00e7\u00e3o. Antes de vir para a Funda\u00e7\u00e3o, Johnson trabalhou no Departamento de Sa\u00fade de Indiana na Divis\u00e3o de HIV, DST e Hepatites Virais. Johnson possui mestrado em Servi\u00e7o P\u00fablico pela Clinton School of Public Service e bacharelado em franc\u00eas, estudos internacionais e ci\u00eancias pol\u00edticas pela University of Southern Indiana.<\/p>\n              <\/div>\n            <\/div>\n          <\/div>\n                              <div class=\"single-accordion\">\n            <div class=\"accordion-heading\" id=\"heading-8\">\n              <button class=\"accordion-track collapsed\" type=\"button\" data-toggle=\"collapse\"\n                data-target=\"#collapse-8\" aria-expanded=\"false\"\n                aria-controls=\"collapse-8\">\n                <div class=\"heading-wrapper\">\n                                    <h3 class=\"accordion-track\">KEVIN KESSINGER<\/h3>\n                                                      <h4>Diretor financeiro<\/h4>\n                                  <\/div>\n                <div class=\"accordion-icon-wrapper\">\n                  <div class=\"accordion-icon\"><\/div>\n                  <div class=\"accordion-icon\"><\/div>\n                <\/div>\n              <\/button>\n            <\/div>\n            <div class=\"accordion-content-wrapper collapse\" id=\"collapse-8\" aria-labelledby=\"heading-8\"\n              data-parent=\"#accordion-rmff-accordion-block_c9282ace7b1f248818c3e2eb51abd090\">\n              <div class=\"accordion-content\">\n                <p>Kevin Kessinger ingressou na Funda\u00e7\u00e3o Richard M. Fairbanks em 2016 como Tesoureiro e Diretor Financeiro. Nesta fun\u00e7\u00e3o, ele \u00e9 o principal respons\u00e1vel por todas as atividades financeiras, de investimento e operacionais da Funda\u00e7\u00e3o, incluindo recursos humanos e tecnologia da informa\u00e7\u00e3o. Mais recentemente, Kessinger atuou como Vice-Presidente Associado de Finan\u00e7as e Administra\u00e7\u00e3o na DePauw University, onde supervisionou fun\u00e7\u00f5es financeiras e cont\u00e1beis, incluindo contas a pagar, contas estudantis, contabilidade, or\u00e7amento, contabilidade de doa\u00e7\u00f5es e gest\u00e3o de seguros e riscos. Kessinger recebeu seu diploma de bacharel em contabilidade pela Indiana University Bloomington e seu mestrado em administra\u00e7\u00e3o de empresas, Cum Laude, com concentra\u00e7\u00e3o em finan\u00e7as corporativas pela University of Notre Dame. Anteriormente, Kessinger atuou como Controller no Rose-Hulman Institute of Technology.<\/p>\n              <\/div>\n            <\/div>\n          <\/div>\n                              <div class=\"single-accordion\">\n            <div class=\"accordion-heading\" id=\"heading-9\">\n              <button class=\"accordion-track collapsed\" type=\"button\" data-toggle=\"collapse\"\n                data-target=\"#collapse-9\" aria-expanded=\"false\"\n                aria-controls=\"collapse-9\">\n                <div class=\"heading-wrapper\">\n                                    <h3 class=\"accordion-track\">KAMI NIELSEN<\/h3>\n                                                      <h4>Senior Director of Programs<\/h4>\n                                  <\/div>\n                <div class=\"accordion-icon-wrapper\">\n                  <div class=\"accordion-icon\"><\/div>\n                  <div class=\"accordion-icon\"><\/div>\n                <\/div>\n              <\/button>\n            <\/div>\n            <div class=\"accordion-content-wrapper collapse\" id=\"collapse-9\" aria-labelledby=\"heading-9\"\n              data-parent=\"#accordion-rmff-accordion-block_c9282ace7b1f248818c3e2eb51abd090\">\n              <div class=\"accordion-content\">\n                <p>Kami Nielsen joined the Richard M. Fairbanks Foundation in 2019. In her role, she develops and leads strategic grantmaking activities and initiatives, manages grantee and stakeholder relationships, and supports organizations through the proposal process. Prior to joining the Foundation, Nielsen worked in Washington, DC at The Education Trust and the Center for American Progress. Nielsen holds a Bachelor of Science and a Master of Public Affairs from Indiana University\u2019s O&#8217;Neill School of Public and Environmental Affairs &#8211; Bloomington. Nielsen completed the Mutz Philanthropic Leadership Institute in 2022 and is a member of Class XLVIII of the Stanley K. Lacy Executive Leadership Series.<\/p>\n              <\/div>\n            <\/div>\n          <\/div>\n                              <div class=\"single-accordion\">\n            <div class=\"accordion-heading\" id=\"heading-10\">\n              <button class=\"accordion-track collapsed\" type=\"button\" data-toggle=\"collapse\"\n                data-target=\"#collapse-10\" aria-expanded=\"false\"\n                aria-controls=\"collapse-10\">\n                <div class=\"heading-wrapper\">\n                                    <h3 class=\"accordion-track\">ELLEN QUIGLEY<\/h3>\n                                                      <h4>Vice-presidente e diretor de doa\u00e7\u00f5es<\/h4>\n                                  <\/div>\n                <div class=\"accordion-icon-wrapper\">\n                  <div class=\"accordion-icon\"><\/div>\n                  <div class=\"accordion-icon\"><\/div>\n                <\/div>\n              <\/button>\n            <\/div>\n            <div class=\"accordion-content-wrapper collapse\" id=\"collapse-10\" aria-labelledby=\"heading-10\"\n              data-parent=\"#accordion-rmff-accordion-block_c9282ace7b1f248818c3e2eb51abd090\">\n              <div class=\"accordion-content\">\n                <p>Como vice-presidente e diretora de doa\u00e7\u00f5es, Ellen Quigley trabalha em estreita colabora\u00e7\u00e3o com o presidente e CEO da Funda\u00e7\u00e3o para desenvolver e refinar as estrat\u00e9gias da Funda\u00e7\u00e3o dentro de suas \u00e1reas de foco. Ela tamb\u00e9m supervisiona a implementa\u00e7\u00e3o dessas estrat\u00e9gias por meio das atividades de concess\u00e3o de doa\u00e7\u00f5es e de aprendizagem e avalia\u00e7\u00e3o da Funda\u00e7\u00e3o.<\/p>\n<p>Prior to joining the Foundation in 2010, Quigley was Chief of Staff for the Office of Congressman Andre Carson and Deputy Mayor for Community Affairs with the City of Indianapolis under Mayor Bart Peterson. In these roles, Quigley was heavily involved in policy development and community engagement in the areas of health and education. Other experience includes leadership of the Greater Indianapolis Progress Committee, a non-profit organization dedicated to convening business and community leaders to conduct best practice research and make recommendations to the Mayor to help solve Indianapolis\u2019 most pressing issues. Before entering public service, Quigley practiced law for several years at two law firms and was law clerk for a federal district judge in Indiana.\u00a0 Throughout her career, Quigley has also been an active member of the Indianapolis non-profit community, serving as board member for a variety of non-profit organizations and on the Health and Hospital Corporation Board of Trustees. She currently serves on the Indiana Nonprofits Project Advisory Board and several philanthropy-related initiatives. Ellen holds a Juris Doctor degree, Summa Cum Laude, from the Indiana University Robert H. McKinney School of Law.<\/p>\n              <\/div>\n            <\/div>\n          <\/div>\n                              <div class=\"single-accordion\">\n            <div class=\"accordion-heading\" id=\"heading-11\">\n              <button class=\"accordion-track collapsed\" type=\"button\" data-toggle=\"collapse\"\n                data-target=\"#collapse-11\" aria-expanded=\"false\"\n                aria-controls=\"collapse-11\">\n                <div class=\"heading-wrapper\">\n                                    <h3 class=\"accordion-track\">SARAH SULLIVAN<\/h3>\n                                                      <h4>Oficial de Programa<\/h4>\n                                  <\/div>\n                <div class=\"accordion-icon-wrapper\">\n                  <div class=\"accordion-icon\"><\/div>\n                  <div class=\"accordion-icon\"><\/div>\n                <\/div>\n              <\/button>\n            <\/div>\n            <div class=\"accordion-content-wrapper collapse\" id=\"collapse-11\" aria-labelledby=\"heading-11\"\n              data-parent=\"#accordion-rmff-accordion-block_c9282ace7b1f248818c3e2eb51abd090\">\n              <div class=\"accordion-content\">\n                <p>Sarah Sullivan ingressou na Funda\u00e7\u00e3o Richard M. Fairbanks como Diretora de Programa em 2015, depois de atuar como Diretora Adjunta de Inscri\u00e7\u00f5es do Indiana Charter School Board, a ag\u00eancia estadual de autoriza\u00e7\u00e3o de escolas charter. Em sua fun\u00e7\u00e3o na Funda\u00e7\u00e3o, ela gerencia relacionamentos com benefici\u00e1rios e orienta organiza\u00e7\u00f5es sem fins lucrativos durante todo o processo de inscri\u00e7\u00e3o, desde o desenvolvimento do conceito at\u00e9 a apresenta\u00e7\u00e3o de propostas e avalia\u00e7\u00e3o de resultados. Sullivan \u00e9 membro da Classe XLII da Stanley K. Lacy Executive Leadership Series e possui bacharelado em artes pela DePauw University.<\/p>\n              <\/div>\n            <\/div>\n          <\/div>\n                              <div class=\"single-accordion\">\n            <div class=\"accordion-heading\" id=\"heading-12\">\n              <button class=\"accordion-track collapsed\" type=\"button\" data-toggle=\"collapse\"\n                data-target=\"#collapse-12\" aria-expanded=\"false\"\n                aria-controls=\"collapse-12\">\n                <div class=\"heading-wrapper\">\n                                    <h3 class=\"accordion-track\">EMILYN WHITESELL<\/h3>\n                                                      <h4>Diretor S\u00eanior de Aprendizagem e Avalia\u00e7\u00e3o<\/h4>\n                                  <\/div>\n                <div class=\"accordion-icon-wrapper\">\n                  <div class=\"accordion-icon\"><\/div>\n                  <div class=\"accordion-icon\"><\/div>\n                <\/div>\n              <\/button>\n            <\/div>\n            <div class=\"accordion-content-wrapper collapse\" id=\"collapse-12\" aria-labelledby=\"heading-12\"\n              data-parent=\"#accordion-rmff-accordion-block_c9282ace7b1f248818c3e2eb51abd090\">\n              <div class=\"accordion-content\">\n                <div class=\"x_elementToProof\" data-ogsc=\"rgb(33, 37, 41)\"><span data-ogsc=\"\" data-ogsb=\"rgb(255, 255, 255)\" data-olk-copy-source=\"MessageBody\">Emilyn Whitesell joined the Richard M. Fairbanks Foundation in 2019. In her role, she collaborates with Foundation staff, grantees, and other stakeholders to ground the Foundation\u2019s work in high-quality research and data. Whitesell came to the Foundation from Mathematica, where she conducted research projects for federal, nonprofit, and foundation clients, focusing primarily on education policy and program evaluation. A former Indianapolis Public Schools teacher and Teach For America corps member, Whitesell holds a Bachelor of Science in business from Indiana University, a Master of Arts in teaching from Marian University,\u00a0and a Doctor of Philosophy in public administration from New York University.\u00a0She completed the Tobias Fellowship through Indiana University in 2024 and was recognized in\u00a0the Indianapolis Business Journal\u2019s Forty Under 40 class of 2024.<\/span><\/div>\n              <\/div>\n            <\/div>\n          <\/div>\n                              <div class=\"single-accordion\">\n            <div class=\"accordion-heading\" id=\"heading-13\">\n              <button class=\"accordion-track collapsed\" type=\"button\" data-toggle=\"collapse\"\n                data-target=\"#collapse-13\" aria-expanded=\"false\"\n                aria-controls=\"collapse-13\">\n                <div class=\"heading-wrapper\">\n                                    <h3 class=\"accordion-track\">MADELINE SELVAGEM<\/h3>\n                                                      <h4>Gerente de An\u00e1lise<\/h4>\n                                  <\/div>\n                <div class=\"accordion-icon-wrapper\">\n                  <div class=\"accordion-icon\"><\/div>\n                  <div class=\"accordion-icon\"><\/div>\n                <\/div>\n              <\/button>\n            <\/div>\n            <div class=\"accordion-content-wrapper collapse\" id=\"collapse-13\" aria-labelledby=\"heading-13\"\n              data-parent=\"#accordion-rmff-accordion-block_c9282ace7b1f248818c3e2eb51abd090\">\n              <div class=\"accordion-content\">\n                <p>Madeline Wild ingressou na Fairbanks Foundation em 2023 como Gerente de An\u00e1lise. Nesta fun\u00e7\u00e3o, ela colabora com o Diretor S\u00eanior de Aprendizagem e Avalia\u00e7\u00e3o e outros funcion\u00e1rios do Programa nas \u00e1reas de gest\u00e3o de dados, an\u00e1lise, visualiza\u00e7\u00e3o e pesquisa. Antes de ingressar na Funda\u00e7\u00e3o, Wild foi gerente de dados na RISE INDY, onde construiu ferramentas de dados, sistemas e pain\u00e9is. Antes disso, ela trabalhou como professora de ensino fundamental, m\u00e9dio e m\u00e9dio, ensinando diversas disciplinas, incluindo qu\u00edmica, estudos sociais e artes da l\u00edngua inglesa. Wild atualmente atua na equipe de administra\u00e7\u00e3o do grupo de usu\u00e1rios novatos do Tableau, onde auxilia em eventos e treinamentos para aqueles que s\u00e3o novos no uso do software Tableau e na comunidade de dados. Ela se formou Summa Cum Laude pela Universidade de Indiana, onde obteve o bacharelado em artes com honras em hist\u00f3ria da arte e o bacharelado em qu\u00edmica. Wild tamb\u00e9m possui certifica\u00e7\u00e3o de transi\u00e7\u00e3o para ensino de p\u00f3s-gradua\u00e7\u00e3o pela Taylor University e mestrado em educa\u00e7\u00e3o em curr\u00edculo e instru\u00e7\u00e3o pela Purdue University.<\/p>\n              <\/div>\n            <\/div>\n          <\/div>\n                            <\/div>\n      <\/div>\n    <\/div>\n<\/section>\n\n\n<div style=\"height:45px\" aria-hidden=\"true\" class=\"wp-block-spacer\"><\/div>\n\n\n<style>\nlabel {\n  color: white;\n}\n<\/style>\n\n<section id=\"newsletter-signup-block_3adb2df1df6be11b0e16590f9d895fe8\" class=\"newsletter-signup-wrapper-new\">\n  <div class=\"container\">\n    <div class=\"row\">\n      <div class=\"col-12 col-lg-5\">\n        <div class=\"signup-content-wrapper\">\n          <div class=\"headline-content\">\n            <h2>Assine a nossa newsletter<\/h2>\n          <\/div>\n          <div class=\"signup-content\">\n            <p>Receba atualiza\u00e7\u00f5es da Funda\u00e7\u00e3o diretamente em sua caixa de entrada.<\/p>\n          <\/div>\n        <\/div>\n      <\/div>\n      <div class=\"col-12 col-lg-7\">\n        <div class=\"signup-form-wrapper\">\n          <div class=\"signup-form\">\n            <link rel='stylesheet' id='formidable-css' defer href='http:\/\/old.rmff.wrhosting.net\/wp-content\/plugins\/formidable\/css\/formidableforms.css' type='text\/css' media='all' \/>\n<div class=\"frm_forms  with_frm_style frm_style_formidable-style\" id=\"frm_form_8_container\" >\n<form enctype=\"multipart\/form-data\" method=\"post\" class=\"frm-show-form  frm_pro_form\" id=\"form_newslettersignupnew\" action=\"\" >\n<div class=\"frm_form_fields\">\n<fieldset>\n<legend class=\"frm_screen_reader\">Inscri\u00e7\u00e3o no boletim informativo NOVO<\/legend>\r\n\r\n<div class=\"frm_fields_container\">\n<input type=\"hidden\" name=\"frm_action\" value=\"create\" \/>\n<input type=\"hidden\" name=\"form_id\" value=\"8\" \/>\n<input type=\"hidden\" name=\"frm_hide_fields_8\" id=\"frm_hide_fields_8\" value=\"\" \/>\n<input type=\"hidden\" name=\"form_key\" value=\"newslettersignupnew\" \/>\n<input type=\"hidden\" name=\"item_meta[0]\" value=\"\" \/>\n<input type=\"hidden\" id=\"frm_submit_entry_8\" name=\"frm_submit_entry_8\" value=\"5d8e6aa20b\" \/><input type=\"hidden\" name=\"_wp_http_referer\" value=\"\/pt\/wp-json\/wp\/v2\/pages\/909\" \/><div id=\"frm_field_39_container\" class=\"frm_form_field form-field  frm_required_field frm_none_container frm6 frm_first\">\r\n    <label for=\"field_bn3oh22\" id=\"field_bn3oh22_label\" class=\"frm_primary_label\">Primeiro nome\r\n        <span class=\"frm_required\" aria-hidden=\"true\">*<\/span>\r\n    <\/label>\r\n    <input  type=\"text\" id=\"field_bn3oh22\" name=\"item_meta[39]\" value=\"\"  placeholder=\"Primeiro nome *\" data-reqmsg=\"First Name cannot be blank.\" aria-required=\"true\" data-invmsg=\"Text is invalid\" aria-invalid=\"false\"   \/>\r\n    \r\n    \r\n<\/div>\n<div id=\"frm_field_40_container\" class=\"frm_form_field form-field  frm_required_field frm_none_container frm6\">\r\n    <label for=\"field_qe1zv\" id=\"field_qe1zv_label\" class=\"frm_primary_label\">Sobrenome\r\n        <span class=\"frm_required\" aria-hidden=\"true\">*<\/span>\r\n    <\/label>\r\n    <input  type=\"text\" id=\"field_qe1zv\" name=\"item_meta[40]\" value=\"\"  placeholder=\"Sobrenome *\" data-reqmsg=\"Last Name cannot be blank.\" aria-required=\"true\" data-invmsg=\"Text is invalid\" aria-invalid=\"false\"   \/>\r\n    \r\n    \r\n<\/div>\n<div id=\"frm_field_41_container\" class=\"frm_form_field form-field  frm_required_field frm_hidden_container frm12 frm_first\">\r\n    <label for=\"field_scto522\" id=\"field_scto522_label\" class=\"frm_primary_label\">E-mail\r\n        <span class=\"frm_required\" aria-hidden=\"true\">*<\/span>\r\n    <\/label>\r\n    <input type=\"email\" id=\"field_scto522\" name=\"item_meta[41]\" value=\"\"  placeholder=\"E-mail *\" data-reqmsg=\"Email cannot be blank.\" aria-required=\"true\" data-invmsg=\"Email is invalid\" aria-invalid=\"false\"  \/>\r\n    \r\n    \r\n<\/div>\n<div id=\"frm_field_42_container\" class=\"frm_form_field form-field  frm_none_container frm6 frm_first\">\r\n    <label for=\"field_lx3lq\" id=\"field_lx3lq_label\" class=\"frm_primary_label\">Cargo\r\n        <span class=\"frm_required\" aria-hidden=\"true\"><\/span>\r\n    <\/label>\r\n    <input  type=\"text\" id=\"field_lx3lq\" name=\"item_meta[42]\" value=\"\"  placeholder=\"Cargo\" data-invmsg=\"Text is invalid\" aria-invalid=\"false\"   \/>\r\n    \r\n    \r\n<\/div>\n<div id=\"frm_field_43_container\" class=\"frm_form_field form-field  frm_none_container frm6\">\r\n    <label for=\"field_8xhsu\" id=\"field_8xhsu_label\" class=\"frm_primary_label\">Organiza\u00e7\u00e3o\r\n        <span class=\"frm_required\" aria-hidden=\"true\"><\/span>\r\n    <\/label>\r\n    <input  type=\"text\" id=\"field_8xhsu\" name=\"item_meta[43]\" value=\"\"  placeholder=\"Organiza\u00e7\u00e3o\" data-invmsg=\"Text is invalid\" aria-invalid=\"false\"   \/>\r\n    \r\n    \r\n<\/div>\n<div id=\"frm_field_53_container\" class=\"frm_form_field form-field\">\r\n\t<div class=\"frm_submit\" style=\"text-align: right;\">\r\n\r\n<button class=\"frm_button_submit frm_final_submit\" type=\"submit\"   formnovalidate=\"formnovalidate\">INSCREVER-SE<\/button>\r\n\r\n<\/div>\r\n<\/div>\n\t<input type=\"hidden\" name=\"item_key\" value=\"\" \/>\n\t\t\t<div id=\"frm_field_67_container\">\n\t\t\t<label for=\"field_yxmeq\" >\n\t\t\t\tSe voc\u00ea for humano, deixe este campo em branco.\t\t\t<\/label>\n\t\t\t<input  id=\"field_yxmeq\" type=\"text\" class=\"frm_form_field form-field frm_verify\" name=\"item_meta[67]\" value=\"\"  \/>\n\t\t<\/div>\n\t\t<input name=\"frm_state\" type=\"hidden\" value=\"5zNPxgsYxU\/\/FZjACs3Ay0wOT8so+qbQR8kOqWOdaU831\/Gx91bxAzUfsmYbI12y\" \/><\/div>\n<\/fieldset>\n<\/div>\n\n<input type=\"hidden\" name=\"trp-form-language\" value=\"pt\"\/><\/form>\n<\/div>\n          <\/div>\n        <\/div>\n      <\/div>\n    <\/div>\n  <\/div>\n<\/section>\n\n\n<div style=\"height:60px\" aria-hidden=\"true\" class=\"wp-block-spacer\"><\/div>","protected":false},"excerpt":{"rendered":"","protected":false},"author":7,"featured_media":0,"parent":903,"menu_order":20,"comment_status":"closed","ping_status":"closed","template":"","meta":{"_acf_changed":false,"footnotes":""},"class_list":["post-909","page","type-page","status-publish","hentry"],"acf":[],"yoast_head":"<!-- This site is optimized with the Yoast SEO plugin v26.0 - https:\/\/yoast.com\/wordpress\/plugins\/seo\/ -->\n<title>Staff - Richard M. Fairbanks Foundation<\/title>\n<meta name=\"description\" content=\"Get to know the staff of the Richard M. Fairbanks Foundation by clicking here.\" \/>\n<meta name=\"robots\" content=\"index, follow, max-snippet:-1, max-image-preview:large, max-video-preview:-1\" \/>\n<link rel=\"canonical\" href=\"https:\/\/old.rmff.wrhosting.net\/pt\/who-we-are\/staff\/\" \/>\n<meta property=\"og:locale\" content=\"pt_PT\" \/>\n<meta property=\"og:type\" content=\"article\" \/>\n<meta property=\"og:title\" content=\"Staff - Richard M. Fairbanks Foundation\" \/>\n<meta property=\"og:description\" content=\"Get to know the staff of the Richard M. Fairbanks Foundation by clicking here.\" \/>\n<meta property=\"og:url\" content=\"https:\/\/old.rmff.wrhosting.net\/pt\/who-we-are\/staff\/\" \/>\n<meta property=\"og:site_name\" content=\"Richard M. Fairbanks Foundation\" \/>\n<meta property=\"article:modified_time\" content=\"2025-12-03T19:31:35+00:00\" \/>\n<meta name=\"twitter:card\" content=\"summary_large_image\" \/>\n<script type=\"application\/ld+json\" class=\"yoast-schema-graph\">{\"@context\":\"https:\/\/schema.org\",\"@graph\":[{\"@type\":\"WebPage\",\"@id\":\"https:\/\/old.rmff.wrhosting.net\/who-we-are\/staff\/\",\"url\":\"https:\/\/old.rmff.wrhosting.net\/who-we-are\/staff\/\",\"name\":\"Staff - Richard M. Fairbanks Foundation\",\"isPartOf\":{\"@id\":\"https:\/\/old.rmff.wrhosting.net\/#website\"},\"datePublished\":\"2021-04-13T13:23:09+00:00\",\"dateModified\":\"2025-12-03T19:31:35+00:00\",\"description\":\"Get to know the staff of the Richard M. Fairbanks Foundation by clicking here.\",\"breadcrumb\":{\"@id\":\"https:\/\/old.rmff.wrhosting.net\/who-we-are\/staff\/#breadcrumb\"},\"inLanguage\":\"pt-PT\",\"potentialAction\":[{\"@type\":\"ReadAction\",\"target\":[\"https:\/\/old.rmff.wrhosting.net\/who-we-are\/staff\/\"]}]},{\"@type\":\"BreadcrumbList\",\"@id\":\"https:\/\/old.rmff.wrhosting.net\/who-we-are\/staff\/#breadcrumb\",\"itemListElement\":[{\"@type\":\"ListItem\",\"position\":1,\"name\":\"Home\",\"item\":\"https:\/\/old.rmff.wrhosting.net\/\"},{\"@type\":\"ListItem\",\"position\":2,\"name\":\"Who We Are\",\"item\":\"https:\/\/old.rmff.wrhosting.net\/es\/who-we-are\/\"},{\"@type\":\"ListItem\",\"position\":3,\"name\":\"Staff\"}]},{\"@type\":\"WebSite\",\"@id\":\"https:\/\/old.rmff.wrhosting.net\/#website\",\"url\":\"https:\/\/old.rmff.wrhosting.net\/\",\"name\":\"Richard M. Fairbanks Foundation\",\"description\":\"Advancing the vitality of Indianapolis and the well-being of its people.\",\"potentialAction\":[{\"@type\":\"SearchAction\",\"target\":{\"@type\":\"EntryPoint\",\"urlTemplate\":\"https:\/\/old.rmff.wrhosting.net\/?s={search_term_string}\"},\"query-input\":{\"@type\":\"PropertyValueSpecification\",\"valueRequired\":true,\"valueName\":\"search_term_string\"}}],\"inLanguage\":\"pt-PT\"}]}<\/script>\n<!-- \/ Yoast SEO plugin. -->","yoast_head_json":{"title":"Staff - Richard M. Fairbanks Foundation","description":"Get to know the staff of the Richard M. Fairbanks Foundation by clicking here.","robots":{"index":"index","follow":"follow","max-snippet":"max-snippet:-1","max-image-preview":"max-image-preview:large","max-video-preview":"max-video-preview:-1"},"canonical":"https:\/\/old.rmff.wrhosting.net\/pt\/who-we-are\/staff\/","og_locale":"pt_PT","og_type":"article","og_title":"Staff - Richard M. Fairbanks Foundation","og_description":"Get to know the staff of the Richard M. Fairbanks Foundation by clicking here.","og_url":"https:\/\/old.rmff.wrhosting.net\/pt\/who-we-are\/staff\/","og_site_name":"Richard M. Fairbanks Foundation","article_modified_time":"2025-12-03T19:31:35+00:00","twitter_card":"summary_large_image","schema":{"@context":"https:\/\/schema.org","@graph":[{"@type":"WebPage","@id":"https:\/\/old.rmff.wrhosting.net\/who-we-are\/staff\/","url":"https:\/\/old.rmff.wrhosting.net\/who-we-are\/staff\/","name":"Staff - Richard M. Fairbanks Foundation","isPartOf":{"@id":"https:\/\/old.rmff.wrhosting.net\/#website"},"datePublished":"2021-04-13T13:23:09+00:00","dateModified":"2025-12-03T19:31:35+00:00","description":"Get to know the staff of the Richard M. Fairbanks Foundation by clicking here.","breadcrumb":{"@id":"https:\/\/old.rmff.wrhosting.net\/who-we-are\/staff\/#breadcrumb"},"inLanguage":"pt-PT","potentialAction":[{"@type":"ReadAction","target":["https:\/\/old.rmff.wrhosting.net\/who-we-are\/staff\/"]}]},{"@type":"BreadcrumbList","@id":"https:\/\/old.rmff.wrhosting.net\/who-we-are\/staff\/#breadcrumb","itemListElement":[{"@type":"ListItem","position":1,"name":"Home","item":"https:\/\/old.rmff.wrhosting.net\/"},{"@type":"ListItem","position":2,"name":"Who We Are","item":"https:\/\/old.rmff.wrhosting.net\/es\/who-we-are\/"},{"@type":"ListItem","position":3,"name":"Staff"}]},{"@type":"WebSite","@id":"https:\/\/old.rmff.wrhosting.net\/#website","url":"https:\/\/old.rmff.wrhosting.net\/","name":"Funda\u00e7\u00e3o Richard M. Fairbanks","description":"Promovendo a vitalidade de Indian\u00e1polis e o bem-estar de seu povo.","potentialAction":[{"@type":"SearchAction","target":{"@type":"EntryPoint","urlTemplate":"https:\/\/old.rmff.wrhosting.net\/?s={search_term_string}"},"query-input":{"@type":"PropertyValueSpecification","valueRequired":true,"valueName":"search_term_string"}}],"inLanguage":"pt-PT"}]}},"_links":{"self":[{"href":"http:\/\/old.rmff.wrhosting.net\/pt\/wp-json\/wp\/v2\/pages\/909","targetHints":{"allow":["GET"]}}],"collection":[{"href":"http:\/\/old.rmff.wrhosting.net\/pt\/wp-json\/wp\/v2\/pages"}],"about":[{"href":"http:\/\/old.rmff.wrhosting.net\/pt\/wp-json\/wp\/v2\/types\/page"}],"author":[{"embeddable":true,"href":"http:\/\/old.rmff.wrhosting.net\/pt\/wp-json\/wp\/v2\/users\/7"}],"replies":[{"embeddable":true,"href":"http:\/\/old.rmff.wrhosting.net\/pt\/wp-json\/wp\/v2\/comments?post=909"}],"version-history":[{"count":90,"href":"http:\/\/old.rmff.wrhosting.net\/pt\/wp-json\/wp\/v2\/pages\/909\/revisions"}],"predecessor-version":[{"id":15667,"href":"http:\/\/old.rmff.wrhosting.net\/pt\/wp-json\/wp\/v2\/pages\/909\/revisions\/15667"}],"up":[{"embeddable":true,"href":"http:\/\/old.rmff.wrhosting.net\/pt\/wp-json\/wp\/v2\/pages\/903"}],"wp:attachment":[{"href":"http:\/\/old.rmff.wrhosting.net\/pt\/wp-json\/wp\/v2\/media?parent=909"}],"curies":[{"name":"wp","href":"https:\/\/api.w.org\/{rel}","templated":true}]}}