{"id":6531,"date":"2021-02-08T13:03:22","date_gmt":"2021-02-08T13:03:22","guid":{"rendered":"https:\/\/www.rmff.org\/?post_type=vitality-magazine&#038;p=6531"},"modified":"2022-03-09T21:23:16","modified_gmt":"2022-03-09T21:23:16","slug":"social-emotional-learning-and-skills-are-needed-for-success-in-school-and-beyond","status":"publish","type":"vitality-magazine","link":"http:\/\/old.rmff.wrhosting.net\/fr\/insights\/vitality-magazine\/social-emotional-learning-and-skills-are-needed-for-success-in-school-and-beyond\/","title":{"rendered":"L\u2019apprentissage et les comp\u00e9tences socio-\u00e9motionnelles sont n\u00e9cessaires pour r\u00e9ussir \u00e0 l\u2019\u00e9cole et au-del\u00e0"},"content":{"rendered":"<section class=\"block wordpress-block wordpress-paragraph core-paragraph\">\n<p id=\"block-287be31e-8581-41be-87aa-5ebea8ce1368\">En tant que surintendant du district scolaire m\u00e9tropolitain du canton de Wayne \u00e0 Indianapolis et leader de plus de 16\u00a0400 \u00e9l\u00e8ves et de 1\u00a0170 \u00e9ducateurs \u00e0 temps plein, le Dr Jeff Butts sait que les comp\u00e9tences sociales et la gestion \u00e9motionnelle sont essentielles \u00e0 la r\u00e9ussite des \u00e9l\u00e8ves \u00e0 l&#039;\u00e9cole et dans la vie.&nbsp;&nbsp;<\/p>\n<\/section>\n\n<section class=\"block wordpress-block wordpress-paragraph core-paragraph\">\n<p id=\"block-49ebc195-e7c6-4ab4-88d6-776391d98a77\">L&#039;apprentissage socio-\u00e9motionnel, \u00e9galement appel\u00e9 SEL, est le processus par lequel les enfants et les adultes comprennent et g\u00e8rent leurs \u00e9motions, fixent et atteignent des objectifs positifs, ressentent et font preuve d&#039;empathie envers les autres, \u00e9tablissent et entretiennent des relations positives et prennent des d\u00e9cisions responsables. Une enqu\u00eate r\u00e9cente men\u00e9e aupr\u00e8s de 762 \u00e9ducateurs a r\u00e9v\u00e9l\u00e9 que 80% estime que les \u00e9motions positives sont essentielles \u00e0 la r\u00e9ussite scolaire et que le bien-\u00eatre \u00e9motionnel est crucial pour d\u00e9velopper les comp\u00e9tences fondamentales en mati\u00e8re d&#039;alphab\u00e9tisation et de communication.&nbsp;&nbsp;<\/p>\n<\/section>\n\n<section class=\"container  block wordpress-block wordpress-columns core-columns\"><div class=\"row\"><div class=\"col-12\">\n<div class=\"wp-block-columns are-vertically-aligned-top is-layout-flex wp-container-core-columns-is-layout-9d6595d7 wp-block-columns-is-layout-flex\">\n<div class=\"wp-block-column is-vertically-aligned-top is-layout-flow wp-block-column-is-layout-flow\" style=\"flex-basis:66.66%\"><section class=\"block wordpress-block wordpress-paragraph core-paragraph\">\n<p>Le Dr Butts et les \u00e9ducateurs de son district sont depuis longtemps conscients de l&#039;impact n\u00e9gatif de l&#039;inqui\u00e9tude, de la peur, de la tension et de l&#039;appr\u00e9hension sur la capacit\u00e9 de leurs \u00e9l\u00e8ves \u00e0 terminer leurs cours et \u00e0 s&#039;engager activement \u00e0 l&#039;\u00e9cole. C&#039;est pourquoi la question du bien-\u00eatre mental et l&#039;introduction du SEL dans les programmes scolaires ont \u00e9t\u00e9 ses priorit\u00e9s au cours des deux derni\u00e8res ann\u00e9es, depuis qu&#039;elle a re\u00e7u un budget de 1,3 million de dollars. <em>La pr\u00e9vention, \u00e7a compte<\/em> subvention de la Fondation Richard M. Fairbanks. <\/p>\n<\/section>\n\n<section class=\"block wordpress-block wordpress-paragraph core-paragraph\">\n<p> Lanc\u00e9 en 2018, <a href=\"https:\/\/www.rmff.org\/preventionmatters\"><em>La pr\u00e9vention, \u00e7a compte<\/em><\/a><em> <\/em>offre aux \u00e9l\u00e8ves de la maternelle \u00e0 la 12e ann\u00e9e des programmes de pr\u00e9vention de la consommation de substances fond\u00e9s sur des donn\u00e9es probantes pour doter les \u00e9l\u00e8ves de comp\u00e9tences qui les aident \u00e0 \u00e9viter les drogues et l&#039;alcool tout en am\u00e9liorant leur r\u00e9ussite scolaire, leur assiduit\u00e9, leur comportement en classe et leur bien-\u00eatre social et \u00e9motionnel.   <\/p>\n<\/section><\/div>\n\n\n\n<div class=\"wp-block-column is-vertically-aligned-top is-layout-flow wp-block-column-is-layout-flow\" style=\"flex-basis:33.33%\"><section class=\"alignleft block wordpress-block wordpress-image core-image\">\n<div class=\"wp-block-image\"><figure class=\"alignleft size-full is-resized\"><img loading=\"lazy\" decoding=\"async\" src=\"https:\/\/www.rmff.org\/wp-content\/uploads\/2021\/02\/man-kids-smiling.jpeg\" alt=\"\" class=\"wp-image-10714\" width=\"293\" height=\"326\" srcset=\"https:\/\/old.rmff.wrhosting.net\/wp-content\/uploads\/2021\/02\/man-kids-smiling.jpeg 700w, https:\/\/old.rmff.wrhosting.net\/wp-content\/uploads\/2021\/02\/man-kids-smiling-269x300.jpeg 269w\" sizes=\"auto, (max-width: 293px) 100vw, 293px\" \/><\/figure><\/div>\n<\/section><\/div>\n<\/div>\n<\/div><\/div><\/section>\n\n<section class=\"block wordpress-block wordpress-paragraph core-paragraph\">\n<p>\u00ab Je suis tr\u00e8s heureux qu&#039;avec le soutien de la Fondation Richard M. Fairbanks, nous puissions r\u00e9pondre aux besoins de nos \u00e9l\u00e8ves, de nos enseignants et de notre communaut\u00e9, et faire du bien-\u00eatre social, \u00e9motionnel et comportemental une priorit\u00e9 financ\u00e9e dans le canton de Wayne \u00bb, a d\u00e9clar\u00e9 le Dr . \u00ab Et certes, m\u00eame si le besoin de gestion sociale et \u00e9motionnelle \u00e0 l\u2019\u00e9cole et dans la vie a toujours exist\u00e9, l\u2019ann\u00e9e 2020 a \u00e9t\u00e9 sans pr\u00e9c\u00e9dent dans la d\u00e9monstration de ce besoin. L&#039;Am\u00e9rique est \u00e0 la crois\u00e9e des chemins en ce qui concerne la mani\u00e8re dont notre soci\u00e9t\u00e9 aborde le bien-\u00eatre mental, et il est tout \u00e0 fait normal et appropri\u00e9 que nous assistions \u00e0 la peur de notre communaut\u00e9, en particulier pendant la pand\u00e9mie et notre appel \u00e0 un changement \u00e9quitable pour les personnes de couleur.  <\/p>\n<\/section>\n\n<section class=\"container  block wordpress-block wordpress-columns core-columns\"><div class=\"row\"><div class=\"col-12\">\n<div class=\"wp-block-columns is-layout-flex wp-container-core-columns-is-layout-9d6595d7 wp-block-columns-is-layout-flex\">\n<div class=\"wp-block-column is-layout-flow wp-block-column-is-layout-flow\"><section class=\"container  block wordpress-block wordpress-heading core-heading\"><div class=\"row\"><div class=\"col-12\">\n<h3 class=\"wp-block-heading\">\u00ab Nous devons \u00e9teindre cette stigmatisation dans la soci\u00e9t\u00e9. Si nous guidons les \u00e9l\u00e8ves dans la gestion \u00e9motionnelle, nous pr\u00e9parerons mieux nos jeunes \u00e0 l\u2019\u00e9cole et \u00e0 la vie et, \u00e0 terme, nous l\u2019esp\u00e9rons, nous verrons moins de membres de la communaut\u00e9 aux prises avec la toxicomanie et le suicide.<\/h3>\n<\/div><\/div><\/section><\/div>\n\n\n\n<div class=\"wp-block-column is-layout-flow wp-block-column-is-layout-flow\"><section class=\"block wordpress-block wordpress-paragraph core-paragraph\">\n<p>L&#039;anxi\u00e9t\u00e9 est le probl\u00e8me de bien-\u00eatre mental le plus r\u00e9pandu aux \u00c9tats-Unis et on s&#039;attend \u00e0 ce que davantage d&#039;Am\u00e9ricains se suicident cette ann\u00e9e que dans des accidents de voiture. Cela se voit \u00e9galement chez nos \u00e9tudiants. Dans l&#039;Indiana, le suicide est la deuxi\u00e8me cause de d\u00e9c\u00e8s chez les adolescents Hoosier. Avec Wayne Township <em>La pr\u00e9vention, \u00e7a compte<\/em> Gr\u00e2ce \u00e0 cette subvention, les enseignants apprennent \u00e0 int\u00e9grer des comp\u00e9tences de gestion \u00e9motionnelle dans leurs cours. Ils enseignent aux \u00e9tudiants que la sant\u00e9 mentale \u2013 prendre soin de soi et de ceux qu\u2019on aime \u2013 est une priorit\u00e9. Faire preuve de compassion, offrir de l\u2019aide et exprimer une positivit\u00e9 dans nos voix et nos expressions faciales peut nous aider, nous et les autres, \u00e0 g\u00e9rer les moments difficiles.&nbsp;<\/p>\n<\/section><\/div>\n<\/div>\n<\/div><\/div><\/section>\n\n<section class=\"block wordpress-block wordpress-paragraph core-paragraph\">\n<p>\u00ab Alors que beaucoup d\u2019entre nous sont \u00e0 l\u2019aise de reconna\u00eetre publiquement nos souffrances physiques, pour lesquelles nous cherchons presque toujours de l\u2019aide, nous sommes encore plus nombreux \u00e0 vivre en priv\u00e9 des souffrances mentales, pour lesquelles nous ne tendons presque jamais la main \u00bb, a d\u00e9clar\u00e9 le Dr Butts.&nbsp;<\/p>\n<\/section>\n\n<section class=\"block wordpress-block wordpress-paragraph core-paragraph\">\n<p><em>Pour en savoir plus sur le district scolaire m\u00e9tropolitain du canton de Wayne, visitez &nbsp;<a href=\"http:\/\/www.district.wayne.k12.in.us\/\" target=\"_blank\" rel=\"noreferrer noopener\">www.district.wayne.k12.in.us<\/a><\/em><\/p>\n<\/section>\n\n<section class=\"block wordpress-block wordpress-paragraph core-paragraph\">\n<p><em>Le Dr Butts est le surintendant du district scolaire m\u00e9tropolitain du canton de Wayne et administrateur de la subvention Prevention Matters de $1,3 million du district, qui lui a \u00e9t\u00e9 accord\u00e9e par la Fondation Richard M. Fairbanks en 2018.<\/em><\/p>\n<\/section>","protected":false},"excerpt":{"rendered":"<p>Le chef du district scolaire d&#039;Indianapolis explique comment ses \u00e9coles ont fait de l&#039;apprentissage socio-\u00e9motionnel (SEL) une priorit\u00e9 et l&#039;impact que cela a eu sur les \u00e9l\u00e8ves, en particulier pendant la pand\u00e9mie.<\/p>","protected":false},"author":7,"featured_media":10707,"parent":0,"menu_order":0,"comment_status":"closed","ping_status":"open","template":"","meta":{"_acf_changed":false,"footnotes":""},"magazine-category":[81],"class_list":["post-6531","vitality-magazine","type-vitality-magazine","status-publish","has-post-thumbnail","hentry","magazine-category-education"],"acf":[],"yoast_head":"<!-- This site is optimized with the Yoast SEO plugin v26.0 - https:\/\/yoast.com\/wordpress\/plugins\/seo\/ -->\n<title>Social Emotional Learning and Skills Are Needed for Success in School and Beyond - Richard M. Fairbanks Foundation<\/title>\n<meta name=\"description\" content=\"District leader shares how his schools have made social emotional learning (SEL) a priority and the impact that has had on students, especially during the pandemic.\" \/>\n<meta name=\"robots\" content=\"index, follow, max-snippet:-1, max-image-preview:large, max-video-preview:-1\" \/>\n<link rel=\"canonical\" href=\"https:\/\/old.rmff.wrhosting.net\/fr\/insights\/vitality-magazine\/social-emotional-learning-and-skills-are-needed-for-success-in-school-and-beyond\/\" \/>\n<meta property=\"og:locale\" content=\"fr_FR\" \/>\n<meta property=\"og:type\" content=\"article\" \/>\n<meta property=\"og:title\" content=\"Social Emotional Learning and Skills Are Needed for Success in School and Beyond - Richard M. Fairbanks Foundation\" \/>\n<meta property=\"og:description\" content=\"District leader shares how his schools have made social emotional learning (SEL) a priority and the impact that has had on students, especially during the pandemic.\" \/>\n<meta property=\"og:url\" content=\"https:\/\/old.rmff.wrhosting.net\/fr\/insights\/vitality-magazine\/social-emotional-learning-and-skills-are-needed-for-success-in-school-and-beyond\/\" \/>\n<meta property=\"og:site_name\" content=\"Richard M. Fairbanks Foundation\" \/>\n<meta property=\"article:modified_time\" content=\"2022-03-09T21:23:16+00:00\" \/>\n<meta property=\"og:image\" content=\"https:\/\/old.rmff.wrhosting.net\/wp-content\/uploads\/2021\/08\/1-Favorite-CW-08-13-19-4-scaled.jpg\" \/>\n\t<meta property=\"og:image:width\" content=\"2560\" \/>\n\t<meta property=\"og:image:height\" content=\"1707\" \/>\n\t<meta property=\"og:image:type\" content=\"image\/jpeg\" \/>\n<meta name=\"twitter:card\" content=\"summary_large_image\" \/>\n<meta name=\"twitter:label1\" content=\"Dur\u00e9e de lecture estim\u00e9e\" \/>\n\t<meta name=\"twitter:data1\" content=\"3 minutes\" \/>\n<script type=\"application\/ld+json\" class=\"yoast-schema-graph\">{\"@context\":\"https:\/\/schema.org\",\"@graph\":[{\"@type\":\"WebPage\",\"@id\":\"https:\/\/old.rmff.wrhosting.net\/insights\/vitality-magazine\/social-emotional-learning-and-skills-are-needed-for-success-in-school-and-beyond\/\",\"url\":\"https:\/\/old.rmff.wrhosting.net\/insights\/vitality-magazine\/social-emotional-learning-and-skills-are-needed-for-success-in-school-and-beyond\/\",\"name\":\"Social Emotional Learning and Skills Are Needed for Success in School and Beyond - Richard M. Fairbanks Foundation\",\"isPartOf\":{\"@id\":\"https:\/\/old.rmff.wrhosting.net\/#website\"},\"primaryImageOfPage\":{\"@id\":\"https:\/\/old.rmff.wrhosting.net\/insights\/vitality-magazine\/social-emotional-learning-and-skills-are-needed-for-success-in-school-and-beyond\/#primaryimage\"},\"image\":{\"@id\":\"https:\/\/old.rmff.wrhosting.net\/insights\/vitality-magazine\/social-emotional-learning-and-skills-are-needed-for-success-in-school-and-beyond\/#primaryimage\"},\"thumbnailUrl\":\"https:\/\/old.rmff.wrhosting.net\/wp-content\/uploads\/2021\/08\/1-Favorite-CW-08-13-19-4-scaled.jpg\",\"datePublished\":\"2021-02-08T13:03:22+00:00\",\"dateModified\":\"2022-03-09T21:23:16+00:00\",\"description\":\"District leader shares how his schools have made social emotional learning (SEL) a priority and the impact that has had on students, especially during the pandemic.\",\"breadcrumb\":{\"@id\":\"https:\/\/old.rmff.wrhosting.net\/insights\/vitality-magazine\/social-emotional-learning-and-skills-are-needed-for-success-in-school-and-beyond\/#breadcrumb\"},\"inLanguage\":\"fr-FR\",\"potentialAction\":[{\"@type\":\"ReadAction\",\"target\":[\"https:\/\/old.rmff.wrhosting.net\/insights\/vitality-magazine\/social-emotional-learning-and-skills-are-needed-for-success-in-school-and-beyond\/\"]}]},{\"@type\":\"ImageObject\",\"inLanguage\":\"fr-FR\",\"@id\":\"https:\/\/old.rmff.wrhosting.net\/insights\/vitality-magazine\/social-emotional-learning-and-skills-are-needed-for-success-in-school-and-beyond\/#primaryimage\",\"url\":\"https:\/\/old.rmff.wrhosting.net\/wp-content\/uploads\/2021\/08\/1-Favorite-CW-08-13-19-4-scaled.jpg\",\"contentUrl\":\"https:\/\/old.rmff.wrhosting.net\/wp-content\/uploads\/2021\/08\/1-Favorite-CW-08-13-19-4-scaled.jpg\",\"width\":2560,\"height\":1707},{\"@type\":\"BreadcrumbList\",\"@id\":\"https:\/\/old.rmff.wrhosting.net\/insights\/vitality-magazine\/social-emotional-learning-and-skills-are-needed-for-success-in-school-and-beyond\/#breadcrumb\",\"itemListElement\":[{\"@type\":\"ListItem\",\"position\":1,\"name\":\"Home\",\"item\":\"https:\/\/old.rmff.wrhosting.net\/\"},{\"@type\":\"ListItem\",\"position\":2,\"name\":\"Vitality Magazine\",\"item\":\"https:\/\/old.rmff.wrhosting.net\/zh\/insights\/vitality-magazine\/\"},{\"@type\":\"ListItem\",\"position\":3,\"name\":\"Social Emotional Learning and Skills Are Needed for Success in School and Beyond\"}]},{\"@type\":\"WebSite\",\"@id\":\"https:\/\/old.rmff.wrhosting.net\/#website\",\"url\":\"https:\/\/old.rmff.wrhosting.net\/\",\"name\":\"Richard M. Fairbanks Foundation\",\"description\":\"Advancing the vitality of Indianapolis and the well-being of its people.\",\"potentialAction\":[{\"@type\":\"SearchAction\",\"target\":{\"@type\":\"EntryPoint\",\"urlTemplate\":\"https:\/\/old.rmff.wrhosting.net\/?s={search_term_string}\"},\"query-input\":{\"@type\":\"PropertyValueSpecification\",\"valueRequired\":true,\"valueName\":\"search_term_string\"}}],\"inLanguage\":\"fr-FR\"}]}<\/script>\n<!-- \/ Yoast SEO plugin. -->","yoast_head_json":{"title":"Social Emotional Learning and Skills Are Needed for Success in School and Beyond - Richard M. Fairbanks Foundation","description":"District leader shares how his schools have made social emotional learning (SEL) a priority and the impact that has had on students, especially during the pandemic.","robots":{"index":"index","follow":"follow","max-snippet":"max-snippet:-1","max-image-preview":"max-image-preview:large","max-video-preview":"max-video-preview:-1"},"canonical":"https:\/\/old.rmff.wrhosting.net\/fr\/insights\/vitality-magazine\/social-emotional-learning-and-skills-are-needed-for-success-in-school-and-beyond\/","og_locale":"fr_FR","og_type":"article","og_title":"Social Emotional Learning and Skills Are Needed for Success in School and Beyond - Richard M. Fairbanks Foundation","og_description":"District leader shares how his schools have made social emotional learning (SEL) a priority and the impact that has had on students, especially during the pandemic.","og_url":"https:\/\/old.rmff.wrhosting.net\/fr\/insights\/vitality-magazine\/social-emotional-learning-and-skills-are-needed-for-success-in-school-and-beyond\/","og_site_name":"Richard M. Fairbanks Foundation","article_modified_time":"2022-03-09T21:23:16+00:00","og_image":[{"width":2560,"height":1707,"url":"https:\/\/old.rmff.wrhosting.net\/wp-content\/uploads\/2021\/08\/1-Favorite-CW-08-13-19-4-scaled.jpg","type":"image\/jpeg"}],"twitter_card":"summary_large_image","twitter_misc":{"Dur\u00e9e de lecture estim\u00e9e":"3 minutes"},"schema":{"@context":"https:\/\/schema.org","@graph":[{"@type":"WebPage","@id":"https:\/\/old.rmff.wrhosting.net\/insights\/vitality-magazine\/social-emotional-learning-and-skills-are-needed-for-success-in-school-and-beyond\/","url":"https:\/\/old.rmff.wrhosting.net\/insights\/vitality-magazine\/social-emotional-learning-and-skills-are-needed-for-success-in-school-and-beyond\/","name":"Social Emotional Learning and Skills Are Needed for Success in School and Beyond - Richard M. Fairbanks Foundation","isPartOf":{"@id":"https:\/\/old.rmff.wrhosting.net\/#website"},"primaryImageOfPage":{"@id":"https:\/\/old.rmff.wrhosting.net\/insights\/vitality-magazine\/social-emotional-learning-and-skills-are-needed-for-success-in-school-and-beyond\/#primaryimage"},"image":{"@id":"https:\/\/old.rmff.wrhosting.net\/insights\/vitality-magazine\/social-emotional-learning-and-skills-are-needed-for-success-in-school-and-beyond\/#primaryimage"},"thumbnailUrl":"https:\/\/old.rmff.wrhosting.net\/wp-content\/uploads\/2021\/08\/1-Favorite-CW-08-13-19-4-scaled.jpg","datePublished":"2021-02-08T13:03:22+00:00","dateModified":"2022-03-09T21:23:16+00:00","description":"District leader shares how his schools have made social emotional learning (SEL) a priority and the impact that has had on students, especially during the pandemic.","breadcrumb":{"@id":"https:\/\/old.rmff.wrhosting.net\/insights\/vitality-magazine\/social-emotional-learning-and-skills-are-needed-for-success-in-school-and-beyond\/#breadcrumb"},"inLanguage":"fr-FR","potentialAction":[{"@type":"ReadAction","target":["https:\/\/old.rmff.wrhosting.net\/insights\/vitality-magazine\/social-emotional-learning-and-skills-are-needed-for-success-in-school-and-beyond\/"]}]},{"@type":"ImageObject","inLanguage":"fr-FR","@id":"https:\/\/old.rmff.wrhosting.net\/insights\/vitality-magazine\/social-emotional-learning-and-skills-are-needed-for-success-in-school-and-beyond\/#primaryimage","url":"https:\/\/old.rmff.wrhosting.net\/wp-content\/uploads\/2021\/08\/1-Favorite-CW-08-13-19-4-scaled.jpg","contentUrl":"https:\/\/old.rmff.wrhosting.net\/wp-content\/uploads\/2021\/08\/1-Favorite-CW-08-13-19-4-scaled.jpg","width":2560,"height":1707},{"@type":"BreadcrumbList","@id":"https:\/\/old.rmff.wrhosting.net\/insights\/vitality-magazine\/social-emotional-learning-and-skills-are-needed-for-success-in-school-and-beyond\/#breadcrumb","itemListElement":[{"@type":"ListItem","position":1,"name":"Home","item":"https:\/\/old.rmff.wrhosting.net\/"},{"@type":"ListItem","position":2,"name":"Vitality Magazine","item":"https:\/\/old.rmff.wrhosting.net\/zh\/insights\/vitality-magazine\/"},{"@type":"ListItem","position":3,"name":"Social Emotional Learning and Skills Are Needed for Success in School and Beyond"}]},{"@type":"WebSite","@id":"https:\/\/old.rmff.wrhosting.net\/#website","url":"https:\/\/old.rmff.wrhosting.net\/","name":"Fondation Richard M. Fairbanks","description":"Faire progresser la vitalit\u00e9 d\u2019Indianapolis et le bien-\u00eatre de sa population.","potentialAction":[{"@type":"SearchAction","target":{"@type":"EntryPoint","urlTemplate":"https:\/\/old.rmff.wrhosting.net\/?s={search_term_string}"},"query-input":{"@type":"PropertyValueSpecification","valueRequired":true,"valueName":"search_term_string"}}],"inLanguage":"fr-FR"}]}},"_links":{"self":[{"href":"http:\/\/old.rmff.wrhosting.net\/fr\/wp-json\/wp\/v2\/vitality-magazine\/6531","targetHints":{"allow":["GET"]}}],"collection":[{"href":"http:\/\/old.rmff.wrhosting.net\/fr\/wp-json\/wp\/v2\/vitality-magazine"}],"about":[{"href":"http:\/\/old.rmff.wrhosting.net\/fr\/wp-json\/wp\/v2\/types\/vitality-magazine"}],"author":[{"embeddable":true,"href":"http:\/\/old.rmff.wrhosting.net\/fr\/wp-json\/wp\/v2\/users\/7"}],"replies":[{"embeddable":true,"href":"http:\/\/old.rmff.wrhosting.net\/fr\/wp-json\/wp\/v2\/comments?post=6531"}],"version-history":[{"count":5,"href":"http:\/\/old.rmff.wrhosting.net\/fr\/wp-json\/wp\/v2\/vitality-magazine\/6531\/revisions"}],"predecessor-version":[{"id":11631,"href":"http:\/\/old.rmff.wrhosting.net\/fr\/wp-json\/wp\/v2\/vitality-magazine\/6531\/revisions\/11631"}],"wp:featuredmedia":[{"embeddable":true,"href":"http:\/\/old.rmff.wrhosting.net\/fr\/wp-json\/wp\/v2\/media\/10707"}],"wp:attachment":[{"href":"http:\/\/old.rmff.wrhosting.net\/fr\/wp-json\/wp\/v2\/media?parent=6531"}],"wp:term":[{"taxonomy":"magazine-category","embeddable":true,"href":"http:\/\/old.rmff.wrhosting.net\/fr\/wp-json\/wp\/v2\/magazine-category?post=6531"}],"curies":[{"name":"wp","href":"https:\/\/api.w.org\/{rel}","templated":true}]}}